{"id":9064,"date":"2020-03-27T00:18:34","date_gmt":"2020-03-26T22:18:34","guid":{"rendered":"https:\/\/esperanza.ch\/?post_type=product&#038;p=9064"},"modified":"2024-11-15T16:14:56","modified_gmt":"2024-11-15T14:14:56","slug":"set-daccessoires-pour-systemes-de-lait-hp3","status":"publish","type":"product","link":"https:\/\/yithcompare.321dev.ch\/fr\/produit\/set-daccessoires-pour-systemes-de-lait-hp3\/","title":{"rendered":"Set d\u2019accessoires pour syst\u00e8mes de lait HP3"},"content":{"rendered":"<h2 style=\"font-size: 1.25em; display:none;\">Set d\u2019accessoires pour syst\u00e8mes de lait HP3<\/h2>\n<p><strong>D\u00e9couvrez si ce set d\u2019accessoires HP3 est adapt\u00e9 \u00e0 votre machine \u00e0 caf\u00e9.<br \/>\n<\/strong>Compatible avec:<\/p>\n<div id=\"pagelayout_0_pagetype_0_pagecontent_0_panExpandable\" class=\"block-expandable state-expanded\" data-init=\"expandable\" data-expandable-options=\"{&quot;modal&quot;:true}\">\n<div class=\"content\" data-expandable=\"content\">\n<ul>\n<li>E8 (SA) \/ E8 (SB) \/ E8 (SC) \/ E800 (2018)<\/li>\n<li>GIGA 10 (SA) \/ GIGA W10 (SA) \/ GIGA 6 \/ GIGA 6 (SA)<\/li>\n<li>J600 \/ J8 (SA) \/ J8 twin (SA)<\/li>\n<li>S8 \/ S8 (SA) \/ S8 (SB) \/ S80<\/li>\n<li>WE8 (2019ff)<\/li>\n<li>Z10 (SA) \/ Z6 \/ Z8<\/li>\n<\/ul>\n<p>Votre machine \u00e0 caf\u00e9 ne figure pas parmi celles mentionn\u00e9es ? S\u00e9lectionnez la variante HP1 ou HP2.<\/p>\n<\/div>\n<\/div>\n","protected":false},"excerpt":{"rendered":"<p>Toutes les machines automatiques qui pr\u00e9parent des sp\u00e9cialit\u00e9s de caf\u00e9 au lait sont \u00e9quip\u00e9es du set d\u2019accessoires pour syst\u00e8mes de lait. Dans des conditions normales d\u2019utilisation, il doit \u00eatre remplac\u00e9 tous les trois mois.<\/p>\n<p>Chaque set contient des tuyaux de lait, des raccords et des buses d\u2019aspiration. Les tuyaux de lait sont d\u00e9coupables selon les besoins.<\/p>\n<p>Suivant le syst\u00e8me de lait HP1, HP2 ou HP3, il est n\u00e9cessaire d\u2019utiliser un set d\u2019accessoires diff\u00e9rent.<\/p>\n","protected":false},"featured_media":52076,"comment_status":"closed","ping_status":"closed","template":"","meta":[],"product_brand":[],"product_cat":[421,397],"product_tag":[],"class_list":{"0":"post-9064","1":"product","2":"type-product","3":"status-publish","4":"has-post-thumbnail","6":"product_cat-accessoires-du-froid-pro","7":"product_cat-accessoires-du-froid","9":"first","10":"instock","11":"taxable","12":"shipping-taxable","13":"purchasable","14":"product-type-simple"},"_links":{"self":[{"href":"https:\/\/yithcompare.321dev.ch\/fr\/wp-json\/wp\/v2\/product\/9064","targetHints":{"allow":["GET"]}}],"collection":[{"href":"https:\/\/yithcompare.321dev.ch\/fr\/wp-json\/wp\/v2\/product"}],"about":[{"href":"https:\/\/yithcompare.321dev.ch\/fr\/wp-json\/wp\/v2\/types\/product"}],"replies":[{"embeddable":true,"href":"https:\/\/yithcompare.321dev.ch\/fr\/wp-json\/wp\/v2\/comments?post=9064"}],"wp:featuredmedia":[{"embeddable":true,"href":"https:\/\/yithcompare.321dev.ch\/fr\/wp-json\/wp\/v2\/media\/52076"}],"wp:attachment":[{"href":"https:\/\/yithcompare.321dev.ch\/fr\/wp-json\/wp\/v2\/media?parent=9064"}],"wp:term":[{"taxonomy":"product_brand","embeddable":true,"href":"https:\/\/yithcompare.321dev.ch\/fr\/wp-json\/wp\/v2\/product_brand?post=9064"},{"taxonomy":"product_cat","embeddable":true,"href":"https:\/\/yithcompare.321dev.ch\/fr\/wp-json\/wp\/v2\/product_cat?post=9064"},{"taxonomy":"product_tag","embeddable":true,"href":"https:\/\/yithcompare.321dev.ch\/fr\/wp-json\/wp\/v2\/product_tag?post=9064"}],"curies":[{"name":"wp","href":"https:\/\/api.w.org\/{rel}","templated":true}]}}