{"id":60240,"date":"2025-05-01T14:17:41","date_gmt":"2025-05-01T12:17:41","guid":{"rendered":"https:\/\/esperanza.ch\/?post_type=product&#038;p=60240"},"modified":"2025-05-02T19:06:39","modified_gmt":"2025-05-02T17:06:39","slug":"jura-s8-platine-sb-15487","status":"publish","type":"product","link":"https:\/\/yithcompare.321dev.ch\/fr\/produit\/jura-s8-platine-sb-15487\/","title":{"rendered":"JURA S8 Platine (SB)"},"content":{"rendered":"<div class=\"mod_pagetitle page-inner load-hidden\" data-init=\"pagetitle\" data-animate=\"basic\" data-sr-id=\"2\">\n<div class=\"block-title\">\n<p>La gamme compl\u00e8te des sp\u00e9cialit\u00e9s de caf\u00e9 r\u00e9ussies d&rsquo;une pression du doigt et avec une qualit\u00e9 exceptionnelle. La fonction Sweet Foam apporte une nouvelle dimension \u00e0 l&rsquo;univers des boissons chaudes en l&rsquo;enrichissant avec une mousse de lait d\u00e9licatement sucr\u00e9e. L&rsquo;\u00e9cran tactile 4,3\u00a0\u00bb, quant \u00e0 lui, permet une utilisation intuitive et facile. Pour une hygi\u00e8ne irr\u00e9prochable, le nettoyage One-Touch du syst\u00e8me de lait se d\u00e9clenche sur simple pression d&rsquo;une touche. De plus, il est possible de connecter la S8 au r\u00e9seau local via le Wi-Fi afin de b\u00e9n\u00e9ficier de tous les avantages de l&rsquo;application gratuite et r\u00e9guli\u00e8rement mise \u00e0 jour JURA Operating Experience (J.O.E.\u00ae).<\/p>\n<\/div>\n<\/div>\n","protected":false},"excerpt":{"rendered":"<h2 class=\"page-subtitle\" style=\"font-size: 1.25em;\"><strong>Innovation et plaisir s&rsquo;harmonisent dans l&rsquo;\u00e9l\u00e9gance<\/strong><\/h2>\n<p>L&rsquo;\u00e9l\u00e9gante S8 ravit autant les amateurs de caf\u00e9 que les inconditionnels de l&rsquo;esth\u00e9tique. Elle convainc d\u00e8s le premier regard avec un design sculptural, des mat\u00e9riaux nobles et des finitions soign\u00e9es qui sont la promesse d&rsquo;un go\u00fbt exceptionnel. Sa technologie innovante ouvre de nouvelles possibilit\u00e9s pour des plaisirs parfaits.<\/p>\n","protected":false},"featured_media":60362,"comment_status":"closed","ping_status":"closed","template":"","meta":[],"product_brand":[],"product_cat":[47],"product_tag":[],"class_list":{"0":"post-60240","1":"product","2":"type-product","3":"status-publish","4":"has-post-thumbnail","6":"product_cat-jura-monde-du-cafe-particuliers","8":"first","9":"instock","10":"taxable","11":"shipping-taxable","12":"purchasable","13":"product-type-simple"},"_links":{"self":[{"href":"https:\/\/yithcompare.321dev.ch\/fr\/wp-json\/wp\/v2\/product\/60240","targetHints":{"allow":["GET"]}}],"collection":[{"href":"https:\/\/yithcompare.321dev.ch\/fr\/wp-json\/wp\/v2\/product"}],"about":[{"href":"https:\/\/yithcompare.321dev.ch\/fr\/wp-json\/wp\/v2\/types\/product"}],"replies":[{"embeddable":true,"href":"https:\/\/yithcompare.321dev.ch\/fr\/wp-json\/wp\/v2\/comments?post=60240"}],"wp:featuredmedia":[{"embeddable":true,"href":"https:\/\/yithcompare.321dev.ch\/fr\/wp-json\/wp\/v2\/media\/60362"}],"wp:attachment":[{"href":"https:\/\/yithcompare.321dev.ch\/fr\/wp-json\/wp\/v2\/media?parent=60240"}],"wp:term":[{"taxonomy":"product_brand","embeddable":true,"href":"https:\/\/yithcompare.321dev.ch\/fr\/wp-json\/wp\/v2\/product_brand?post=60240"},{"taxonomy":"product_cat","embeddable":true,"href":"https:\/\/yithcompare.321dev.ch\/fr\/wp-json\/wp\/v2\/product_cat?post=60240"},{"taxonomy":"product_tag","embeddable":true,"href":"https:\/\/yithcompare.321dev.ch\/fr\/wp-json\/wp\/v2\/product_tag?post=60240"}],"curies":[{"name":"wp","href":"https:\/\/api.w.org\/{rel}","templated":true}]}}