{"id":54480,"date":"2024-10-22T15:50:45","date_gmt":"2024-10-22T13:50:45","guid":{"rendered":"https:\/\/esperanza.ch\/?post_type=product&#038;p=54480"},"modified":"2025-01-17T17:10:23","modified_gmt":"2025-01-17T15:10:23","slug":"chalamala-tote-bag","status":"publish","type":"product","link":"https:\/\/yithcompare.321dev.ch\/fr\/produit\/chalamala-tote-bag\/","title":{"rendered":"CHALAMALA &#8211; Tote bag"},"content":{"rendered":"<h3>Objectif z\u00e9ro d\u00e9chet &#8211; une nouvelle collaboration est n\u00e9e.<\/h3>\n<p>Nous sommes heureux de vous annoncer que nous nous sommes associ\u00e9s aux Ateliers Chalamala de Bulle pour vous proposer des articles confectionn\u00e9s avec des sacs en toile de jute. Ces derniers sont utilis\u00e9s pour le transport du caf\u00e9 vert et nous souhaitions leur donner une deuxi\u00e8me vie.<\/p>\n<p>Valoriser ces sacs nous tient \u00e0 coeur. Les Ateliers Chalamala qui font partie de la Fondation HorizonSud ont tout de suite r\u00e9pondu pr\u00e9sents. Ce sont les premiers pas d\u2019une nouvelle collaboration. Le c\u00f4t\u00e9 artistique, les comp\u00e9tences de chacun, l\u2019expression et le sens du travail bien fait, sont les ingr\u00e9dients des produits \u201c100% fait maison\u201d des ateliers prot\u00e9g\u00e9s de Bulle. Nous avons \u00e9t\u00e9 s\u00e9duits.<\/p>\n<h3>Valorisant en tout point.<\/h3>\n<ul>\n<li>Un concept qui contribue \u00e0 la diminution des d\u00e9chets<\/li>\n<li>Une source de liens sociaux et d\u2019identit\u00e9 personnelle.<\/li>\n<li>Chaque pi\u00e8ce est unique, r\u00e9fl\u00e9chie, utile et belle.<\/li>\n<li>Un travail particuli\u00e8rement soign\u00e9.<\/li>\n<\/ul>\n<p>&nbsp;<\/p>\n","protected":false},"excerpt":{"rendered":"<h2>Tote bag<\/h2>\n<p><strong>Chaque mod\u00e8le est unique.<\/strong><\/p>\n<p>Dimensions:<\/p>\n<ul>\n<li>Largeur: 40 cm<\/li>\n<li>Hauteur: 41 cm<\/li>\n<\/ul>\n<p>&nbsp;<\/p>\n","protected":false},"featured_media":55355,"comment_status":"open","ping_status":"closed","template":"","meta":[],"product_brand":[],"product_cat":[611],"product_tag":[],"class_list":{"0":"post-54480","1":"product","2":"type-product","3":"status-publish","4":"has-post-thumbnail","6":"product_cat-zero-dechet","8":"first","9":"instock","10":"taxable","11":"shipping-taxable","12":"purchasable","13":"product-type-variable"},"_links":{"self":[{"href":"https:\/\/yithcompare.321dev.ch\/fr\/wp-json\/wp\/v2\/product\/54480","targetHints":{"allow":["GET"]}}],"collection":[{"href":"https:\/\/yithcompare.321dev.ch\/fr\/wp-json\/wp\/v2\/product"}],"about":[{"href":"https:\/\/yithcompare.321dev.ch\/fr\/wp-json\/wp\/v2\/types\/product"}],"replies":[{"embeddable":true,"href":"https:\/\/yithcompare.321dev.ch\/fr\/wp-json\/wp\/v2\/comments?post=54480"}],"wp:featuredmedia":[{"embeddable":true,"href":"https:\/\/yithcompare.321dev.ch\/fr\/wp-json\/wp\/v2\/media\/55355"}],"wp:attachment":[{"href":"https:\/\/yithcompare.321dev.ch\/fr\/wp-json\/wp\/v2\/media?parent=54480"}],"wp:term":[{"taxonomy":"product_brand","embeddable":true,"href":"https:\/\/yithcompare.321dev.ch\/fr\/wp-json\/wp\/v2\/product_brand?post=54480"},{"taxonomy":"product_cat","embeddable":true,"href":"https:\/\/yithcompare.321dev.ch\/fr\/wp-json\/wp\/v2\/product_cat?post=54480"},{"taxonomy":"product_tag","embeddable":true,"href":"https:\/\/yithcompare.321dev.ch\/fr\/wp-json\/wp\/v2\/product_tag?post=54480"}],"curies":[{"name":"wp","href":"https:\/\/api.w.org\/{rel}","templated":true}]}}