{"id":49744,"date":"2024-05-13T14:41:32","date_gmt":"2024-05-13T12:41:32","guid":{"rendered":"https:\/\/esperanza.ch\/?post_type=product&#038;p=49744"},"modified":"2025-05-01T10:40:16","modified_gmt":"2025-05-01T08:40:16","slug":"jura-w8-dark-inox-sa-15552","status":"publish","type":"product","link":"https:\/\/yithcompare.321dev.ch\/fr\/produit\/jura-w8-dark-inox-sa-15552\/","title":{"rendered":"JURA W8 Dark Inox (SA)"},"content":{"rendered":"<p>Sa convivialit\u00e9 est \u00e9galement un atout : le menu de la W8 est clairement structur\u00e9, la navigation est intuitive et le capteur de tasse intelligent Coffee Eye garantit une manipulation s\u00fbre pour les amateurs de caf\u00e9. La machine automatique professionnelle offre de nombreux avantages aux exploitants, parmi lesquels le nettoyage enti\u00e8rement automatique du syst\u00e8me de lait, un r\u00e9cipient \u00e0 grains et un r\u00e9servoir d&rsquo;eau verrouillables, des fonctions de programmation personnalisables et la possibilit\u00e9 de connexion \u00e0 diff\u00e9rents syst\u00e8mes de paiement.<\/p>\n<p>La W8 d\u00e9montre ses performances dans les bureaux, les espaces de vente ou les locaux commerciaux n\u00e9cessitant une capacit\u00e9 journali\u00e8re jusqu&rsquo;\u00e0 50 sp\u00e9cialit\u00e9s de caf\u00e9.<\/p>\n","protected":false},"excerpt":{"rendered":"<h2>La pro compacte et polyvalente<\/h2>\n<p>Affichant un format compact, la W8 se distingue par sa polyvalence. Son menu propose 17 sp\u00e9cialit\u00e9s de caf\u00e9 qu&rsquo;elle pr\u00e9pare avec le plus grand soin. Le broyeur Aroma professionnel (P.A.G.2) et la technologie mousse fine compl\u00e8tent \u00e0 merveille toute l&rsquo;\u00e9tendue des fonctionnalit\u00e9s de la W8.<\/p>\n","protected":false},"featured_media":49794,"comment_status":"closed","ping_status":"closed","template":"","meta":[],"product_brand":[],"product_cat":[45],"product_tag":[],"class_list":{"0":"post-49744","1":"product","2":"type-product","3":"status-publish","4":"has-post-thumbnail","6":"product_cat-jura-machines-a-cafe-produits-professionnels","8":"first","9":"instock","10":"taxable","11":"shipping-taxable","12":"purchasable","13":"product-type-simple"},"_links":{"self":[{"href":"https:\/\/yithcompare.321dev.ch\/fr\/wp-json\/wp\/v2\/product\/49744","targetHints":{"allow":["GET"]}}],"collection":[{"href":"https:\/\/yithcompare.321dev.ch\/fr\/wp-json\/wp\/v2\/product"}],"about":[{"href":"https:\/\/yithcompare.321dev.ch\/fr\/wp-json\/wp\/v2\/types\/product"}],"replies":[{"embeddable":true,"href":"https:\/\/yithcompare.321dev.ch\/fr\/wp-json\/wp\/v2\/comments?post=49744"}],"wp:featuredmedia":[{"embeddable":true,"href":"https:\/\/yithcompare.321dev.ch\/fr\/wp-json\/wp\/v2\/media\/49794"}],"wp:attachment":[{"href":"https:\/\/yithcompare.321dev.ch\/fr\/wp-json\/wp\/v2\/media?parent=49744"}],"wp:term":[{"taxonomy":"product_brand","embeddable":true,"href":"https:\/\/yithcompare.321dev.ch\/fr\/wp-json\/wp\/v2\/product_brand?post=49744"},{"taxonomy":"product_cat","embeddable":true,"href":"https:\/\/yithcompare.321dev.ch\/fr\/wp-json\/wp\/v2\/product_cat?post=49744"},{"taxonomy":"product_tag","embeddable":true,"href":"https:\/\/yithcompare.321dev.ch\/fr\/wp-json\/wp\/v2\/product_tag?post=49744"}],"curies":[{"name":"wp","href":"https:\/\/api.w.org\/{rel}","templated":true}]}}