{"id":4734,"date":"2019-10-04T00:00:00","date_gmt":"2019-10-03T22:00:00","guid":{"rendered":"https:\/\/esperanza.ch\/produit\/set-d-ejection-de-marc-de-cafe-evacuation-de-l-eau-residuelle-ligne-x-jura\/"},"modified":"2024-11-15T15:18:01","modified_gmt":"2024-11-15T13:18:01","slug":"set-d-ejection-de-marc-de-cafe-evacuation-de-l-eau-residuelle-ligne-x-jura-24047","status":"publish","type":"product","link":"https:\/\/yithcompare.321dev.ch\/fr\/produit\/set-d-ejection-de-marc-de-cafe-evacuation-de-l-eau-residuelle-ligne-x-jura-24047\/","title":{"rendered":"Set d\u2019\u00e9jection de marc de caf\u00e9 ligne X"},"content":{"rendered":"<p>Gr\u00e2ce \u00e0 une conception sp\u00e9cifique du r\u00e9cipient \u00e0 marc de caf\u00e9 et du bac d\u2019\u00e9gouttage, le marc de caf\u00e9 et l\u2019eau r\u00e9siduelle sont conduits \u00e0 travers la plaque de fond et collect\u00e9s dans un r\u00e9cipient pr\u00e9vu \u00e0 cet effet. Le percement des orifices n\u00e9cessaires dans le plateau de table ou le plan de travail n\u2019est pas compris dans le service. Vous trouverez les instructions pour r\u00e9aliser les orifices destin\u00e9s au set d\u2019\u00e9jection de marc de caf\u00e9\/\u00e9vacuation de l\u2019eau r\u00e9siduelle dans la documentation technique de votre machine. Les autres transformations techniques seront effectu\u00e9es rapidement par votre partenaire JURA agr\u00e9\u00e9.<\/p>\n<p><strong>Compatibilit\u00e9:<\/strong><\/p>\n<ul class=\"machines\">\n<li>X10<\/li>\n<li>X6 (SA)<\/li>\n<li>X8 (SA)<\/li>\n<li>X4<\/li>\n<\/ul>\n","protected":false},"excerpt":{"rendered":"<h2 style=\"font-size: 1.25em;\">Set d\u2019\u00e9jection de marc de caf\u00e9 \/ \u00e9vacuation de l\u2019eau r\u00e9siduelle ligne X<\/h2>\n<p>Tr\u00e8s pratique, le set d\u2019\u00e9jection de marc de caf\u00e9\/\u00e9vacuation de l\u2019eau r\u00e9siduelle pour la X10, X8 et la X6 est recommand\u00e9 partout o\u00f9 l\u2019on doit pouvoir d\u00e9guster du caf\u00e9 sans interruption. Plus besoin de vider le bac d\u2019\u00e9gouttage et le r\u00e9cipient \u00e0 marc de caf\u00e9 pendant la journ\u00e9e.<\/p>\n","protected":false},"featured_media":52111,"comment_status":"closed","ping_status":"closed","template":"","meta":[],"product_brand":[],"product_cat":[430,128],"product_tag":[],"class_list":{"0":"post-4734","1":"product","2":"type-product","3":"status-publish","4":"has-post-thumbnail","6":"product_cat-autres-accessoires","7":"product_cat-complements-de-service","9":"first","10":"instock","11":"taxable","12":"shipping-taxable","13":"purchasable","14":"product-type-simple"},"_links":{"self":[{"href":"https:\/\/yithcompare.321dev.ch\/fr\/wp-json\/wp\/v2\/product\/4734","targetHints":{"allow":["GET"]}}],"collection":[{"href":"https:\/\/yithcompare.321dev.ch\/fr\/wp-json\/wp\/v2\/product"}],"about":[{"href":"https:\/\/yithcompare.321dev.ch\/fr\/wp-json\/wp\/v2\/types\/product"}],"replies":[{"embeddable":true,"href":"https:\/\/yithcompare.321dev.ch\/fr\/wp-json\/wp\/v2\/comments?post=4734"}],"wp:featuredmedia":[{"embeddable":true,"href":"https:\/\/yithcompare.321dev.ch\/fr\/wp-json\/wp\/v2\/media\/52111"}],"wp:attachment":[{"href":"https:\/\/yithcompare.321dev.ch\/fr\/wp-json\/wp\/v2\/media?parent=4734"}],"wp:term":[{"taxonomy":"product_brand","embeddable":true,"href":"https:\/\/yithcompare.321dev.ch\/fr\/wp-json\/wp\/v2\/product_brand?post=4734"},{"taxonomy":"product_cat","embeddable":true,"href":"https:\/\/yithcompare.321dev.ch\/fr\/wp-json\/wp\/v2\/product_cat?post=4734"},{"taxonomy":"product_tag","embeddable":true,"href":"https:\/\/yithcompare.321dev.ch\/fr\/wp-json\/wp\/v2\/product_tag?post=4734"}],"curies":[{"name":"wp","href":"https:\/\/api.w.org\/{rel}","templated":true}]}}