{"id":11933,"date":"2020-04-01T01:22:41","date_gmt":"2020-03-31T23:22:41","guid":{"rendered":"https:\/\/esperanza.ch\/?post_type=product&#038;p=11933"},"modified":"2025-03-06T16:58:49","modified_gmt":"2025-03-06T14:58:49","slug":"cafe-esperanza-foresta-fairtrade-en-grains","status":"publish","type":"product","link":"https:\/\/yithcompare.321dev.ch\/fr\/produit\/cafe-esperanza-foresta-fairtrade-en-grains\/","title":{"rendered":"Caf\u00e9 Esperanza FORESTA Fairtrade, en grains, 250g"},"content":{"rendered":"<h2><strong>Caf\u00e9 aux ar\u00f4mes printaniers, bois\u00e9s, de sous-bois<\/strong><\/h2>\n<p>Intensit\u00e9: 3\/5<br \/>\nProfil de torr\u00e9faction: l\u00e9ger<br \/>\nPr\u00e9parations id\u00e9ales: espresso, lungo<br \/>\nVari\u00e9t\u00e9s: 100% Arabica<br \/>\nOrigines et labels: Burundi (Fairtrade), Br\u00e9sil (Fairtrade) et P\u00e9rou (Fairtrade)<\/p>\n<p><strong>Conditionnement<\/strong><\/p>\n<ul>\n<li>Fra\u00eechement conditionn\u00e9 dans un <strong>sachet sans aluminium<\/strong>, \u00e0 valve de protection des ar\u00f4mes<\/li>\n<li>Fraicheur : \u00e0 savourer id\u00e9alement avant trois mois, \u00e0 consommer de pr\u00e9f\u00e9rence avant douze mois apr\u00e8s torr\u00e9faction<\/li>\n<\/ul>\n<p><span style=\"font-weight: 400;\">Le caf\u00e9 <\/span><b>FORESTA<\/b><span style=\"font-weight: 400;\">\u00a0sort du panier avec les \u0153ufs de P\u00e2ques! Il fait partie des caf\u00e9s saisonniers que nous d\u00e9veloppons r\u00e9guli\u00e8rement pour assouvir notre passion, mais surtout pour votre plaisir \u00e0 d\u00e9guster des exp\u00e9riences caf\u00e9in\u00e9es.<\/span><\/p>\n<p><span style=\"font-weight: 400;\">Notre \u00e9quipe de torr\u00e9faction en Gruy\u00e8re a travaill\u00e9 sur les sensibilit\u00e9s<\/span> <span style=\"font-weight: 400;\">et<\/span><b> perceptions du printemps<\/b><span style=\"font-weight: 400;\">. Nous avons tous envie de grands airs, de lumi\u00e8re, de prairies verdoyantes et fraiches.\u00a0<\/span><\/p>\n<p><span style=\"font-weight: 400;\">Le profil de torr\u00e9faction prend ainsi ses distances avec les ar\u00f4mes intenses d\u2019hiver. Nous nous trouvons ainsi avec des saveurs de sous-bois,<\/span><b> des \u00e9lans printaniers et l\u00e9g\u00e8rement bois\u00e9s<\/b><span style=\"font-weight: 400;\"> que nous vous invitons \u00e0 partager avec nous. Imaginez les jardins du Tanganyika\u00a0!\u00a0<\/span><\/p>\n<p><b>100% arabica<\/b><span style=\"font-weight: 400;\"> et issu du commerce \u00e9quitable au label <\/span><b>Fairtrade Max Havelaar<\/b><span style=\"font-weight: 400;\">, notre assemblage <\/span><b>FORESTA<\/b><span style=\"font-weight: 400;\"> se compose de caf\u00e9s lav\u00e9s du Burundi, naturels du Br\u00e9sil et issus de cultures respectueuses de l&rsquo;environnement\u00a0du P\u00e9rou.\u00a0<\/span><\/p>\n","protected":false},"excerpt":{"rendered":"<p>Le caf\u00e9 saisonnier FORESTA\u00a0sort du panier avec les \u0153ufs de P\u00e2ques! Fra\u00eechement conditionn\u00e9 dans un sachet sans aluminium, un contenant \u00e0 valve pour prot\u00e9ger les ar\u00f4mes de votre caf\u00e9.<\/p>\n","protected":false},"featured_media":16591,"comment_status":"open","ping_status":"closed","template":"","meta":[],"product_brand":[],"product_cat":[26,27],"product_tag":[],"class_list":{"0":"post-11933","1":"product","2":"type-product","3":"status-publish","4":"has-post-thumbnail","6":"product_cat-cafe","7":"product_cat-cafe-en-grains","9":"first","10":"outofstock","11":"sale","12":"taxable","13":"shipping-taxable","14":"purchasable","15":"product-type-variable","16":"has-default-attributes"},"_links":{"self":[{"href":"https:\/\/yithcompare.321dev.ch\/fr\/wp-json\/wp\/v2\/product\/11933","targetHints":{"allow":["GET"]}}],"collection":[{"href":"https:\/\/yithcompare.321dev.ch\/fr\/wp-json\/wp\/v2\/product"}],"about":[{"href":"https:\/\/yithcompare.321dev.ch\/fr\/wp-json\/wp\/v2\/types\/product"}],"replies":[{"embeddable":true,"href":"https:\/\/yithcompare.321dev.ch\/fr\/wp-json\/wp\/v2\/comments?post=11933"}],"wp:featuredmedia":[{"embeddable":true,"href":"https:\/\/yithcompare.321dev.ch\/fr\/wp-json\/wp\/v2\/media\/16591"}],"wp:attachment":[{"href":"https:\/\/yithcompare.321dev.ch\/fr\/wp-json\/wp\/v2\/media?parent=11933"}],"wp:term":[{"taxonomy":"product_brand","embeddable":true,"href":"https:\/\/yithcompare.321dev.ch\/fr\/wp-json\/wp\/v2\/product_brand?post=11933"},{"taxonomy":"product_cat","embeddable":true,"href":"https:\/\/yithcompare.321dev.ch\/fr\/wp-json\/wp\/v2\/product_cat?post=11933"},{"taxonomy":"product_tag","embeddable":true,"href":"https:\/\/yithcompare.321dev.ch\/fr\/wp-json\/wp\/v2\/product_tag?post=11933"}],"curies":[{"name":"wp","href":"https:\/\/api.w.org\/{rel}","templated":true}]}}