{"id":30169,"date":"2022-02-22T16:06:12","date_gmt":"2022-02-22T14:06:12","guid":{"rendered":"https:\/\/esperanza.ch\/?page_id=30169"},"modified":"2023-03-06T13:45:00","modified_gmt":"2023-03-06T11:45:00","slug":"le-cafe-en-grains-torrefacteur-une-qualite-incomparable","status":"publish","type":"page","link":"https:\/\/yithcompare.321dev.ch\/fr\/la-torrefaction\/le-cafe-en-grains-torrefacteur-une-qualite-incomparable\/","title":{"rendered":"Le caf\u00e9 en grains torr\u00e9facteur, une qualit\u00e9 incomparable"},"content":{"rendered":"<h1 class=\"wp-block-heading\" id=\"le-cafe-en-grains-torrefacteur-un-nectar-dans-votre-tasse\"><strong>Le caf\u00e9 en grains torr\u00e9facteur, un nectar dans votre tasse<\/strong><\/h1><p><strong>Un caf\u00e9 en grains torr\u00e9facteur <\/strong>est l&rsquo;expression m\u00eame de l\u2019excellence de <a href=\"https:\/\/yithcompare.321dev.ch\/fr\/la-torrefaction\/\">la torr\u00e9faction<\/a>. L&rsquo;artisan torr\u00e9facteur est intimement li\u00e9 au monde de la gastronomie. C&rsquo;est un passionn\u00e9 qui va rechercher une s\u00e9lection de caf\u00e9s d&rsquo;exception. Une fois torr\u00e9fi\u00e9, chaque caf\u00e9 exprimera la quintessence de ses ar\u00f4mes complexes. L&rsquo;origine du caf\u00e9 en grains, sa torr\u00e9faction ou son mode d&rsquo;extraction sont autant de facteurs qui influencent les ar\u00f4mes de votre espresso favori.<\/p><h2 class=\"wp-block-heading\" id=\"la-magie-de-la-torrefaction-artisanale-sublime-votre-cafe\"><strong>La magie de la torr\u00e9faction artisanale sublime votre caf\u00e9<\/strong><\/h2><p>Aujourd&rsquo;hui, l&rsquo;industrie agroalimentaire domine notre quotidien. Il est bon de d\u00e9couvrir, ou red\u00e9couvrir, <strong>des produits au go\u00fbt authentique<\/strong>. Le caf\u00e9 en grains n&rsquo;\u00e9chappe pas \u00e0 ce besoin de retrouver le caract\u00e8re d&rsquo;un terroir, plut\u00f4t que le go\u00fbt aseptis\u00e9 des produits industriels. Un caf\u00e9 en grains torr\u00e9facteur offre la meilleure qualit\u00e9 que l&rsquo;on peut attendre d&rsquo;un caf\u00e9.<\/p><h3 class=\"wp-block-heading\" id=\"la-qualite-d-un-cafe-commence-par-la-selection\"><strong>La qualit\u00e9 d&rsquo;un caf\u00e9 commence par la s\u00e9lection<\/strong><\/h3><p>Chez Esperanza, nous accordons un soin tout particulier \u00e0 la s\u00e9lection de nos caf\u00e9s. Arabica et robusta viennent de terroirs remarquables au Br\u00e9sil, au Mexique, en Indon\u00e9sie ou encore en \u00c9thiopie, pour ne citer qu&rsquo;eux. L&rsquo;origine et le terroir ne seraient rien sans les humains qui les valorisent. C&rsquo;est pourquoi tous <strong>nos caf\u00e9s sont issus du commerce \u00e9quitable <\/strong>et labellis\u00e9s Fairtrade Max Havelaar. Certains de nos caf\u00e9s en grains sont \u00e9galement labellis\u00e9s bio. Le caf\u00e9 v\u00e9hicule en son sein la convivialit\u00e9 et la bienveillance, partageons-les ensemble.<\/p><h3 class=\"wp-block-heading\" id=\"la-torrefaction-etape-la-plus-importante-pour-l-equilibre-et-les-aromes-du-cafe\"><strong>La torr\u00e9faction, \u00e9tape la plus importante pour l&rsquo;\u00e9quilibre et les ar\u00f4mes du caf\u00e9<\/strong><\/h3><p>Nos caf\u00e9s sont torr\u00e9fi\u00e9s avec passion, dans le respect de leur origine et de leurs ar\u00f4mes naturels. <strong>La torr\u00e9faction est un art d\u00e9licat<\/strong> qui rassemble l&rsquo;homme, le feu et la mati\u00e8re. Chaque caf\u00e9 ou blend b\u00e9n\u00e9ficie d&rsquo;un profil de torr\u00e9faction personnalis\u00e9 par notre torr\u00e9facteur. Selon vos go\u00fbts, votre cafeti\u00e8re, votre machine \u00e0 caf\u00e9 automatique, votre machine expresso et votre mode de consommation, vous trouverez exactement le caf\u00e9 qui vous convient. Si vous le souhaitez, nous serons ravis de vous conseiller dans votre qu\u00eate du caf\u00e9 parfait.<\/p><h3 class=\"wp-block-heading\" id=\"de-la-torrefaction-a-la-livraison-la-fraicheur-garantit-la-qualite\"><strong>De la torr\u00e9faction \u00e0 la livraison, la fra\u00eecheur garantit la qualit\u00e9<\/strong><\/h3><p>Seul un caf\u00e9 en grains fra\u00eechement torr\u00e9fi\u00e9, de mani\u00e8re artisanale, vous offre toute la palette des ar\u00f4mes qu&rsquo;il rec\u00e8le. <strong>Nos caf\u00e9s sont torr\u00e9fi\u00e9s en petites quantit\u00e9s<\/strong> et conditionn\u00e9s dans des sachets \u00e0 valve pour une conservation parfaite. Le produit de notre travail n&rsquo;a pas vocation \u00e0 \u00eatre stock\u00e9 longuement. Nous souhaitons qu&rsquo;il se retrouve le plus rapidement possible sur votre table. Ainsi, fra\u00eechement moulu, chaque grain de caf\u00e9 exprimera toute la puissance de ses ar\u00f4mes et saveurs dans votre tasse.<\/p><h2 class=\"wp-block-heading\" id=\"le-cafe-en-grain-torrefacteur-le-choix-de-la-qualite\"><strong>Le caf\u00e9 en grain torr\u00e9facteur, le choix de la qualit\u00e9<\/strong><\/h2><p>Quelle que soit <strong>votre mani\u00e8re d&rsquo;appr\u00e9cier le caf\u00e9<\/strong>, en choisissant un caf\u00e9 en grains torr\u00e9facteur, vous faites le choix d&rsquo;un produit d&rsquo;exception. Nous faisons de notre mieux pour que vos moments caf\u00e9 comblent vos d\u00e9sirs, en apportant une attention toute particuli\u00e8re \u00e0 vos attentes. Permettez-nous de vous r\u00e9it\u00e9rer quelques conseils pour tirer le meilleur du fruit de notre travail.<\/p><p>Choisissez soigneusement votre cafeti\u00e8re ou votre machine expresso, afin que l&rsquo;extraction du caf\u00e9 soit \u00e0 votre go\u00fbt. Conservez votre caf\u00e9 en grains dans une bo\u00eete herm\u00e9tique et opaque, adapt\u00e9e \u00e0 la conservation du caf\u00e9. Adaptez la mouture du grain \u00e0 votre mode d&rsquo;extraction et au caf\u00e9 choisi. <strong>N&rsquo;utilisez que du caf\u00e9 fra\u00eechement moulu<\/strong> pour qu&rsquo;il conserve ses pr\u00e9cieux ar\u00f4mes. Enfin, n&rsquo;h\u00e9sitez pas \u00e0 nous faire part de vos commentaires. Nous sommes friands de partager avec vous notre passion du caf\u00e9.<\/p><p>Si vous \u00eates adepte du caf\u00e9 d\u00e9caf\u00e9in\u00e9, le lien suivant vous int\u00e9ressera certainement :<\/p><ul class=\"wp-block-list\"><li><a href=\"https:\/\/yithcompare.321dev.ch\/fr\/decafeination\/\">Comprendre la d\u00e9caf\u00e9ination<\/a>.<\/li><\/ul>","protected":false},"excerpt":{"rendered":"<p>Le caf\u00e9 en grains torr\u00e9facteur, un nectar dans votre tasse Un caf\u00e9 en grains torr\u00e9facteur est l&rsquo;expression m\u00eame de l\u2019excellence de la torr\u00e9faction. L&rsquo;artisan torr\u00e9facteur est intimement li\u00e9 au monde de la gastronomie. C&rsquo;est un passionn\u00e9 qui va rechercher une s\u00e9lection de caf\u00e9s d&rsquo;exception. Une fois torr\u00e9fi\u00e9, chaque caf\u00e9 exprimera la quintessence de ses ar\u00f4mes [&hellip;]<\/p>\n","protected":false},"author":6990,"featured_media":0,"parent":29088,"menu_order":0,"comment_status":"closed","ping_status":"closed","template":"","meta":{"footnotes":""},"class_list":["post-30169","page","type-page","status-publish","hentry"],"_links":{"self":[{"href":"https:\/\/yithcompare.321dev.ch\/fr\/wp-json\/wp\/v2\/pages\/30169","targetHints":{"allow":["GET"]}}],"collection":[{"href":"https:\/\/yithcompare.321dev.ch\/fr\/wp-json\/wp\/v2\/pages"}],"about":[{"href":"https:\/\/yithcompare.321dev.ch\/fr\/wp-json\/wp\/v2\/types\/page"}],"author":[{"embeddable":true,"href":"https:\/\/yithcompare.321dev.ch\/fr\/wp-json\/wp\/v2\/users\/6990"}],"replies":[{"embeddable":true,"href":"https:\/\/yithcompare.321dev.ch\/fr\/wp-json\/wp\/v2\/comments?post=30169"}],"version-history":[{"count":0,"href":"https:\/\/yithcompare.321dev.ch\/fr\/wp-json\/wp\/v2\/pages\/30169\/revisions"}],"up":[{"embeddable":true,"href":"https:\/\/yithcompare.321dev.ch\/fr\/wp-json\/wp\/v2\/pages\/29088"}],"wp:attachment":[{"href":"https:\/\/yithcompare.321dev.ch\/fr\/wp-json\/wp\/v2\/media?parent=30169"}],"curies":[{"name":"wp","href":"https:\/\/api.w.org\/{rel}","templated":true}]}}