{"id":29083,"date":"2021-12-16T09:55:22","date_gmt":"2021-12-16T07:55:22","guid":{"rendered":"https:\/\/esperanza.ch\/?page_id=29083"},"modified":"2022-09-19T17:21:25","modified_gmt":"2022-09-19T15:21:25","slug":"labels-du-cafe-en-grains","status":"publish","type":"page","link":"https:\/\/yithcompare.321dev.ch\/fr\/labels-du-cafe-en-grains\/","title":{"rendered":"Les labels du caf\u00e9 en grains &#8211; bio, \u00e9quitable, comment choisir"},"content":{"rendered":"<h1><b>Les labels du caf\u00e9 en grains<\/b><\/h1>\n<p><span style=\"font-weight: 400;\">Difficile de <\/span><a href=\"https:\/\/yithcompare.321dev.ch\/fr\/comment-choisir-son-cafe-en-grains-nos-astuces-et-conseils\/\"><span style=\"font-weight: 400;\">choisir son caf\u00e9 en grains<\/span><\/a><span style=\"font-weight: 400;\"> devant la multitude de produits sur le march\u00e9. <\/span><b>Le label appos\u00e9 sur un paquet de caf\u00e9<\/b><span style=\"font-weight: 400;\"> peut vous aider dans votre choix. Suite aux nombreux scandales agroalimentaires, les consommateurs souhaitent savoir ce qu&rsquo;ils ach\u00e8tent. Certification BIO, commerce \u00e9quitable, AOP ou encore fabrication artisanale ont le vent en poupe. La consommation change et l&rsquo;engouement pour les produits authentiques progresse. La qualit\u00e9 a un prix, mais qui en profite ?<\/span><\/p>\n<h2><b>Agriculture BIO, Fairtrade et d\u00e9veloppement durable<\/b><\/h2>\n<p><span style=\"font-weight: 400;\">Aujourd&rsquo;hui, chacun de nous peut adopter une consommation responsable. <\/span><b>Les diff\u00e9rents labels et certifications<\/b><span style=\"font-weight: 400;\"> nous donnent le choix. Nous pouvons contribuer \u00e0 prot\u00e9ger l&rsquo;environnement, soutenir les petits producteurs de pays \u00e9mergents ou encore privil\u00e9gier l&rsquo;artisanat. D\u00e9couvrez le plaisir de d\u00e9guster des caf\u00e9s exceptionnels, en affirmant votre engagement soci\u00e9tal et environnemental.<\/span><\/p>\n<h2><b>Le caf\u00e9 en grains produit par l&rsquo;agriculture BIO<\/b><\/h2>\n<p><span style=\"font-weight: 400;\">Choisir un <\/span><a href=\"https:\/\/yithcompare.321dev.ch\/fr\/cafe\/cafes-bio\/\"><span style=\"font-weight: 400;\">caf\u00e9 en grains bio<\/span><\/a><span style=\"font-weight: 400;\">, c&rsquo;est <\/span><b>consommer dans le respect de l&rsquo;environnement<\/b><span style=\"font-weight: 400;\">. Les producteurs de caf\u00e9 qui ont obtenu un label BIO pratiquent une agriculture en harmonie avec l&rsquo;environnement. Ils s&rsquo;interdisent l&rsquo;utilisation de pesticides et de produits chimiques en g\u00e9n\u00e9ral. Aujourd&rsquo;hui, seule une petite partie des caf\u00e9s produits dans le monde b\u00e9n\u00e9ficient de certifications BIO.<\/span><\/p>\n<p><span style=\"font-weight: 400;\">De nombreux producteurs, pouss\u00e9s par un souci de rentabilit\u00e9, ont c\u00e9d\u00e9 \u00e0 l&rsquo;appel des produits chimiques. Gageons que l&rsquo;augmentation de la demande et la prise de conscience environnementale, contribueront \u00e0 augmenter les parts de<\/span><b> march\u00e9 du caf\u00e9 BIO<\/b><span style=\"font-weight: 400;\">. Chez Esperanza, nos caf\u00e9s issus de la culture biologique portent le label de certification Bio-CH.<\/span><\/p>\n<h2><b>Le caf\u00e9 en grains issu du commerce \u00e9quitable<\/b><\/h2>\n<p><span style=\"font-weight: 400;\">Avec 25 millions de producteurs dans le monde, <\/span><b>le commerce du caf\u00e9<\/b><span style=\"font-weight: 400;\">, c&rsquo;est l&rsquo;histoire de David contre Goliath. En achetant du <\/span><a href=\"https:\/\/yithcompare.321dev.ch\/fr\/cafe\/\"><span style=\"font-weight: 400;\">caf\u00e9 en grains \u00e9quitable<\/span><\/a><span style=\"font-weight: 400;\">, ou Fairtrade, vous valorisez le travail de producteurs d\u00e9pendants du caf\u00e9 et fragilis\u00e9s par les fluctuations des cours du march\u00e9 mondial. Le commerce \u00e9quitable a instaur\u00e9 plus de transparence et une plus grande \u00e9quit\u00e9 dans la cha\u00eene de valeur du caf\u00e9 dans le monde.<\/span><\/p>\n<h3><b>Les atouts du commerce \u00e9quitable pour les petits producteurs de caf\u00e9<\/b><\/h3>\n<p><span style=\"font-weight: 400;\">Dans un march\u00e9 fluctuant et sujet \u00e0 la sp\u00e9culation, il est tr\u00e8s difficile pour les petits producteurs de p\u00e9renniser leur travail et garantir leur d\u00e9veloppement. C&rsquo;est en se regroupant en coop\u00e9ratives agricoles que ces derniers ont trouv\u00e9 la taille critique indispensable \u00e0 leur activit\u00e9. <\/span><b>Le d\u00e9veloppement du commerce \u00e9quitable<\/b><span style=\"font-weight: 400;\"> offre une vraie chance aux petits producteurs de vivre d\u00e9cemment de la culture du caf\u00e9.<\/span><\/p>\n<h3><b>Les garanties d&rsquo;un label Fairtrade &#8211; Commerce \u00e9quitable<\/b><\/h3>\n<p><span style=\"font-weight: 400;\">Chez Esperanza, tous nos <\/span><b>caf\u00e9s sont issus du commerce \u00e9quitable<\/b><span style=\"font-weight: 400;\">, avec la certification Fairtrade Max Havelaar. Cr\u00e9\u00e9 en 1988, le label Max Havelaar est unanimement reconnu. Son principe : \u00ab\u00a0trade, not aid\u00a0\u00bb, du commerce, non de l&rsquo;assistance, a largement fait \u00e9cole. Il garantit aux producteurs :<\/span><\/p>\n<ul>\n<li style=\"font-weight: 400;\" aria-level=\"1\"><b>le d\u00e9veloppement \u00e9conomique<\/b><span style=\"font-weight: 400;\"> par un revenu stable, des primes de d\u00e9veloppement et un prix juste pour leur production de caf\u00e9 ;<\/span><\/li>\n<li style=\"font-weight: 400;\" aria-level=\"1\"><b>le d\u00e9veloppement social<\/b><span style=\"font-weight: 400;\"> en favorisant les organisations d\u00e9mocratiques, les droits sociaux et des conditions de travail d\u00e9centes ;<\/span><\/li>\n<li style=\"font-weight: 400;\" aria-level=\"1\"><b>le d\u00e9veloppement de l&rsquo;environnement<\/b><span style=\"font-weight: 400;\"> en soutenant des m\u00e9thodes d\u2019agriculture biologique, l&rsquo;interdiction des OGM et le recyclage des d\u00e9chets.<\/span><\/li>\n<\/ul>\n<p><span style=\"font-weight: 400;\">Le label Max Havelaar n&rsquo;est pas une certification BIO, mais il encourage fortement l&rsquo;agriculture respectueuse de l&rsquo;environnement.<\/span><\/p>\n<h2><b>Le caf\u00e9 en grains de torr\u00e9faction artisanale<\/b><\/h2>\n<p><span style=\"font-weight: 400;\">Un <\/span><span style=\"font-weight: 400;\">caf\u00e9 en grains artisanal<\/span><span style=\"font-weight: 400;\"> vous apporte un gage de qualit\u00e9. Il n&rsquo;y a pas, \u00e0 proprement parler, de label de certification de production artisanale. N\u00e9anmoins,<\/span><b> la torr\u00e9faction artisanale <\/b><span style=\"font-weight: 400;\">sous-entend une qu\u00eate permanente de la qualit\u00e9. Chez Esperanza, nous voulons que chaque grain de caf\u00e9 se distingue par son go\u00fbt et ses ar\u00f4mes subtils. Notre travail met en valeur le savoir-faire humain \u00e0 chaque \u00e9tape de la vie du caf\u00e9, du producteur jusqu&rsquo;\u00e0 la livraison.<\/span><\/p>\n<p><span style=\"font-weight: 400;\">Cela commence par une <\/span><b>s\u00e9lection rigoureuse des meilleurs caf\u00e9s<\/b><span style=\"font-weight: 400;\">. Chaque produit est ensuite torr\u00e9fi\u00e9 avec un profil parfaitement adapt\u00e9. Il exprime ainsi tous ses ar\u00f4mes complexes. L&#8217;emballage, la vente et la livraison se font dans le respect de nos produits et de nos clients. Notre engagement pour un commerce \u00e9quitable et le d\u00e9veloppement durable affichent nos ambitions \u00e9coresponsables.<\/span><\/p>\n<h2><b>Les labels sont-ils garants de la qualit\u00e9 du caf\u00e9 ? Qu&rsquo;en est-il de leur cr\u00e9dibilit\u00e9 ?<\/b><\/h2>\n<p><span style=\"font-weight: 400;\">Il existe de nombreux <\/span><b>labels Bio et \u00e9quitables<\/b><span style=\"font-weight: 400;\">. S&rsquo;ils ne pr\u00e9sagent pas de la qualit\u00e9 ou des saveurs du caf\u00e9, chacun d&rsquo;eux certifie un mode de production dans le respect d&rsquo;un cahier des charges \u00e9tabli. Nous ne pouvons que vous encourager \u00e0 vous informer sur leur valeur et leur cr\u00e9dibilit\u00e9. Certaines entreprises ont d\u00e9velopp\u00e9 leur propre label auto-certifi\u00e9, ce qui n&rsquo;est pas toujours un gage de transparence. Il n&rsquo;en reste pas moins que vous pouvez choisir d&rsquo;adopter une consommation responsable. N&rsquo;h\u00e9sitez pas \u00e0 nous contacter pour parler de notre d\u00e9marche durable.<\/span><\/p>\n<p><span style=\"font-weight: 400;\">Consultez nos autres pages pour tout savoir sur le caf\u00e9 :<\/span><\/p>\n<ul>\n<li style=\"font-weight: 400;\" aria-level=\"1\"><a href=\"https:\/\/yithcompare.321dev.ch\/fr\/arabica-ou-robusta-quelles-differences\/\"><span style=\"font-weight: 400;\">Arabica ou robusta, quelles diff\u00e9rences ? :<\/span><\/a><\/li>\n<li style=\"font-weight: 400;\" aria-level=\"1\"><a href=\"https:\/\/yithcompare.321dev.ch\/fr\/type-de-cafe-en-grains\/\"><span style=\"font-weight: 400;\">Les diff\u00e9rents types de caf\u00e9 en grain<\/span><\/a><span style=\"font-weight: 400;\"> ;<\/span><\/li>\n<li style=\"font-weight: 400;\" aria-level=\"1\"><a href=\"https:\/\/yithcompare.321dev.ch\/fr\/origine-du-cafe\/\"><span style=\"font-weight: 400;\">L&rsquo;origine du caf\u00e9<\/span><\/a><span style=\"font-weight: 400;\"> ;<\/span><\/li>\n<li style=\"font-weight: 400;\" aria-level=\"1\"><a href=\"https:\/\/yithcompare.321dev.ch\/fr\/quel-est-le-meilleur-cafe-en-grains\/\"><span style=\"font-weight: 400;\">Quel est le meilleur caf\u00e9 en grain ? ;<\/span><\/a><\/li>\n<li style=\"font-weight: 400;\" aria-level=\"1\"><a href=\"https:\/\/yithcompare.321dev.ch\/fr\/la-torrefaction\/\"><span style=\"font-weight: 400;\">Tout savoir sur la torr\u00e9faction<\/span><\/a><span style=\"font-weight: 400;\">.<\/span><\/li>\n<\/ul>","protected":false},"excerpt":{"rendered":"<p>Les labels du caf\u00e9 en grains Difficile de choisir son caf\u00e9 en grains devant la multitude de produits sur le march\u00e9. Le label appos\u00e9 sur un paquet de caf\u00e9 peut vous aider dans votre choix. Suite aux nombreux scandales agroalimentaires, les consommateurs souhaitent savoir ce qu&rsquo;ils ach\u00e8tent. Certification BIO, commerce \u00e9quitable, AOP ou encore fabrication [&hellip;]<\/p>\n","protected":false},"author":3682,"featured_media":0,"parent":0,"menu_order":0,"comment_status":"closed","ping_status":"closed","template":"","meta":{"footnotes":""},"class_list":["post-29083","page","type-page","status-publish","hentry"],"_links":{"self":[{"href":"https:\/\/yithcompare.321dev.ch\/fr\/wp-json\/wp\/v2\/pages\/29083","targetHints":{"allow":["GET"]}}],"collection":[{"href":"https:\/\/yithcompare.321dev.ch\/fr\/wp-json\/wp\/v2\/pages"}],"about":[{"href":"https:\/\/yithcompare.321dev.ch\/fr\/wp-json\/wp\/v2\/types\/page"}],"author":[{"embeddable":true,"href":"https:\/\/yithcompare.321dev.ch\/fr\/wp-json\/wp\/v2\/users\/3682"}],"replies":[{"embeddable":true,"href":"https:\/\/yithcompare.321dev.ch\/fr\/wp-json\/wp\/v2\/comments?post=29083"}],"version-history":[{"count":0,"href":"https:\/\/yithcompare.321dev.ch\/fr\/wp-json\/wp\/v2\/pages\/29083\/revisions"}],"wp:attachment":[{"href":"https:\/\/yithcompare.321dev.ch\/fr\/wp-json\/wp\/v2\/media?parent=29083"}],"curies":[{"name":"wp","href":"https:\/\/api.w.org\/{rel}","templated":true}]}}