{"id":29079,"date":"2021-12-16T09:56:20","date_gmt":"2021-12-16T07:56:20","guid":{"rendered":"https:\/\/esperanza.ch\/?page_id=29079"},"modified":"2022-09-19T12:08:21","modified_gmt":"2022-09-19T10:08:21","slug":"origine-du-cafe","status":"publish","type":"page","link":"https:\/\/yithcompare.321dev.ch\/fr\/origine-du-cafe\/","title":{"rendered":"L&rsquo;origine du caf\u00e9, du mythe \u00e0 la r\u00e9alit\u00e9 d&rsquo;aujourd&rsquo;hui"},"content":{"rendered":"<h1><b>L&rsquo;origine du caf\u00e9 en grains, de la l\u00e9gende au caf\u00e9 d&rsquo;aujourd&rsquo;hui<\/b><\/h1>\n<p><span style=\"font-weight: 400;\">L&rsquo;origine du caf\u00e9 est encore aujourd&rsquo;hui teint\u00e9e de myst\u00e8re. Sa d\u00e9couverte et son exploitation sont impr\u00e9gn\u00e9es de mythes et de l\u00e9gendes. Le caf\u00e9 est n\u00e9anmoins devenu la boisson la plus consomm\u00e9e au monde apr\u00e8s l&rsquo;eau.<\/span><b> L&rsquo;origine du caf\u00e9 en grains <\/b><span style=\"font-weight: 400;\">compte pour beaucoup dans la qualit\u00e9 de votre caf\u00e9 quotidien. Autant savoir <\/span><a href=\"https:\/\/yithcompare.321dev.ch\/fr\/comment-choisir-son-cafe-en-grains-nos-astuces-et-conseils\/\"><span style=\"font-weight: 400;\">comment choisir son caf\u00e9 en grains<\/span><\/a><span style=\"font-weight: 400;\"> pour d\u00e9guster votre boisson favorite. Voyons de plus pr\u00e8s d&rsquo;o\u00f9 vient le caf\u00e9 en grains que vous achetez.<\/span><\/p>\n<h2><b>La petite histoire du caf\u00e9 en grains de son origine \u00e0 nos jours<\/b><\/h2>\n<p><span style=\"font-weight: 400;\">Seule certitude, <\/span><b>le caf\u00e9 est apparu sur le continent africain<\/b><span style=\"font-weight: 400;\">. On l&rsquo;aurait d\u00e9couvert au cours du IXe si\u00e8cle en Abyssinie, l&rsquo;actuelle \u00c9thiopie. La culture du caf\u00e9 remonterait au XVe si\u00e8cle au Y\u00e9men. Le si\u00e8cle suivant verra le caf\u00e9 se r\u00e9pandre dans tout le monde arabe et des maisons de caf\u00e9 (d\u00e9bits de boisson) ouvrir un peu partout. La consommation du caf\u00e9 \u00e9tant probablement favoris\u00e9e par les r\u00e9ticences religieuses envers l&rsquo;alcool. Le caf\u00e9 arrivera en Italie au XVIe si\u00e8cle et traversera l&rsquo;Europe en quelques d\u00e9cennies. C&rsquo;est au XVIIe si\u00e8cle que le caf\u00e9 d\u00e9barque sur le continent am\u00e9ricain.<\/span><\/p>\n<h2><b>La production de caf\u00e9 dans le monde<\/b><\/h2>\n<p><span style=\"font-weight: 400;\">La culture du caf\u00e9 s&rsquo;est \u00e9tablie tout autour du monde sur<\/span><b> la ceinture du caf\u00e9<\/b><span style=\"font-weight: 400;\">. Cette zone situ\u00e9e entre les tropiques du Cancer et du Capricorne offre les conditions climatiques n\u00e9cessaires \u00e0 l&rsquo;exploitation du caf\u00e9ier. Cet arbuste, qui fournit les pr\u00e9cieuses cerises de caf\u00e9, y trouve les temp\u00e9ratures propices \u00e0 son d\u00e9veloppement. Les pays o\u00f9 l&rsquo;on r\u00e9colte le caf\u00e9 se trouvent sur trois continents. L&rsquo;Am\u00e9rique Latine produit plus de la moiti\u00e9 du caf\u00e9 en grains, laissant l&rsquo;Afrique et l&rsquo;Asie se partager le reste de la r\u00e9colte mondiale, compos\u00e9e d&rsquo;environ 70 % d&rsquo;arabica contre 30 % de robusta.<\/span><\/p>\n<h2><b>Pr\u00e8s de 80 pays pratiquent la culture du caf\u00e9<\/b><\/h2>\n<p><span style=\"font-weight: 400;\">Que vous soyez espresso serr\u00e9 ou caff\u00e8 latte, vous avez l&#8217;embarras du choix pour l&rsquo;origine de votre caf\u00e9 en grains. Vous avez sans doute d\u00e9j\u00e0 remarqu\u00e9 des diff\u00e9rences importantes d&rsquo;un caf\u00e9 \u00e0 l&rsquo;autre. Le go\u00fbt peut \u00eatre subtil ou tr\u00e8s prononc\u00e9. On peut retrouver des notes de chocolat, d&rsquo;\u00e9pices ou encore florales. Le caf\u00e9 peut \u00eatre doux ou plut\u00f4t cors\u00e9, il peut tendre vers l&rsquo;acidit\u00e9 ou, au contraire, vers l&rsquo;amertume. Toutes ces caract\u00e9ristiques lui sont donn\u00e9es par sa vari\u00e9t\u00e9, mais aussi par son environnement. <\/span><b>Le terroir et le climat <\/b><span style=\"font-weight: 400;\">sont pr\u00e9sents dans les ar\u00f4mes du caf\u00e9 grain en grains.<\/span><\/p>\n<h3><b>L&rsquo;Am\u00e9rique latine, championne de la production de caf\u00e9<\/b><\/h3>\n<p><span style=\"font-weight: 400;\">Bien qu&rsquo;arriv\u00e9e tardivement en Am\u00e9rique latine, la culture du caf\u00e9 domine le march\u00e9 mondial. Le Br\u00e9sil, avec ses immenses plantations, est le premier producteur mondial.<\/span><b> Le caf\u00e9 est profond\u00e9ment ancr\u00e9 <\/b><span style=\"font-weight: 400;\">dans cette r\u00e9gion qui va du Mexique \u00e0 la pointe sud du Br\u00e9sil. La r\u00e9gion caf\u00e9i\u00e8re de Colombie est d&rsquo;ailleurs inscrite au patrimoine mondial de l&rsquo;UNESCO. Les caf\u00e9s produits outre-Atlantique sont chaleureux. On retrouve souvent des notes de chocolat et de noisette, avec plus d&rsquo;acidit\u00e9 que d&rsquo;amertume. On ne peut \u00e9videmment r\u00e9sumer tous les caf\u00e9s d&rsquo;Am\u00e9rique Latine par ces quelques mots.<\/span><\/p>\n<h3><b>L&rsquo;Afrique, berceau de la culture du caf\u00e9<\/b><\/h3>\n<p><span style=\"font-weight: 400;\">\u00c0 tout seigneur tout honneur, l&rsquo;\u00c9thiopie ayant probablement vu na\u00eetre le caf\u00e9 tire aujourd&rsquo;hui son \u00e9pingle du jeu. C&rsquo;est en effet<\/span><b> le premier producteur de caf\u00e9 <\/b><span style=\"font-weight: 400;\">du continent africain. On y trouve plus de 150 vari\u00e9t\u00e9s de caf\u00e9, y compris des caf\u00e9iers sauvages. L\u00e0 encore, il n&rsquo;est pas possible de r\u00e9sumer les caf\u00e9s africains en une phrase. N\u00e9anmoins, s&rsquo;il fallait retenir un mot, ce serait envo\u00fbtant. Comme le continent, les caf\u00e9s sont empreints de myst\u00e8re. Des notes florales sont souvent pr\u00e9sentes, ainsi que des ar\u00f4mes de baies et une acidit\u00e9 qui peut \u00eatre citronn\u00e9e.<\/span><\/p>\n<h3><b>L&rsquo;Asie, le paradis des caf\u00e9s robusta<\/b><\/h3>\n<p><span style=\"font-weight: 400;\">Le d\u00e9but de <\/span><b>la culture du caf\u00e9 en Asie<\/b><span style=\"font-weight: 400;\"> fut marqu\u00e9 par de nombreuses difficult\u00e9s dues \u00e0 diverses maladies. Raison pour laquelle les plants de caf\u00e9iers robusta, prot\u00e9g\u00e9s par leur teneur en caf\u00e9ine, sont privil\u00e9gi\u00e9s. Le revers de la m\u00e9daille est que les caf\u00e9s asiatiques eurent longtemps une pi\u00e8tre r\u00e9putation. Aujourd&rsquo;hui, le Vietnam est le 2e producteur mondial de caf\u00e9. L&rsquo;Asie propose une large palette de caf\u00e9s, dont des vari\u00e9t\u00e9s arabica robustes et intenses. Le robusta asiatique est tr\u00e8s appr\u00e9ci\u00e9 dans les m\u00e9langes et, s&rsquo;il fallait qualifier le caf\u00e9 asiatique, on pourrait dire qu&rsquo;il est rustique et terreux.<\/span><\/p>\n<h2><b>De l&rsquo;origine \u00e0 votre cafeti\u00e8re<\/b><\/h2>\n<p><span style=\"font-weight: 400;\">Jamais les mots ne remplaceront la d\u00e9gustation. Muni de votre cafeti\u00e8re, votre machine \u00e0 caf\u00e9 automatique ou de votre machine espresso, partez \u00e0 la <\/span><b>d\u00e9couverte des caf\u00e9s du monde<\/b><span style=\"font-weight: 400;\">. Certains voyagent avec une valise, laissez votre cafeti\u00e8re vous guider. N&rsquo;h\u00e9sitez pas \u00e0 nous contacter si vous voulez en apprendre plus sur l&rsquo;origine de nos caf\u00e9s. Nous serons \u00e9galement ravis de vous conseiller la meilleure m\u00e9thode de pr\u00e9paration pour chacun d&rsquo;eux.<\/span><\/p>\n<p><span style=\"font-weight: 400;\">Consultez nos autres pages pour tout savoir sur le caf\u00e9 en grains :<\/span><\/p>\n<ul>\n<li style=\"font-weight: 400;\" aria-level=\"1\"><a href=\"https:\/\/yithcompare.321dev.ch\/fr\/arabica-ou-robusta-quelles-differences\/\"><span style=\"font-weight: 400;\">Arabica ou robusta, quelles diff\u00e9rences ?<\/span><\/a><\/li>\n<li style=\"font-weight: 400;\" aria-level=\"1\"><a href=\"https:\/\/yithcompare.321dev.ch\/fr\/type-de-cafe-en-grains\/\"><span style=\"font-weight: 400;\">Les diff\u00e9rents types de caf\u00e9 en grain<\/span><\/a><span style=\"font-weight: 400;\">.<\/span><\/li>\n<li style=\"font-weight: 400;\" aria-level=\"1\"><a href=\"https:\/\/yithcompare.321dev.ch\/fr\/labels-du-cafe-en-grains\/\"><span style=\"font-weight: 400;\">Les labels du caf\u00e9 en grain<\/span><\/a><span style=\"font-weight: 400;\">.<\/span><\/li>\n<li style=\"font-weight: 400;\" aria-level=\"1\"><a href=\"https:\/\/yithcompare.321dev.ch\/fr\/quel-est-le-meilleur-cafe-en-grains\/\"><span style=\"font-weight: 400;\">Quel est le meilleur caf\u00e9 en grain<\/span><\/a><span style=\"font-weight: 400;\"> ?<\/span><\/li>\n<li style=\"font-weight: 400;\" aria-level=\"1\"><a href=\"https:\/\/yithcompare.321dev.ch\/fr\/la-torrefaction\/\"><span style=\"font-weight: 400;\">Tout savoir sur la torr\u00e9faction<\/span><\/a><span style=\"font-weight: 400;\">.<\/span><\/li>\n<\/ul>","protected":false},"excerpt":{"rendered":"<p>L&rsquo;origine du caf\u00e9 en grains, de la l\u00e9gende au caf\u00e9 d&rsquo;aujourd&rsquo;hui L&rsquo;origine du caf\u00e9 est encore aujourd&rsquo;hui teint\u00e9e de myst\u00e8re. Sa d\u00e9couverte et son exploitation sont impr\u00e9gn\u00e9es de mythes et de l\u00e9gendes. Le caf\u00e9 est n\u00e9anmoins devenu la boisson la plus consomm\u00e9e au monde apr\u00e8s l&rsquo;eau. L&rsquo;origine du caf\u00e9 en grains compte pour beaucoup dans [&hellip;]<\/p>\n","protected":false},"author":3682,"featured_media":0,"parent":0,"menu_order":0,"comment_status":"closed","ping_status":"closed","template":"","meta":{"footnotes":""},"class_list":["post-29079","page","type-page","status-publish","hentry"],"_links":{"self":[{"href":"https:\/\/yithcompare.321dev.ch\/fr\/wp-json\/wp\/v2\/pages\/29079","targetHints":{"allow":["GET"]}}],"collection":[{"href":"https:\/\/yithcompare.321dev.ch\/fr\/wp-json\/wp\/v2\/pages"}],"about":[{"href":"https:\/\/yithcompare.321dev.ch\/fr\/wp-json\/wp\/v2\/types\/page"}],"author":[{"embeddable":true,"href":"https:\/\/yithcompare.321dev.ch\/fr\/wp-json\/wp\/v2\/users\/3682"}],"replies":[{"embeddable":true,"href":"https:\/\/yithcompare.321dev.ch\/fr\/wp-json\/wp\/v2\/comments?post=29079"}],"version-history":[{"count":0,"href":"https:\/\/yithcompare.321dev.ch\/fr\/wp-json\/wp\/v2\/pages\/29079\/revisions"}],"wp:attachment":[{"href":"https:\/\/yithcompare.321dev.ch\/fr\/wp-json\/wp\/v2\/media?parent=29079"}],"curies":[{"name":"wp","href":"https:\/\/api.w.org\/{rel}","templated":true}]}}