{"id":29073,"date":"2021-12-16T09:58:23","date_gmt":"2021-12-16T07:58:23","guid":{"rendered":"https:\/\/esperanza.ch\/?page_id=29073"},"modified":"2024-11-21T11:02:00","modified_gmt":"2024-11-21T09:02:00","slug":"conserver-cafe-en-grains-dans-bonnes-conditions","status":"publish","type":"page","link":"https:\/\/yithcompare.321dev.ch\/fr\/conserver-cafe-en-grains-dans-bonnes-conditions\/","title":{"rendered":"Comment conserver du caf\u00e9 en grains dans de bonnes conditions"},"content":{"rendered":"<h1><b>Comment conserver du caf\u00e9 en grains ?<\/b><\/h1>\n<p><span style=\"font-weight: 400;\">Comment conserver du <\/span><a href=\"https:\/\/yithcompare.321dev.ch\/fr\/cafe\/cafe-en-grains\/\"><span style=\"font-weight: 400;\">caf\u00e9 en grains<\/span><\/a><span style=\"font-weight: 400;\"> pour qu&rsquo;il conserve tous ses ar\u00f4mes et saveurs. Faire le choix d&rsquo;acheter son caf\u00e9 en grains sugg\u00e8re une recherche de qualit\u00e9. <\/span><b>Il serait dommage que votre caf\u00e9 se d\u00e9grade rapidement<\/b><span style=\"font-weight: 400;\"> pour cause de conservation inappropri\u00e9e. Les ennemis du caf\u00e9 en grains sont l&rsquo;humidit\u00e9, la lumi\u00e8re, l&rsquo;air et les temp\u00e9ratures extr\u00eames. Il faut donc pr\u00e9server le caf\u00e9 en grains dans une bo\u00eete herm\u00e9tique et opaque, \u00e0 temp\u00e9rature ambiante. Nos conseils pour une conservation optimale du caf\u00e9.<\/span><\/p>\n<h2><b>La qualit\u00e9 du caf\u00e9 en grains de la r\u00e9colte jusqu&rsquo;\u00e0 votre tasse<\/b><\/h2>\n<p><b>Le caf\u00e9 en grains est une mati\u00e8re vivante<\/b><span style=\"font-weight: 400;\">. D\u00e8s sa r\u00e9colte, il b\u00e9n\u00e9ficie de la plus grande attention de la part des producteurs. La torr\u00e9faction va lui permettre de sublimer et de fixer ses ar\u00f4mes et saveurs. Le caf\u00e9 fra\u00eechement torr\u00e9fi\u00e9 est emball\u00e9 dans un paquet herm\u00e9tique, g\u00e9n\u00e9ralement en aluminium, pourvu d&rsquo;une valve unidirectionnelle. Apr\u00e8s l&rsquo;ouverture de votre paquet de caf\u00e9, une conservation optimale va amener jusqu&rsquo;\u00e0 votre tasse toutes les qualit\u00e9s que vous attendez d&rsquo;un bon caf\u00e9.<\/span><\/p>\n<h2><b>Dur\u00e9e de conservation avant la consommation<\/b><\/h2>\n<p><span style=\"font-weight: 400;\">Le caf\u00e9 en grains se conserve beaucoup mieux que le caf\u00e9 moulu. C&rsquo;est un aliment sec qui n&rsquo;a pas de date de p\u00e9remption, mais une date id\u00e9ale de consommation. Le choix d&rsquo;<\/span><b>un caf\u00e9 en grains issu d&rsquo;une torr\u00e9faction artisanale<\/b><span style=\"font-weight: 400;\"> vous garantit une fra\u00eecheur optimale. Une fois le sachet ouvert, vous pourrez conserver votre caf\u00e9 en grains quelques semaines si vous respectez les r\u00e8gles de conservation de base.<\/span><\/p>\n<h3><b>Le caf\u00e9 en grains n&rsquo;aime ni le chaud, ni le froid<\/b><\/h3>\n<p><span style=\"font-weight: 400;\">Le caf\u00e9 en grains supporte mal les temp\u00e9ratures extr\u00eames. Le conserver au r\u00e9frig\u00e9rateur, voire au cong\u00e9lateur, serait une fausse bonne id\u00e9e, contrairement \u00e0 ce que disent certains. <\/span><b>Le froid va figer les huiles contenues dans votre caf\u00e9<\/b><span style=\"font-weight: 400;\">, ce qui va nuire \u00e0 ses propri\u00e9t\u00e9s organoleptiques. De son c\u00f4t\u00e9, la chaleur va avoir tendance \u00e0 rancir les grains de caf\u00e9.<\/span><\/p>\n<h3><b>Le caf\u00e9 en grains est la seule star qui fuit la lumi\u00e8re<\/b><\/h3>\n<p><span style=\"font-weight: 400;\">Quoi de plus beau qu&rsquo;une \u00e9tag\u00e8re de bocaux garnis de denr\u00e9es de diff\u00e9rentes couleurs dans votre cuisine ? L\u00e0 encore, c&rsquo;est une mauvaise id\u00e9e ! <\/span><b>Le caf\u00e9 en grains n&rsquo;aime pas la lumi\u00e8re<\/b><span style=\"font-weight: 400;\">. Comme la chaleur, elle va acc\u00e9l\u00e9rer le rancissement de votre caf\u00e9 qui va se d\u00e9grader et perdre rapidement ses qualit\u00e9s gustatives.<\/span><\/p>\n<h3><b>L&rsquo;humidit\u00e9 et l&rsquo;oxyg\u00e8ne, indispensables \u00e0 l&rsquo;extraction, sont n\u00e9fastes \u00e0 la conservation<\/b><\/h3>\n<p><span style=\"font-weight: 400;\">Le caf\u00e9 a besoin d&rsquo;eau et d&rsquo;oxyg\u00e8ne pour exprimer la richesse de ses ar\u00f4mes. A contrario, exposer votre caf\u00e9 en grains \u00e0 l&rsquo;air ou \u00e0 l&rsquo;humidit\u00e9 est catastrophique. <\/span><b>Le contact de l&rsquo;air provoque l&rsquo;oxydation du grain de caf\u00e9<\/b><span style=\"font-weight: 400;\"> et la perte des substances volatiles. L&rsquo;humidit\u00e9 va provoquer la moisissure de votre caf\u00e9 en grains.<\/span><\/p>\n<p><span style=\"font-weight: 400;\">Il faut \u00e9galement comprendre qu&rsquo;un grain de caf\u00e9 est poreux. Il se comporte comme une \u00e9ponge et absorbe l&rsquo;humidit\u00e9 et toutes les odeurs de son environnement. <\/span><b>Laisser le caf\u00e9 \u00e0 l&rsquo;air libre va modifier son go\u00fbt<\/b><span style=\"font-weight: 400;\">. Vous risquez des mariages de saveurs improbables, tr\u00e8s loin de votre espresso favori.<\/span><\/p>\n<h2><b>R\u00e9cipient, dur\u00e9e, temp\u00e9rature et quantit\u00e9<\/b><\/h2>\n<p><span style=\"font-weight: 400;\">Si vous choisissez une bo\u00eete herm\u00e9tique, opaque et qui permet de faire le vide d&rsquo;air, vous pourrez conserver votre caf\u00e9 en grains jusqu&rsquo;\u00e0 2 \u00e0 3 mois. <\/span><b>La temp\u00e9rature id\u00e9ale de stockage se situe entre 10 et 25\u00b0C<\/b><span style=\"font-weight: 400;\">. N&rsquo;ouvrez pas votre bo\u00eete inutilement, car \u00e0 chaque ouverture, le caf\u00e9 est en contact avec l&rsquo;air ambiant. Adaptez votre achat \u00e0 votre consommation, inutile de choisir un emballage d&rsquo;un kilo si vous buvez peu de caf\u00e9.<\/span><\/p>\n<p><span style=\"font-weight: 400;\">Consultez nos autres pages pour tout savoir sur le caf\u00e9 en grains :<\/span><\/p>\n<ul>\n<li style=\"font-weight: 400;\" aria-level=\"1\"><a href=\"https:\/\/yithcompare.321dev.ch\/fr\/comment-choisir-son-cafe-en-grains-nos-astuces-et-conseils\/\"><span style=\"font-weight: 400;\">Comment choisir son caf\u00e9 en grain ;<\/span><\/a><\/li>\n<li style=\"font-weight: 400;\" aria-level=\"1\"><a href=\"https:\/\/yithcompare.321dev.ch\/fr\/comment-preparer-cafe-en-grains\/\"><span style=\"font-weight: 400;\">Comment pr\u00e9parer caf\u00e9 en grains<\/span><\/a><span style=\"font-weight: 400;\">.<\/span><\/li>\n<\/ul>","protected":false},"excerpt":{"rendered":"<p>Comment conserver du caf\u00e9 en grains ? Comment conserver du caf\u00e9 en grains pour qu&rsquo;il conserve tous ses ar\u00f4mes et saveurs. Faire le choix d&rsquo;acheter son caf\u00e9 en grains sugg\u00e8re une recherche de qualit\u00e9. Il serait dommage que votre caf\u00e9 se d\u00e9grade rapidement pour cause de conservation inappropri\u00e9e. Les ennemis du caf\u00e9 en grains sont [&hellip;]<\/p>\n","protected":false},"author":3682,"featured_media":0,"parent":0,"menu_order":0,"comment_status":"closed","ping_status":"closed","template":"","meta":{"footnotes":""},"class_list":["post-29073","page","type-page","status-publish","hentry"],"_links":{"self":[{"href":"https:\/\/yithcompare.321dev.ch\/fr\/wp-json\/wp\/v2\/pages\/29073","targetHints":{"allow":["GET"]}}],"collection":[{"href":"https:\/\/yithcompare.321dev.ch\/fr\/wp-json\/wp\/v2\/pages"}],"about":[{"href":"https:\/\/yithcompare.321dev.ch\/fr\/wp-json\/wp\/v2\/types\/page"}],"author":[{"embeddable":true,"href":"https:\/\/yithcompare.321dev.ch\/fr\/wp-json\/wp\/v2\/users\/3682"}],"replies":[{"embeddable":true,"href":"https:\/\/yithcompare.321dev.ch\/fr\/wp-json\/wp\/v2\/comments?post=29073"}],"version-history":[{"count":0,"href":"https:\/\/yithcompare.321dev.ch\/fr\/wp-json\/wp\/v2\/pages\/29073\/revisions"}],"wp:attachment":[{"href":"https:\/\/yithcompare.321dev.ch\/fr\/wp-json\/wp\/v2\/media?parent=29073"}],"curies":[{"name":"wp","href":"https:\/\/api.w.org\/{rel}","templated":true}]}}