{"id":23321,"date":"2021-04-08T16:03:15","date_gmt":"2021-04-08T14:03:15","guid":{"rendered":"https:\/\/esperanza.ch\/?page_id=23321"},"modified":"2025-05-05T07:48:30","modified_gmt":"2025-05-05T05:48:30","slug":"accueil","status":"publish","type":"page","link":"https:\/\/yithcompare.321dev.ch\/fr\/","title":{"rendered":"Accueil"},"content":{"rendered":"[title text=\u00a0\u00bbEsperanza\u00a0\u00bb tag_name=\u00a0\u00bbh1&Prime; visibility=\u00a0\u00bbhidden\u00a0\u00bb]\n\n[ux_slider label=\u00a0\u00bbSlider desktop\u00a0\u00bb nav_size=\u00a0\u00bbnormal\u00a0\u00bb nav_style=\u00a0\u00bbsimple\u00a0\u00bb bullets=\u00a0\u00bbfalse\u00a0\u00bb bullet_style=\u00a0\u00bbdashes-spaced\u00a0\u00bb timer=\u00a0\u00bb7500&Prime; visibility=\u00a0\u00bbhide-for-small\u00a0\u00bb]\n\n[ux_banner label=\u00a0\u00bbS19&Prime; height=\u00a0\u00bb600px\u00a0\u00bb bg=\u00a0\u00bb60382&Prime; bg_overlay=\u00a0\u00bbrgba(0, 0, 0, 0.401)\u00a0\u00bb bg_pos=\u00a0\u00bb22% 42%\u00a0\u00bb video_visibility=\u00a0\u00bbvisible\u00a0\u00bb]\n\n[text_box width=\u00a0\u00bb66&Prime; width__sm=\u00a0\u00bb87&Prime; width__md=\u00a0\u00bb61&Prime; padding=\u00a0\u00bb20px 20px 20px 20px\u00a0\u00bb padding__md=\u00a0\u00bb20px 20px 20px 20px\u00a0\u00bb position_x=\u00a0\u00bb5&Prime; position_x__sm=\u00a0\u00bbNaN\u00a0\u00bb position_x__md=\u00a0\u00bb10&Prime; position_y=\u00a0\u00bb90&Prime; position_y__sm=\u00a0\u00bbNaN\u00a0\u00bb position_y__md=\u00a0\u00bb85&Prime; text_align=\u00a0\u00bbleft\u00a0\u00bb]\n\n<h2 data-renderer-start-pos=\"635\"><strong>Une r\u00e9duction de 20% sur tous nos caf\u00e9s.<\/strong><\/h2>\n<h3 data-prosemirror-content-type=\"node\" data-prosemirror-node-name=\"paragraph\" data-prosemirror-node-block=\"true\" data-pm-slice=\"1 1 []\">Uniquement cette semaine, de lundi \u00e0 dimanche.<\/h3>\n<p>\u00a0<\/p>\n[ux_text font_size=\u00a0\u00bb1&Prime; line_height=\u00a0\u00bb1.2&Prime; text_align=\u00a0\u00bbleft\u00a0\u00bb text_color=\u00a0\u00bbrgb(255,255,255)\u00a0\u00bb]\n\n\n[\/ux_text]\n[gap height=\u00a0\u00bb10px\u00a0\u00bb]\n\n[button text=\u00a0\u00bbCaf\u00e9s en grain\u00a0\u00bb color=\u00a0\u00bbsecondary\u00a0\u00bb size=\u00a0\u00bblarger\u00a0\u00bb animate=\u00a0\u00bbfadeInLeft\u00a0\u00bb icon=\u00a0\u00bbicon-angle-right\u00a0\u00bb link=\u00a0\u00bbhttps:\/\/yithcompare.321dev.ch\/fr\/categorie-produit\/cafe\/cafe-en-grains\/\u00a0\u00bb]\n\n\n[\/text_box]\n\n[\/ux_banner]\n\n[\/ux_slider]\n[ux_slider label=\u00a0\u00bbSlider mobile\u00a0\u00bb nav_size=\u00a0\u00bbnormal\u00a0\u00bb nav_style=\u00a0\u00bbsimple\u00a0\u00bb bullets=\u00a0\u00bbfalse\u00a0\u00bb bullet_style=\u00a0\u00bbdashes-spaced\u00a0\u00bb timer=\u00a0\u00bb7500&Prime; visibility=\u00a0\u00bbshow-for-small\u00a0\u00bb]\n\n[ux_banner label=\u00a0\u00bbS19&Prime; height=\u00a0\u00bb600px\u00a0\u00bb bg=\u00a0\u00bb60382&Prime; bg_overlay=\u00a0\u00bbrgba(0, 0, 0, 0.401)\u00a0\u00bb bg_pos=\u00a0\u00bb20% 80%\u00a0\u00bb link=\u00a0\u00bbhttps:\/\/yithcompare.321dev.ch\/fr\/produit\/cafe-esperanza-excelso-bio-fairtrade\/-\u00a0\u00bb video_visibility=\u00a0\u00bbvisible\u00a0\u00bb]\n\n[text_box width=\u00a0\u00bb59&Prime; width__sm=\u00a0\u00bb94&Prime; width__md=\u00a0\u00bb75&Prime; padding=\u00a0\u00bb20px 20px 20px 20px\u00a0\u00bb padding__md=\u00a0\u00bb20px 20px 20px 20px\u00a0\u00bb position_x=\u00a0\u00bb15&Prime; position_x__sm=\u00a0\u00bb50&Prime; position_x__md=\u00a0\u00bb50&Prime; position_y=\u00a0\u00bb80&Prime; position_y__sm=\u00a0\u00bb20&Prime; position_y__md=\u00a0\u00bb15&Prime; text_align=\u00a0\u00bbleft\u00a0\u00bb]\n\n[ux_text font_size=\u00a0\u00bb1&Prime; line_height=\u00a0\u00bb1.2&Prime; text_align=\u00a0\u00bbleft\u00a0\u00bb text_color=\u00a0\u00bbrgb(255,255,255)\u00a0\u00bb]\n\n<h2 data-renderer-start-pos=\"635\"><strong>Une r\u00e9duction de 20% sur tous nos caf\u00e9s.<\/strong><\/h2>\n<h3 data-prosemirror-content-type=\"node\" data-prosemirror-node-name=\"paragraph\" data-prosemirror-node-block=\"true\" data-pm-slice=\"1 1 []\">Uniquement cette semaine, de lundi \u00e0 dimanche.<\/h3>\n[\/ux_text]\n[gap height=\u00a0\u00bb5px\u00a0\u00bb]\n\n[button text=\u00a0\u00bbCAF\u00c9S EN GRAIN\u00a0\u00bb color=\u00a0\u00bbsecondary\u00a0\u00bb size=\u00a0\u00bbxlarge\u00a0\u00bb animate=\u00a0\u00bbfadeInLeft\u00a0\u00bb icon=\u00a0\u00bbicon-angle-right\u00a0\u00bb link=\u00a0\u00bbhttps:\/\/yithcompare.321dev.ch\/fr\/categorie-produit\/cafe\/cafe-en-grains\/\u00a0\u00bb]\n\n\n[\/text_box]\n\n[\/ux_banner]\n\n[\/ux_slider]\n[section label=\u00a0\u00bbSection caf\u00e9s\u00a0\u00bb]\n\n[row]\n\n[col span__sm=\u00a0\u00bb12&Prime;]\n\n[ux_text font_size=\u00a0\u00bb1.2&Prime; line_height=\u00a0\u00bb0.75&Prime; text_color=\u00a0\u00bb#d9622b\u00a0\u00bb]\n\n<h2><strong>Notre s\u00e9lection des meilleurs caf\u00e9s, fra\u00eechement torr\u00e9fi\u00e9s en Gruy\u00e8re &#8211; depuis 1996.<\/strong><\/h2>\n[\/ux_text]\n[gap]\n\n[title style=\u00a0\u00bbbold\u00a0\u00bb text=\u00a0\u00bbNos caf\u00e9s bestsellers\u00a0\u00bb tag_name=\u00a0\u00bbh2&Prime; color=\u00a0\u00bbrgb(0, 0, 0)\u00a0\u00bb margin_top=\u00a0\u00bb0px\u00a0\u00bb size=\u00a0\u00bb80&Prime;]\n\n\n[\/col]\n\n[\/row]\n[ux_products type=\u00a0\u00bbrow\u00a0\u00bb col_spacing=\u00a0\u00bbnormal\u00a0\u00bb show_cat=\u00a0\u00bb0&Prime; equalize_box=\u00a0\u00bbtrue\u00a0\u00bb ids=\u00a0\u00bb0&Prime; cat=\u00a0\u00bb26&Prime; orderby=\u00a0\u00bbsales\u00a0\u00bb order=\u00a0\u00bbDESC\u00a0\u00bb out_of_stock=\u00a0\u00bbexclude\u00a0\u00bb]\n\n[row h_align=\u00a0\u00bbcenter\u00a0\u00bb]\n\n[col span=\u00a0\u00bb6&Prime; span__sm=\u00a0\u00bb12&Prime; align=\u00a0\u00bbcenter\u00a0\u00bb]\n\n[button text=\u00a0\u00bbd\u00e9couvrir notre s\u00e9lection de caf\u00e9s\u00a0\u00bb icon=\u00a0\u00bbicon-angle-right\u00a0\u00bb link=\u00a0\u00bbhttps:\/\/yithcompare.321dev.ch\/fr\/categorie-produit\/cafe\u00a0\u00bb]\n\n\n[\/col]\n\n[\/row]\n\n[\/section]\n[section label=\u00a0\u00bbSection machines particuliers\u00a0\u00bb padding=\u00a0\u00bb0px\u00a0\u00bb]\n\n[title style=\u00a0\u00bbbold\u00a0\u00bb text=\u00a0\u00bbMACHINES \u00c0 CAF\u00c9 POUR PARTICULIERS\u00a0\u00bb tag_name=\u00a0\u00bbh2&Prime; color=\u00a0\u00bbrgb(59, 55, 53)\u00a0\u00bb margin_top=\u00a0\u00bb50px\u00a0\u00bb size=\u00a0\u00bb80&Prime;]\n\n[ux_products slider_nav_style=\u00a0\u00bbsimple\u00a0\u00bb auto_slide=\u00a0\u00bb5000&Prime; show_cat=\u00a0\u00bb0&Prime; equalize_box=\u00a0\u00bbtrue\u00a0\u00bb ids=\u00a0\u00bb0&Prime; cat=\u00a0\u00bb44&Prime; products=\u00a0\u00bb20&Prime; orderby=\u00a0\u00bbsales\u00a0\u00bb order=\u00a0\u00bbDESC\u00a0\u00bb out_of_stock=\u00a0\u00bbexclude\u00a0\u00bb]\n\n\n[\/section]\n[section label=\u00a0\u00bbSection machines pro\u00a0\u00bb]\n\n[title style=\u00a0\u00bbbold\u00a0\u00bb text=\u00a0\u00bbMACHINES \u00c0 CAF\u00c9 POUR ENTREPRISES\u00a0\u00bb tag_name=\u00a0\u00bbh2&Prime; color=\u00a0\u00bbrgb(59, 55, 53)\u00a0\u00bb size=\u00a0\u00bb80&Prime;]\n\n[ux_products slider_nav_style=\u00a0\u00bbsimple\u00a0\u00bb auto_slide=\u00a0\u00bb5000&Prime; show_cat=\u00a0\u00bb0&Prime; equalize_box=\u00a0\u00bbtrue\u00a0\u00bb ids=\u00a0\u00bb0&Prime; cat=\u00a0\u00bb106&Prime; products=\u00a0\u00bb20&Prime; orderby=\u00a0\u00bbsales\u00a0\u00bb order=\u00a0\u00bbDESC\u00a0\u00bb out_of_stock=\u00a0\u00bbexclude\u00a0\u00bb]\n\n[title style=\u00a0\u00bbbold\u00a0\u00bb text=\u00a0\u00bbcafeti\u00e8res SLOW COFFEE\u00a0\u00bb tag_name=\u00a0\u00bbh2&Prime; color=\u00a0\u00bbrgb(59, 55, 53)\u00a0\u00bb size=\u00a0\u00bb80&Prime;]\n\n[ux_products slider_nav_style=\u00a0\u00bbsimple\u00a0\u00bb auto_slide=\u00a0\u00bb5000&Prime; show_cat=\u00a0\u00bb0&Prime; equalize_box=\u00a0\u00bbtrue\u00a0\u00bb ids=\u00a0\u00bb0&Prime; cat=\u00a0\u00bb438&Prime; products=\u00a0\u00bb20&Prime; orderby=\u00a0\u00bbsales\u00a0\u00bb order=\u00a0\u00bbDESC\u00a0\u00bb out_of_stock=\u00a0\u00bbexclude\u00a0\u00bb]\n\n\n[\/section]\n[section label=\u00a0\u00bbJURA logos dektop\u00a0\u00bb video_visibility=\u00a0\u00bbvisible\u00a0\u00bb visibility=\u00a0\u00bbhide-for-small\u00a0\u00bb]\n\n[row]\n\n[col span=\u00a0\u00bb2&Prime; span__sm=\u00a0\u00bb12&Prime;]\n\n[ux_image id=\u00a0\u00bb56942&Prime; image_size=\u00a0\u00bboriginal\u00a0\u00bb width=\u00a0\u00bb60&Prime;]\n\n\n[\/col]\n[col span=\u00a0\u00bb2&Prime; span__sm=\u00a0\u00bb12&Prime;]\n\n[ux_image id=\u00a0\u00bb56946&Prime; image_size=\u00a0\u00bboriginal\u00a0\u00bb width=\u00a0\u00bb71&Prime;]\n\n\n[\/col]\n[col span=\u00a0\u00bb2&Prime; span__sm=\u00a0\u00bb12&Prime;]\n\n[ux_image id=\u00a0\u00bb56944&Prime; image_size=\u00a0\u00bboriginal\u00a0\u00bb width=\u00a0\u00bb96&Prime;]\n\n\n[\/col]\n[col span=\u00a0\u00bb6&Prime; span__sm=\u00a0\u00bb12&Prime; padding=\u00a0\u00bb20px 0px 0px 0px\u00a0\u00bb]\n\n[ux_text line_height=\u00a0\u00bb1.5&Prime;]\n\n<p>Ces labels vous assurent conseils et suivi d\u00e8s votre envie d\u2019acquisition d\u2019une machine \u00e0 caf\u00e9 automatique JURA.<\/p>\n[\/ux_text]\n\n[\/col]\n\n[\/row]\n\n[\/section]\n[section label=\u00a0\u00bbJURA logos mobile\u00a0\u00bb video_visibility=\u00a0\u00bbvisible\u00a0\u00bb visibility=\u00a0\u00bbshow-for-small\u00a0\u00bb]\n\n[row]\n\n[col span=\u00a0\u00bb4&Prime; span__sm=\u00a0\u00bb4&Prime;]\n\n[ux_image id=\u00a0\u00bb56942&Prime; image_size=\u00a0\u00bbmedium\u00a0\u00bb width=\u00a0\u00bb60&Prime; width__sm=\u00a0\u00bb64&Prime;]\n\n\n[\/col]\n[col span=\u00a0\u00bb4&Prime; span__sm=\u00a0\u00bb4&Prime;]\n\n[ux_image id=\u00a0\u00bb56946&Prime; image_size=\u00a0\u00bbmedium\u00a0\u00bb width=\u00a0\u00bb71&Prime; width__sm=\u00a0\u00bb72&Prime;]\n\n\n[\/col]\n[col span=\u00a0\u00bb4&Prime; span__sm=\u00a0\u00bb4&Prime;]\n\n[ux_image id=\u00a0\u00bb56944&Prime; image_size=\u00a0\u00bbmedium\u00a0\u00bb width=\u00a0\u00bb96&Prime; width__sm=\u00a0\u00bb100&Prime;]\n\n\n[\/col]\n[col span=\u00a0\u00bb4&Prime; span__sm=\u00a0\u00bb12&Prime;]\n\n[ux_text line_height__sm=\u00a0\u00bb1.5&Prime; text_align__sm=\u00a0\u00bbleft\u00a0\u00bb]\n\n<p>Ces labels vous assurent conseils et suivi d\u00e8s votre envie d\u2019acquisition d\u2019une machine \u00e0 caf\u00e9 automatique JURA.<\/p>\n[\/ux_text]\n\n[\/col]\n\n[\/row]\n\n[\/section]\n[section label=\u00a0\u00bbEntreprise \/ Location\u00a0\u00bb bg_color=\u00a0\u00bbrgb(255, 255, 255)\u00a0\u00bb padding=\u00a0\u00bb0px\u00a0\u00bb]\n\n[row style=\u00a0\u00bbsmall\u00a0\u00bb width=\u00a0\u00bbfull-width\u00a0\u00bb]\n\n[col span=\u00a0\u00bb6&Prime; span__sm=\u00a0\u00bb12&Prime;]\n\n[ux_banner height=\u00a0\u00bb50%\u00a0\u00bb height__md=\u00a0\u00bb75%\u00a0\u00bb bg=\u00a0\u00bb23340&Prime; bg_overlay=\u00a0\u00bbrgba(0,0,0,.5)\u00a0\u00bb bg_pos=\u00a0\u00bb34% 54%\u00a0\u00bb link=\u00a0\u00bbhttps:\/\/yithcompare.321dev.ch\/fr\/solutions-pro-machines-a-cafe\/bureau-et-entreprise\/\u00a0\u00bb]\n\n[text_box width=\u00a0\u00bb80&Prime; position_x=\u00a0\u00bb50&Prime; position_y=\u00a0\u00bb50&Prime;]\n\n[title text=\u00a0\u00bbCAF\u00c9 EN ENTREPRISE\u00a0\u00bb tag_name=\u00a0\u00bbh2&Prime; size=\u00a0\u00bb136&Prime;]\n\n[title text=\u00a0\u00bbMACHINES \u00c0 CAF\u00c9S AU BUREAU\u00a0\u00bb tag_name=\u00a0\u00bbh2&Prime; size=\u00a0\u00bb85&Prime; visibility=\u00a0\u00bbhide-for-small\u00a0\u00bb]\n\n[button text=\u00a0\u00bbEn savoir plus\u00a0\u00bb size=\u00a0\u00bbxlarge\u00a0\u00bb link=\u00a0\u00bbhttps:\/\/yithcompare.321dev.ch\/fr\/solutions-pro-machines-a-cafe\/bureau-et-entreprise\/\u00a0\u00bb]\n\n\n[\/text_box]\n\n[\/ux_banner]\n\n[\/col]\n[col span=\u00a0\u00bb6&Prime; span__sm=\u00a0\u00bb12&Prime;]\n\n[ux_banner height=\u00a0\u00bb50%\u00a0\u00bb height__md=\u00a0\u00bb75%\u00a0\u00bb bg=\u00a0\u00bb23464&Prime; bg_overlay=\u00a0\u00bbrgba(0,0,0,.5)\u00a0\u00bb link=\u00a0\u00bbhttps:\/\/yithcompare.321dev.ch\/fr\/solutions-pro-machines-a-cafe\/evenement-et-manifestation\/\u00a0\u00bb]\n\n[text_box width=\u00a0\u00bb80&Prime; position_x=\u00a0\u00bb50&Prime; position_y=\u00a0\u00bb50&Prime;]\n\n[title text=\u00a0\u00bbCAF\u00c9 EN MANIFESTATION\u00a0\u00bb tag_name=\u00a0\u00bbh2&Prime; size=\u00a0\u00bb136&Prime;]\n\n<div class=\"section-title section-title-normal h2_div\"><b><\/b><span class=\"section-title-main\" style=\"font-size:85%;\">locations tout compris<\/span><b><\/b><\/div>\n[button text=\u00a0\u00bbEn savoir plus\u00a0\u00bb size=\u00a0\u00bbxlarge\u00a0\u00bb padding=\u00a0\u00bb0px 0px px 0px\u00a0\u00bb link=\u00a0\u00bbhttps:\/\/yithcompare.321dev.ch\/fr\/solutions-pro-machines-a-cafe\/evenement-et-manifestation\/\u00a0\u00bb]\n\n\n[\/text_box]\n\n[\/ux_banner]\n\n[\/col]\n\n[\/row]\n\n[\/section]\n[gap height=\u00a0\u00bb58px\u00a0\u00bb]\n\n<div class=\"container section-title-container\">\n<div class=\"section-title section-title-bold h2_div_normal\"><b><\/b><span class=\"section-title-main\" style=\"font-size:80%;color:rgb(59, 55, 53);\">Nos articles<\/span><b><\/b><\/div>\n<\/div>\n[blog_posts style=\u00a0\u00bbdefault\u00a0\u00bb type=\u00a0\u00bbrow\u00a0\u00bb columns=\u00a0\u00bb3&Prime; depth=\u00a0\u00bb1&Prime; depth_hover=\u00a0\u00bb4&Prime; cat=\u00a0\u00bb1&Prime; posts=\u00a0\u00bb6&Prime; readmore=\u00a0\u00bbLire\u00a0\u00bb show_date=\u00a0\u00bbfalse\u00a0\u00bb image_height=\u00a0\u00bb200px\u00a0\u00bb]\n\n[row h_align=\u00a0\u00bbcenter\u00a0\u00bb]\n\n[col span=\u00a0\u00bb4&Prime; span__sm=\u00a0\u00bb12&Prime; align=\u00a0\u00bbcenter\u00a0\u00bb]\n\n[button text=\u00a0\u00bbTous nos articles\u00a0\u00bb icon=\u00a0\u00bbicon-angle-right\u00a0\u00bb link=\u00a0\u00bbhttps:\/\/yithcompare.321dev.ch\/fr\/blog\/\u00a0\u00bb]\n\n\n[\/col]\n\n[\/row]\n[section label=\u00a0\u00bbTestimonials\u00a0\u00bb padding=\u00a0\u00bb60px\u00a0\u00bb]\n\n[ux_slider style=\u00a0\u00bbfocus\u00a0\u00bb nav_pos=\u00a0\u00bboutside\u00a0\u00bb arrows=\u00a0\u00bbfalse\u00a0\u00bb nav_style=\u00a0\u00bbsimple\u00a0\u00bb nav_color=\u00a0\u00bbdark\u00a0\u00bb timer=\u00a0\u00bb4000&Prime;]\n\n[row label=\u00a0\u00bbTestimonial 1&Prime; h_align=\u00a0\u00bbcenter\u00a0\u00bb]\n\n[col span=\u00a0\u00bb9&Prime; span__sm=\u00a0\u00bb12&Prime; span__md=\u00a0\u00bb10&Prime; align=\u00a0\u00bbcenter\u00a0\u00bb]\n\n[ux_text font_size=\u00a0\u00bb1.5&Prime; line_height=\u00a0\u00bb1.5&Prime;]\n\n<p>\u00ab\u00a0Chaque fois que j&rsquo;appelle Esperanza, je me sens reconnue, un petit mot doux, une chaleur dans la voix.\u00a0\u00bb<\/p>\n[\/ux_text]\n[featured_box img_width=\u00a0\u00bb50&Prime; pos=\u00a0\u00bbcenter\u00a0\u00bb font_size=\u00a0\u00bbsmall\u00a0\u00bb margin=\u00a0\u00bb10px 0px 0px 0px\u00a0\u00bb class=\u00a0\u00bbcircle\u00a0\u00bb]\n\n<div class=\"h5 text-bold uppercase \">Christine Panchaud<\/div>\n<p>Coordinatrice \u00e0 La Maison du Marais, Plan-les-Ouates<\/p>\n\n[\/featured_box]\n\n[\/col]\n\n[\/row]\n[row label=\u00a0\u00bbTestimonial 2&Prime; h_align=\u00a0\u00bbcenter\u00a0\u00bb]\n\n[col span=\u00a0\u00bb9&Prime; span__sm=\u00a0\u00bb12&Prime; span__md=\u00a0\u00bb10&Prime; align=\u00a0\u00bbcenter\u00a0\u00bb]\n\n[ux_text font_size=\u00a0\u00bb1.5&Prime; line_height=\u00a0\u00bb1.5&Prime;]\n\nNous tenons \u00e0 souligner la qualit\u00e9 des produits Esperanza, tr\u00e8s appr\u00e9ci\u00e9s par nos collaborateurs et cadres, ainsi que de l\u2019excellent accueil t\u00e9l\u00e9phonique et de vos envois rapides de marchandises.\n[\/ux_text]\n[featured_box img_width=\u00a0\u00bb50&Prime; pos=\u00a0\u00bbcenter\u00a0\u00bb font_size=\u00a0\u00bbsmall\u00a0\u00bb margin=\u00a0\u00bb10px 0px 0px 0px\u00a0\u00bb class=\u00a0\u00bbcircle\u00a0\u00bb]\n\n<div class=\"h5 text-bold uppercase \">Beno\u00eet Rime<\/div>\n<p>Gestionnaire de la Caisse du site de Fribourg, CSD MANAGEMENT SA<\/p>\n\n[\/featured_box]\n\n[\/col]\n\n[\/row]\n[row label=\u00a0\u00bbTestimonial 3&Prime; h_align=\u00a0\u00bbcenter\u00a0\u00bb]\n\n[col span=\u00a0\u00bb9&Prime; span__sm=\u00a0\u00bb12&Prime; span__md=\u00a0\u00bb10&Prime; align=\u00a0\u00bbcenter\u00a0\u00bb]\n\n[ux_text font_size=\u00a0\u00bb1.5&Prime; line_height=\u00a0\u00bb1.5&Prime;]\n\nIl nous semblait important de servir un caf\u00e9 de qualit\u00e9 au public des Georges. La collaboration que nous avons tiss\u00e9e avec Esperanza correspond en tous points \u00e0 notre philosophie.\n[\/ux_text]\n[featured_box img_width=\u00a0\u00bb50&Prime; pos=\u00a0\u00bbcenter\u00a0\u00bb font_size=\u00a0\u00bbsmall\u00a0\u00bb margin=\u00a0\u00bb10px 0px 0px 0px\u00a0\u00bb class=\u00a0\u00bbcircle\u00a0\u00bb]\n\n<div class=\"h5 text-bold uppercase \">Xavier Meyer<\/div>\n<p>Directeur du Festival Les Georges.<\/p>\n\n[\/featured_box]\n\n[\/col]\n\n[\/row]\n\n[\/ux_slider]\n\n[\/section]\n[section label=\u00a0\u00bbNos clients\u00a0\u00bb bg_color=\u00a0\u00bbrgb(169, 188, 190)\u00a0\u00bb padding=\u00a0\u00bb40px\u00a0\u00bb]\n\n[row]\n\n[col span__sm=\u00a0\u00bb12&Prime; align=\u00a0\u00bbcenter\u00a0\u00bb]\n\n[row_inner]\n\n[col_inner span__sm=\u00a0\u00bb12&Prime; margin=\u00a0\u00bb0px 0px 0px 0px\u00a0\u00bb align=\u00a0\u00bbleft\u00a0\u00bb color=\u00a0\u00bblight\u00a0\u00bb]\n\n[gap height=\u00a0\u00bb45px\u00a0\u00bb]\n\n[ux_text text_align=\u00a0\u00bbcenter\u00a0\u00bb]\n\n<div class=\"h2_div_normal elementor-heading-title elementor-size-default\" style=\"text-align: center;color: #FFF\"><span style=\"font-size: 180%;\">ILS NOUS FONT CONFIANCE<\/span><\/div>\n[\/ux_text]\n\n[\/col_inner]\n\n[\/row_inner]\n[ux_slider infinitive=\u00a0\u00bbfalse\u00a0\u00bb freescroll=\u00a0\u00bbtrue\u00a0\u00bb hide_nav=\u00a0\u00bbtrue\u00a0\u00bb nav_pos=\u00a0\u00bboutside\u00a0\u00bb nav_style=\u00a0\u00bbsimple\u00a0\u00bb bullets=\u00a0\u00bbfalse\u00a0\u00bb timer=\u00a0\u00bb3000&Prime;]\n\n[logo img=\u00a0\u00bb25741&Prime; hover=\u00a0\u00bbcolor\u00a0\u00bb height=\u00a0\u00bb70px\u00a0\u00bb]\n\n[logo img=\u00a0\u00bb25743&Prime; hover=\u00a0\u00bbcolor\u00a0\u00bb height=\u00a0\u00bb70px\u00a0\u00bb]\n\n[logo img=\u00a0\u00bb25731&Prime; hover=\u00a0\u00bbcolor\u00a0\u00bb height=\u00a0\u00bb70px\u00a0\u00bb]\n\n[logo img=\u00a0\u00bb25747&Prime; hover=\u00a0\u00bbcolor\u00a0\u00bb height=\u00a0\u00bb70px\u00a0\u00bb]\n\n[logo img=\u00a0\u00bb25729&Prime; hover=\u00a0\u00bbcolor\u00a0\u00bb height=\u00a0\u00bb70px\u00a0\u00bb]\n\n[logo img=\u00a0\u00bb25733&Prime; hover=\u00a0\u00bbcolor\u00a0\u00bb height=\u00a0\u00bb70px\u00a0\u00bb]\n\n[logo img=\u00a0\u00bb25737&Prime; hover=\u00a0\u00bbcolor\u00a0\u00bb height=\u00a0\u00bb70px\u00a0\u00bb]\n\n\n[\/ux_slider]\n\n[\/col]\n\n[\/row]\n\n[\/section]","protected":false},"excerpt":{"rendered":"","protected":false},"author":6990,"featured_media":0,"parent":0,"menu_order":0,"comment_status":"closed","ping_status":"closed","template":"page-blank.php","meta":{"footnotes":""},"class_list":["post-23321","page","type-page","status-publish","hentry"],"_links":{"self":[{"href":"https:\/\/yithcompare.321dev.ch\/fr\/wp-json\/wp\/v2\/pages\/23321","targetHints":{"allow":["GET"]}}],"collection":[{"href":"https:\/\/yithcompare.321dev.ch\/fr\/wp-json\/wp\/v2\/pages"}],"about":[{"href":"https:\/\/yithcompare.321dev.ch\/fr\/wp-json\/wp\/v2\/types\/page"}],"author":[{"embeddable":true,"href":"https:\/\/yithcompare.321dev.ch\/fr\/wp-json\/wp\/v2\/users\/6990"}],"replies":[{"embeddable":true,"href":"https:\/\/yithcompare.321dev.ch\/fr\/wp-json\/wp\/v2\/comments?post=23321"}],"version-history":[{"count":0,"href":"https:\/\/yithcompare.321dev.ch\/fr\/wp-json\/wp\/v2\/pages\/23321\/revisions"}],"wp:attachment":[{"href":"https:\/\/yithcompare.321dev.ch\/fr\/wp-json\/wp\/v2\/media?parent=23321"}],"curies":[{"name":"wp","href":"https:\/\/api.w.org\/{rel}","templated":true}]}}