{"id":21237,"date":"2021-03-19T16:54:01","date_gmt":"2021-03-19T14:54:01","guid":{"rendered":"https:\/\/esperanza.ch\/?page_id=21237"},"modified":"2023-11-13T20:06:38","modified_gmt":"2023-11-13T18:06:38","slug":"notre-boutique","status":"publish","type":"page","link":"https:\/\/yithcompare.321dev.ch\/fr\/nous-connaitre\/notre-boutique\/","title":{"rendered":"Notre boutique"},"content":{"rendered":"<h1>BOUTIQUE ESPERANZA : CAF\u00c9 ET MACHINES \u00c0 CAF\u00c9<\/h1>\n<h2>D\u00e9couvrez la boutique Esperanza \u00e0 Vuadens<\/h2>\n<p>\t\t\t\t\t\t\t\t\t\t\t\t\t\t\t<img decoding=\"async\" src=\"https:\/\/yithcompare.321dev.ch\/wp-content\/uploads\/elementor\/thumbs\/boutique_cafe-plv5eli7nvjncpztwdr503uahb4ohkkqkkpyrwx9lg.jpg\" title=\"boutique_cafe\" alt=\"boutique_cafe\" loading=\"lazy\" \/>\t\t\t\t\t\t\t\t\t\t\t\t\t\t\t<\/p>\n<p>Depuis 2018, nous vous accueillons dans notre boutique situ\u00e9e \u00e0 c\u00f4t\u00e9 de notre atelier de torr\u00e9faction \u00e0 Vuadens. En plus d\u2019un \u00e9ventail g\u00e9n\u00e9reux des derni\u00e8res machines \u00e0 caf\u00e9 JURA, toute notre gamme de caf\u00e9s vous attend!\u00a0<\/p>\n<p>En sachet ou en vrac avec une mouture sp\u00e9cialis\u00e9e sur demande, nous sommes l\u00e0 pour vous conseiller. D\u00e9couvrez notre univers!<\/p>\n<p>\t\t\t<a href=\"https:\/\/yithcompare.321dev.ch\/fr\/demande-de-rappel\/\"><br \/>\n\t\t\t\t\t\tContacter Esperanza<br \/>\n\t\t\t\t\t<\/a><\/p>\n<p><b>Les Caf\u00e9s Esperanza\u00a0 S\u00e0rl.<br \/><\/b>Rue des Artisans 136<br \/>1628 Vuadens (Suisse)<\/p>\n<ul>\n<li>\n\t\t\t\t\t\t\t\t\t\t\t<a href=\"tel:0041269198080\"><br \/>\n\t\t\t\t\t\t\t\t\t\tTel:\u00a0\u00a0+41 26 919 80 80<br \/>\n\t\t\t\t\t\t\t\t\t\t\t<\/a>\n\t\t\t\t\t\t\t\t\t<\/li>\n<li>\n\t\t\t\t\t\t\t\t\t\t\t<a href=\"mailto:info@esperanza.ch\"><br \/>\n\t\t\t\t\t\t\t\t\t\tEmail : info@esperanza.ch<br \/>\n\t\t\t\t\t\t\t\t\t\t\t<\/a>\n\t\t\t\t\t\t\t\t\t<\/li>\n<li>\n\t\t\t\t\t\t\t\t\t\tHeures d&rsquo;ouverture : lu-ve 8h-12h, 13h-17h\n\t\t\t\t\t\t\t\t\t<\/li>\n<li>\n\t\t\t\t\t\t\t\t\t\t\t<a href=\"https:\/\/www.google.com\/maps\/place\/Les+Caf%C3%A9s+Esperanza+S%C3%A0rl\/@46.618166,7.020688,10z\/data=!4m6!3m5!1s0x478e63a8fd3d73f1:0x483924ad2ff0f3ec!8m2!3d46.618166!4d7.020688!16s%2Fg%2F11fn9dylpm?hl=fr-CH&#038;entry=ttu\" target=\"_blank\" rel=\"nofollow noopener\"><br \/>\n\t\t\t\t\t\t\t\t\t\tItin\u00e9raire vers les Caf\u00e9s Esperanza<br \/>\n\t\t\t\t\t\t\t\t\t\t\t<\/a>\n\t\t\t\t\t\t\t\t\t<\/li>\n<\/ul>\n<p>\t\t\t<iframe loading=\"lazy\"\n\t\t\t\t\tsrc=\"https:\/\/maps.google.com\/maps?q=Les%20Caf%C3%A9s%20Esperanza%20S%C3%A0rl%20%20-%20Rue%20des%20Artisans%20136%2C%20Vuadens%2C%20Suisse&#038;t=m&#038;z=13&#038;output=embed&#038;iwloc=near\"\n\t\t\t\t\ttitle=\"Les Caf\u00e9s Esperanza S\u00e0rl  - Rue des Artisans 136, Vuadens, Suisse\"\n\t\t\t\t\taria-label=\"Les Caf\u00e9s Esperanza S\u00e0rl  - Rue des Artisans 136, Vuadens, Suisse\"\n\t\t\t><\/iframe><\/p>\n","protected":false},"excerpt":{"rendered":"<p>BOUTIQUE ESPERANZA : CAF\u00c9 ET MACHINES \u00c0 CAF\u00c9 D\u00e9couvrez la boutique Esperanza \u00e0 Vuadens Depuis 2018, nous vous accueillons dans notre boutique situ\u00e9e \u00e0 c\u00f4t\u00e9 de notre atelier de torr\u00e9faction \u00e0 Vuadens. En plus d\u2019un \u00e9ventail g\u00e9n\u00e9reux des derni\u00e8res machines \u00e0 caf\u00e9 JURA, toute notre gamme de caf\u00e9s vous attend!\u00a0 En sachet ou en vrac [&hellip;]<\/p>\n","protected":false},"author":6990,"featured_media":0,"parent":21229,"menu_order":0,"comment_status":"closed","ping_status":"closed","template":"","meta":{"footnotes":""},"class_list":["post-21237","page","type-page","status-publish","hentry"],"_links":{"self":[{"href":"https:\/\/yithcompare.321dev.ch\/fr\/wp-json\/wp\/v2\/pages\/21237","targetHints":{"allow":["GET"]}}],"collection":[{"href":"https:\/\/yithcompare.321dev.ch\/fr\/wp-json\/wp\/v2\/pages"}],"about":[{"href":"https:\/\/yithcompare.321dev.ch\/fr\/wp-json\/wp\/v2\/types\/page"}],"author":[{"embeddable":true,"href":"https:\/\/yithcompare.321dev.ch\/fr\/wp-json\/wp\/v2\/users\/6990"}],"replies":[{"embeddable":true,"href":"https:\/\/yithcompare.321dev.ch\/fr\/wp-json\/wp\/v2\/comments?post=21237"}],"version-history":[{"count":0,"href":"https:\/\/yithcompare.321dev.ch\/fr\/wp-json\/wp\/v2\/pages\/21237\/revisions"}],"up":[{"embeddable":true,"href":"https:\/\/yithcompare.321dev.ch\/fr\/wp-json\/wp\/v2\/pages\/21229"}],"wp:attachment":[{"href":"https:\/\/yithcompare.321dev.ch\/fr\/wp-json\/wp\/v2\/media?parent=21237"}],"curies":[{"name":"wp","href":"https:\/\/api.w.org\/{rel}","templated":true}]}}