{"id":21229,"date":"2021-03-19T16:45:19","date_gmt":"2021-03-19T14:45:19","guid":{"rendered":"https:\/\/esperanza.ch\/?page_id=21229"},"modified":"2022-09-20T12:57:27","modified_gmt":"2022-09-20T10:57:27","slug":"nous-connaitre","status":"publish","type":"page","link":"https:\/\/yithcompare.321dev.ch\/fr\/nous-connaitre\/","title":{"rendered":"Nous conna\u00eetre"},"content":{"rendered":"<h1>L\u2019AVENTURE ESPERANZA<\/h1>\t\t\n\t\t\t<h2>Plus de 20 ans d\u2019exp\u00e9rience dans le caf\u00e9<\/h2>\t\t\n\t\t\t\t\t\t\t\t\t\t\t\t<img decoding=\"async\" src=\"https:\/\/yithcompare.321dev.ch\/wp-content\/uploads\/elementor\/thumbs\/tasse_cafe_esperanza-plv5f3d59q8ko1uafzyps919agkzf608crbyzuvd3w.jpg\" title=\"tasse_cafe_esperanza\" alt=\"tasse_cafe_esperanza\">\t\t\t\t\t\t\t\t\t\t\t\t\t\t\n\t\t<p>L&rsquo;aventure Esperanza d\u00e9bute en 1996 lorsque des \u00ab enthousiastes \u00bb ont l&rsquo;opportunit\u00e9 de racheter un gros torr\u00e9facteur des ann\u00e9es 30 \u00e0 un couple d\u2019artisans de la Riviera vaudoise. Imaginez cela comme un pied de nez \u00e0 la morosit\u00e9 \u00e9conomique d\u2019alors: une envie folle d\u2019entreprendre et de cr\u00e9er de la passion autour d\u2019une tasse de caf\u00e9! L&rsquo;unit\u00e9 de production est alors d\u00e9plac\u00e9e en Gruy\u00e8re, dans les anciennes laiteries de l&rsquo;usine Guigoz de Vuadens.<\/p><p>Durant les premiers mois de torr\u00e9factions au pied du Mol\u00e9son, la petite \u00e9quipe affine ses assemblages et s\u00e9lections. Tous les caf\u00e9s sont torr\u00e9fi\u00e9s en petits lots pour des cuissons parfaitement homog\u00e8nes. Nos caf\u00e9s sont commercialis\u00e9s dans un premier temps sur les march\u00e9s populaires et dans quelques commerces conquis par la nouveaut\u00e9 de l\u2019artisan local et ses caf\u00e9s \u00e9quitables.<\/p><p>A partir de l&rsquo;an 2000, la nouvelle soci\u00e9t\u00e9 Les Caf\u00e9s Esperanza S\u00e0rl d\u00e9veloppe des partenariats avec des fabricants de machines \u00e0 caf\u00e9, dont JURA en qualit\u00e9 de revendeur et r\u00e9parateur agr\u00e9\u00e9. Opportuniste, Esperanza r\u00e9pond ainsi aux nouvelles demandes du march\u00e9 des loisirs et de l\u2019\u00e9v\u00e9nementiel, et se renforce en Romandie par la location tout-en-un de machines \u00e0 caf\u00e9 &amp; consommables pour manifestations.<\/p>\n<p>D\u00e8s 2008, Esperanza ajoute une corde \u00e0 son arc en proposant des solutions caf\u00e9 pour le snacking et les bureaux, soucieux de communiquer les valeurs ch\u00e8res \u00e0 Esperanza: un caf\u00e9 de qualit\u00e9, torr\u00e9fi\u00e9 artisanalement, fra\u00eechement moulu et respectueux de l&rsquo;humain.<\/p>\n<p>Esperanza a f\u00eat\u00e9 en 2020 une premi\u00e8re \u00e9tape de son histoire par la vari\u00e9t\u00e9 de ses caf\u00e9s propos\u00e9s et le soin apport\u00e9 \u00e0 la qualit\u00e9 du caf\u00e9 au bureau, chez soi et en manifestations.<\/p>\n<p><\/p>","protected":false},"excerpt":{"rendered":"<p>L\u2019AVENTURE ESPERANZA Plus de 20 ans d\u2019exp\u00e9rience dans le caf\u00e9 L&rsquo;aventure Esperanza d\u00e9bute en 1996 lorsque des \u00ab enthousiastes \u00bb ont l&rsquo;opportunit\u00e9 de racheter un gros torr\u00e9facteur des ann\u00e9es 30 \u00e0 un couple d\u2019artisans de la Riviera vaudoise. Imaginez cela comme un pied de nez \u00e0 la morosit\u00e9 \u00e9conomique d\u2019alors: une envie folle d\u2019entreprendre et [&hellip;]<\/p>\n","protected":false},"author":6990,"featured_media":0,"parent":0,"menu_order":0,"comment_status":"closed","ping_status":"closed","template":"","meta":{"footnotes":""},"class_list":["post-21229","page","type-page","status-publish","hentry"],"_links":{"self":[{"href":"https:\/\/yithcompare.321dev.ch\/fr\/wp-json\/wp\/v2\/pages\/21229","targetHints":{"allow":["GET"]}}],"collection":[{"href":"https:\/\/yithcompare.321dev.ch\/fr\/wp-json\/wp\/v2\/pages"}],"about":[{"href":"https:\/\/yithcompare.321dev.ch\/fr\/wp-json\/wp\/v2\/types\/page"}],"author":[{"embeddable":true,"href":"https:\/\/yithcompare.321dev.ch\/fr\/wp-json\/wp\/v2\/users\/6990"}],"replies":[{"embeddable":true,"href":"https:\/\/yithcompare.321dev.ch\/fr\/wp-json\/wp\/v2\/comments?post=21229"}],"version-history":[{"count":0,"href":"https:\/\/yithcompare.321dev.ch\/fr\/wp-json\/wp\/v2\/pages\/21229\/revisions"}],"wp:attachment":[{"href":"https:\/\/yithcompare.321dev.ch\/fr\/wp-json\/wp\/v2\/media?parent=21229"}],"curies":[{"name":"wp","href":"https:\/\/api.w.org\/{rel}","templated":true}]}}