{"id":21184,"date":"2021-03-22T17:04:51","date_gmt":"2021-03-22T15:04:51","guid":{"rendered":"https:\/\/esperanza.ch\/?page_id=21184"},"modified":"2024-01-17T11:11:23","modified_gmt":"2024-01-17T09:11:23","slug":"evenement-et-manifestation","status":"publish","type":"page","link":"https:\/\/yithcompare.321dev.ch\/fr\/solutions-pro-machines-a-cafe\/evenement-et-manifestation\/","title":{"rendered":"Ev\u00e9nement et manifestation"},"content":{"rendered":"<h1>LOUEZ UNE MACHINE \u00c0 CAF\u00c9 POUR VOTRE \u00c9V\u00c9NEMENT<\/h1>\n<h2>Le go\u00fbt d\u2019un bon caf\u00e9, une plus-value pour votre manifestation<\/h2>\n<p>La qualit\u00e9 du caf\u00e9 comme son lieu de consommation influencent aussi bien vos affaires que le <strong>plaisir de vos visiteurs<\/strong>. En disposant du nombre de machines \u00e0 caf\u00e9 n\u00e9cessaires, vous \u00eates \u00e0 m\u00eame de servir un caf\u00e9 de qualit\u00e9 \u00e0 la vitesse requise, dans la configuration souhait\u00e9e.<\/p>\n<p>\t\t\t\t\t\t\t\t\t\t\t\t\t\t\t<img decoding=\"async\" src=\"https:\/\/yithcompare.321dev.ch\/wp-content\/uploads\/elementor\/thumbs\/location_machine_cafe_evenement-plv5evu9f09bx45ev9mwmtfsoqj443isksqvdopa2u.jpg\" title=\"location de machine \u00e0 caf\u00e9 pour manifestations\" alt=\"location_machine_cafe_evenement1\" loading=\"lazy\" \/>\t\t\t\t\t\t\t\t\t\t\t\t\t\t\t<\/p>\n<h2>Avec le prix par tasse, vous ne payez que ce qui est consomm\u00e9<\/h2>\n<p>Chez Esperanza, nous sommes \u00e0 votre \u00e9coute. Ensemble, nous identifions le d\u00e9bit horaire et les consommables attendus. Au terme de votre \u00e9v\u00e9nement, vous payez les espressos, caf\u00e9s et th\u00e9s consomm\u00e9s, <strong>sans forfait journalier<\/strong>. <strong>Cette solution pratique, tout-en-un<\/strong>, vous permet de consacrer plus de temps \u00e0 vos invit\u00e9s ou vos animations du jour. De notre c\u00f4t\u00e9, nous mettons du c\u0153ur \u00e0 vous garantir un bon caf\u00e9, \u00e9quitable, quelle que soit la manifestation, et sans mauvaise surprise!<\/p>\n<p>Nous vous facturons CHF 1.00 par espresso, caf\u00e9 ou th\u00e9 d\u00e8s 200 consommations et quel que soit le nombre de machines, ou CHF 1.10 si inf\u00e9rieur \u00e0 200 consommations. Un montant de CHF 20 par machine sera pr\u00e9lev\u00e9 comme assurance-dommages, ainsi qu\u2019un forfait minimal le cas \u00e9ch\u00e9ant de 50 consommations.<\/p>\n<p>\t\t\t<a href=\"https:\/\/yithcompare.321dev.ch\/fr\/?jet_download=5a58ae639beb654ec570d43a0575b969adbaef94\" >T\u00e9l\u00e9charger la documentation<small>Format PDF<\/small><\/a><\/p>\n<h2>La solution caf\u00e9 id\u00e9ale pour festivaliers et organisateurs de manifestations<\/h2>\n<p>Des machines \u00e0 caf\u00e9 automatiques, un concept simple et global pour une f\u00eate de famille, un festival, un mariage, un giron, un ap\u00e9ro d&rsquo;entreprise ou d\u2019autres \u00e9v\u00e9nements!<\/p>\n<p>Le kit de location pr\u00eat \u00e0 l&#8217;emploi comprend la <strong>mise \u00e0 disposition de machines \u00e0 caf\u00e9 automatiques, d\u00e9pla\u00e7ables, au fonctionnement intuitif<\/strong>. Vous sont livr\u00e9s \u00e9galement les diff\u00e9rents consommables, caf\u00e9 en grains, th\u00e9 noir et verveine, sticks de sucre et godets de cr\u00e8me, gobelets jetables ou r\u00e9utilisables, brasseurs en bois. Sur demande, nous vous fournissons du caf\u00e9 bio.<\/p>\n<p>Vos machines sont \u00e0 retirer aupr\u00e8s de l&rsquo;un des <strong>14 d\u00e9positaires r\u00e9gionaux d&rsquo;Esperanza<\/strong>. Sur demande, elles peuvent \u00eatre livr\u00e9es par DHL. Esperanza vous garantit une assistance technique 7 jours sur 7.<\/p>\n<p>\t\t\t<iframe loading=\"lazy\" src=\"https:\/\/www.google.com\/maps\/d\/embed?mid=1PXjuzQRjhd3a1CP_Uq9XAufrIzc\" width=\"640\" height=\"480\"><\/iframe>\t\t<\/p>\n<h2>Conseils et location<\/h2>\n<p>Nous vous recommandons la <strong>machine \u00e0 caf\u00e9 automatique<\/strong> adapt\u00e9e \u00e0 vos besoins. L\u2019\u00e9quipe Esperanza vous encadre lors des maintenances, des <strong>choix des caf\u00e9s<\/strong> et autres consommables.<br \/>Quelles que soient vos attentes, location ou achat de distributeurs de caf\u00e9, service technique, abonnements de service, achat et livraison de consommables, nous y r\u00e9pondons avec respect et courtoisie.<\/p>\n<p>Tisser du lien est pour nous essentiel!<\/p>\n<p>\t<a href=\"https:\/\/yithcompare.321dev.ch\/fr\/demande-de-rappel\/\"><br \/>\n\t\t\tContact<br \/>\n\t\t\tContact<br \/>\n\t<\/a><br \/>\n\t<a href=\"https:\/\/yithcompare.321dev.ch\/fr\/demande-de-rappel\/\"><br \/>\n\t\t\tConvenir d&rsquo;un appel<br \/>\n\t\t\tConvenir d&rsquo;un appel<br \/>\n\t<\/a><br \/>\n\t\t\t\t\t\t\t\t\t\t\t\t\t\t\t<img decoding=\"async\" src=\"https:\/\/yithcompare.321dev.ch\/wp-content\/uploads\/elementor\/thumbs\/csm_Jacques_aa1626e260-plv5ad8382f5hy6bmq4ifsb9ooq0hy7e53uw1vwcga.jpg\" title=\"csm_Jacques_aa1626e260\" alt=\"Jacques\" loading=\"lazy\" \/>\t\t\t\t\t\t\t\t\t\t\t\t\t\t\t<\/p>\n<h2>Jacques Berset<\/h2>\n<h2>VENTE ET COMMUNICATION<br \/>\nCofondateur<\/h2>\n<p>\t\t\t\t\t\t\t\t\t\t\t\t\t\t\t<img decoding=\"async\" src=\"https:\/\/yithcompare.321dev.ch\/wp-content\/uploads\/elementor\/thumbs\/csm_Mylene_e06e88428b-plv5apfzowvvovokndenu789ep1sa0jwisc7ahe87e.jpg\" title=\"csm_Mylene_e06e88428b\" alt=\"Mylene\" loading=\"lazy\" \/>\t\t\t\t\t\t\t\t\t\t\t\t\t\t\t<\/p>\n<h2>Myl\u00e8ne Deutsch<\/h2>\n<h2>VENTE, SERVICE CLIENT\u00c8LE<\/h2>\n","protected":false},"excerpt":{"rendered":"<p>LOUEZ UNE MACHINE \u00c0 CAF\u00c9 POUR VOTRE \u00c9V\u00c9NEMENT Le go\u00fbt d\u2019un bon caf\u00e9, une plus-value pour votre manifestation La qualit\u00e9 du caf\u00e9 comme son lieu de consommation influencent aussi bien vos affaires que le plaisir de vos visiteurs. En disposant du nombre de machines \u00e0 caf\u00e9 n\u00e9cessaires, vous \u00eates \u00e0 m\u00eame de servir un caf\u00e9 [&hellip;]<\/p>\n","protected":false},"author":6990,"featured_media":0,"parent":21137,"menu_order":0,"comment_status":"closed","ping_status":"closed","template":"","meta":{"footnotes":""},"class_list":["post-21184","page","type-page","status-publish","hentry"],"_links":{"self":[{"href":"https:\/\/yithcompare.321dev.ch\/fr\/wp-json\/wp\/v2\/pages\/21184","targetHints":{"allow":["GET"]}}],"collection":[{"href":"https:\/\/yithcompare.321dev.ch\/fr\/wp-json\/wp\/v2\/pages"}],"about":[{"href":"https:\/\/yithcompare.321dev.ch\/fr\/wp-json\/wp\/v2\/types\/page"}],"author":[{"embeddable":true,"href":"https:\/\/yithcompare.321dev.ch\/fr\/wp-json\/wp\/v2\/users\/6990"}],"replies":[{"embeddable":true,"href":"https:\/\/yithcompare.321dev.ch\/fr\/wp-json\/wp\/v2\/comments?post=21184"}],"version-history":[{"count":0,"href":"https:\/\/yithcompare.321dev.ch\/fr\/wp-json\/wp\/v2\/pages\/21184\/revisions"}],"up":[{"embeddable":true,"href":"https:\/\/yithcompare.321dev.ch\/fr\/wp-json\/wp\/v2\/pages\/21137"}],"wp:attachment":[{"href":"https:\/\/yithcompare.321dev.ch\/fr\/wp-json\/wp\/v2\/media?parent=21184"}],"curies":[{"name":"wp","href":"https:\/\/api.w.org\/{rel}","templated":true}]}}