{"id":21157,"date":"2021-03-19T16:26:33","date_gmt":"2021-03-19T14:26:33","guid":{"rendered":"https:\/\/esperanza.ch\/?page_id=21157"},"modified":"2022-09-20T12:54:59","modified_gmt":"2022-09-20T10:54:59","slug":"coffee-to-go","status":"publish","type":"page","link":"https:\/\/yithcompare.321dev.ch\/fr\/solutions-pro-machines-a-cafe\/coffee-to-go\/","title":{"rendered":"Coffee-to-go"},"content":{"rendered":"<h1>COFFEE-TO-GO : SOLUTIONS CAF\u00c9 \u00c0 L\u2019EMPORTER<\/h1>\t\t\n\t\t\t<h2>Proposer une vente additionnelle<\/h2>\t\t\n\t\t<p>Vos clients appr\u00e9cient un <strong>caf\u00e9 savoureux<\/strong> et vous souhaitez compl\u00e9ter votre offre par une <strong>vente additionnelle<\/strong>? Vous tenez une boulangerie, \u00e9picerie de quartier ou kiosque? D\u00e9ployez instantan\u00e9ment une prestation <strong>caf\u00e9 \u00e0 emporter<\/strong> gr\u00e2ce \u00e0 notre concept cl\u00e9 en main! Notre concept global de <strong>caf\u00e9 take away<\/strong> invite vos clients \u00e0 renouveler leurs achats, faire une pause dans leur journ\u00e9e, et augmente le capital sympathie de votre point de vente.<\/p>\t\t\n\t\t\t\t\t\t\t\t\t\t\t\t<img decoding=\"async\" src=\"https:\/\/yithcompare.321dev.ch\/wp-content\/uploads\/elementor\/thumbs\/csm_coffee-to-go2_f749e14608-plv5bzi6ceahiau8k8djl8hqc5gn8puup8yu8zej3c.jpeg\" title=\"csm_coffee-to-go2_f749e14608\" alt=\"csm_coffee-to-go2_f749e14608\">\t\t\t\t\t\t\t\t\t\t\t\t\t\t\n\t\t\t<h2>Un concept caf\u00e9 to-go sur votre point de vente<\/h2>\t\t\n\t\t<p>Nous d\u00e9veloppons des <strong>supports publicitaires<\/strong> et des <strong>aides \u00e0 la maintenance technique<\/strong>. Les techniciens et d\u00e9l\u00e9gu\u00e9s commerciaux d&rsquo;Esperanza vous encadrent dans votre solution caf\u00e9. Nous orientons nos ressources afin de continuellement <strong>d\u00e9velopper une offre caf\u00e9 to-go<\/strong>. Le kit coffee-to-go comprend machines, frigos, produits d&rsquo;entretien et consommables ainsi que la desserte sur laquelle est plac\u00e9e l&rsquo;installation.<\/p><p>Gr\u00e2ce \u00e0 notre solution de location de machines \u00e0 caf\u00e9 automatiques au prix par tasse, vous n&rsquo;avez pas d&rsquo;investissement de base. <strong>Vos b\u00e9n\u00e9fices d\u00e9marrent d\u00e8s la premi\u00e8re vente!<\/strong><\/p>\t\t\n\t\t\t<h2>Conseils et service apr\u00e8s-vente<\/h2>\t\t\n\t\t<p>Nous vous recommandons la <strong>machine \u00e0 caf\u00e9 automatique<\/strong> adapt\u00e9e \u00e0 vos besoins. L\u2019\u00e9quipe Esperanza vous encadre lors des maintenances, des <strong>choix des caf\u00e9s<\/strong> et autres consommables.<br>Quelles que soient vos attentes, location ou achat de distributeurs de caf\u00e9, service technique, abonnements de service, achat et livraison de consommables, nous y r\u00e9pondons avec respect et courtoisie.<\/p><p>Tisser du lien est pour nous essentiel!<\/p>\t\t\n\t<a href=\"https:\/\/yithcompare.321dev.ch\/fr\/demande-de-rappel\/\">\n\t\t\tContact\t\t\n\t\t\tContact\t\t\n\t<\/a>\n\t<a href=\"https:\/\/yithcompare.321dev.ch\/fr\/demande-de-rappel\/\">\n\t\t\tConvenir d&rsquo;un appel\t\t\n\t\t\tConvenir d&rsquo;un appel\t\t\n\t<\/a>\n\t\t\t\t\t\t\t\t\t\t\t\t<img decoding=\"async\" src=\"https:\/\/yithcompare.321dev.ch\/wp-content\/uploads\/elementor\/thumbs\/csm_Jacques_aa1626e260-plv5ad8382f5hy6bmq4ifsb9ooq0hy7e53uw1vwcga.jpg\" title=\"csm_Jacques_aa1626e260\" alt=\"csm_Jacques_aa1626e260\">\t\t\t\t\t\t\t\t\t\t\t\t\t\t\n\t\t\t<h2>Jacques Berset<\/h2>\t\t\n\t\t\t<h2>VENTE ET COMMUNICATION\nCofondateur<\/h2>\t\t\n\t\t\t\t\t\t\t\t\t\t\t\t<img decoding=\"async\" src=\"https:\/\/yithcompare.321dev.ch\/wp-content\/uploads\/elementor\/thumbs\/csm_Mylene_e06e88428b-plv5apfzowvvovokndenu789ep1sa0jwisc7ahe87e.jpg\" title=\"csm_Mylene_e06e88428b\" alt=\"csm_Mylene_e06e88428b\">\t\t\t\t\t\t\t\t\t\t\t\t\t\t\n\t\t\t<h2>Myl\u00e8ne Deutsch<\/h2>\t\t\n\t\t\t<h2>VENTE, SERVICE CLIENT\u00c8LE<\/h2>","protected":false},"excerpt":{"rendered":"<p>COFFEE-TO-GO : SOLUTIONS CAF\u00c9 \u00c0 L\u2019EMPORTER Proposer une vente additionnelle Vos clients appr\u00e9cient un caf\u00e9 savoureux et vous souhaitez compl\u00e9ter votre offre par une vente additionnelle? Vous tenez une boulangerie, \u00e9picerie de quartier ou kiosque? D\u00e9ployez instantan\u00e9ment une prestation caf\u00e9 \u00e0 emporter gr\u00e2ce \u00e0 notre concept cl\u00e9 en main! Notre concept global de caf\u00e9 take [&hellip;]<\/p>\n","protected":false},"author":6990,"featured_media":0,"parent":21137,"menu_order":0,"comment_status":"closed","ping_status":"closed","template":"","meta":{"footnotes":""},"class_list":["post-21157","page","type-page","status-publish","hentry"],"_links":{"self":[{"href":"https:\/\/yithcompare.321dev.ch\/fr\/wp-json\/wp\/v2\/pages\/21157","targetHints":{"allow":["GET"]}}],"collection":[{"href":"https:\/\/yithcompare.321dev.ch\/fr\/wp-json\/wp\/v2\/pages"}],"about":[{"href":"https:\/\/yithcompare.321dev.ch\/fr\/wp-json\/wp\/v2\/types\/page"}],"author":[{"embeddable":true,"href":"https:\/\/yithcompare.321dev.ch\/fr\/wp-json\/wp\/v2\/users\/6990"}],"replies":[{"embeddable":true,"href":"https:\/\/yithcompare.321dev.ch\/fr\/wp-json\/wp\/v2\/comments?post=21157"}],"version-history":[{"count":0,"href":"https:\/\/yithcompare.321dev.ch\/fr\/wp-json\/wp\/v2\/pages\/21157\/revisions"}],"up":[{"embeddable":true,"href":"https:\/\/yithcompare.321dev.ch\/fr\/wp-json\/wp\/v2\/pages\/21137"}],"wp:attachment":[{"href":"https:\/\/yithcompare.321dev.ch\/fr\/wp-json\/wp\/v2\/media?parent=21157"}],"curies":[{"name":"wp","href":"https:\/\/api.w.org\/{rel}","templated":true}]}}