{"id":21130,"date":"2021-03-22T16:24:38","date_gmt":"2021-03-22T14:24:38","guid":{"rendered":"https:\/\/esperanza.ch\/?page_id=21130"},"modified":"2023-07-07T11:43:52","modified_gmt":"2023-07-07T09:43:52","slug":"revendeurs","status":"publish","type":"page","link":"https:\/\/yithcompare.321dev.ch\/fr\/cafe-esperanza\/revendeurs\/","title":{"rendered":"Revendeurs"},"content":{"rendered":"<h1>O\u00d9 ACHETER LES CAF\u00c9S ESPERANZA<\/h1>\n<h2>Des grains de saveur torr\u00e9fi\u00e9s artisanalement<\/h2>\n<h2>Notre boutique Esperanza \u00e0 Vuadens<br \/>\n<\/h2>\n<p>Depuis 2018, nous vous accueillons dans notre boutique situ\u00e9e \u00e0 c\u00f4t\u00e9 de notre atelier de torr\u00e9faction \u00e0 Vuadens. En plus d\u2019ainsi qu\u2019un \u00e9ventail g\u00e9n\u00e9reux des derni\u00e8res machines \u00e0 caf\u00e9 Jura, toute notre gamme de caf\u00e9s vous attend! En sachet ou en vrac avec une mouture sp\u00e9cialis\u00e9e sur demande, nous sommes l\u00e0 pour vous conseiller. D\u00e9couvrez notre univers!\u00a0\u00a0<\/p>\n<p><strong>Horaires d\u2019ouverture:<\/strong><\/p>\n<p><strong>Lundi-vendredi: 8h-12h, 13h-17h<\/strong><\/p>\n<p><strong>T. +41 26 919 80 80<\/strong><\/p>\n<p>\t\t\t\t\t\t\t\t\t\t\t\t<img decoding=\"async\" src=\"https:\/\/yithcompare.321dev.ch\/wp-content\/uploads\/elementor\/thumbs\/boutique_cafe-plv5eli1btv6dekfjn60de1q5hy2rfdqvdkj3n4lza.jpg\" title=\"boutique_cafe\" alt=\"boutique_cafe\" loading=\"lazy\" \/><br \/>\n\t\t\t<iframe loading=\"lazy\"\n\t\t\t\t\tsrc=\"https:\/\/maps.google.com\/maps?q=Rue%20des%20Artisans%20136%2C%20Case%20postale%2034%2C1628%20Vuadens%2C%20Suisse&#038;t=m&#038;z=10&#038;output=embed&#038;iwloc=near\"\n\t\t\t\t\ttitle=\"Rue des Artisans 136, Case postale 34,1628 Vuadens, Suisse\"\n\t\t\t\t\taria-label=\"Rue des Artisans 136, Case postale 34,1628 Vuadens, Suisse\"\n\t\t\t><\/iframe><\/p>\n<h2>Remplissez vos bo\u00eetes dans les magasins vrac!<\/h2>\n<p>\t\t\t\t\t\t\t\t\t\t\t\t<img decoding=\"async\" src=\"https:\/\/yithcompare.321dev.ch\/wp-content\/uploads\/elementor\/thumbs\/cafe_vrac-plv59dibcyptve5i1dwmiphjcfonzynfhj3f4avcjq.jpg\" title=\"cafe_vrac\" alt=\"cafe_vrac\" loading=\"lazy\" \/>\t\t\t\t\t\t\t\t\t\t\t\t\t\t<\/p>\n<p>De nombreuses \u00e9piceries vrac ont choisi Esperanza comme fournisseur de caf\u00e9! Retrouvez vos grains de saveurs torr\u00e9fi\u00e9s \u00e0 Vuadens pr\u00e8s de chez vous.<\/p>\n<p>\t\t\t<iframe loading=\"lazy\" src=\"https:\/\/www.google.com\/maps\/d\/embed?mid=1vvg31UpdMeIDJOfljRsbuVCvWfLLjv7L\" width=\"640\" height=\"480\"><\/iframe>\t\t<\/p>\n<h2>Vous \u00eates un professionnel et souhaitez proposer nos caf\u00e9s torr\u00e9fi\u00e9s \u00e0 vos clients?<\/h2>\n<p>\t\t\t<a href=\"#\"><br \/>\n\t\t\t\t\t\tContactez-nous!<br \/>\n\t\t\t\t\t<\/a><br \/>\n\t\t\t\t\t\t\t\t\t\t\t\t<img decoding=\"async\" src=\"https:\/\/yithcompare.321dev.ch\/wp-content\/uploads\/elementor\/thumbs\/csm_Jacques_aa1626e260-plv5ad84f1mpyt7jx039nu6glyf7a22wvtu2sjstwu.jpg\" title=\"csm_Jacques_aa1626e260\" alt=\"Jacques\" loading=\"lazy\" \/>\t\t\t\t\t\t\t\t\t\t\t\t\t\t<\/p>\n<h2>Jacques Berset<\/h2>\n<h2>VENTE ET COMMUNICATION<br \/>\nCofondateur<\/h2>\n<p>\t\t\t\t\t\t\t\t\t\t\t\t<img decoding=\"async\" src=\"https:\/\/yithcompare.321dev.ch\/wp-content\/uploads\/elementor\/thumbs\/esp_500_bresil-1-plv5chczkt60odmkyute97jpdgd6fnj4z7a4qj9c00.png\" title=\"esp_500_bresil\" alt=\"esp_500_bresil\" loading=\"lazy\" \/>\t\t\t\t\t\t\t\t\t\t\t\t\t\t<\/p>\n<h2>Nos caf\u00e9s<\/h2>\n<h2>Un voyage au Br\u00e9sil<\/h2>\n<article>\nUn caf\u00e9 l\u00e9ger aux ar\u00f4mes de vanille qui vous emm\u00e8nera au Br\u00e9sil \u00e0 Sul de Minas, un vrai voyage\u2026 tout en saveur!<br \/>\n<\/article>\n<article><a id=\"link-66\" href=\"https:\/\/yithcompare.321dev.ch\/fr\/maintenance\/service-clients\/\" target=\"_blank\" rel=\"noopener\"><picture><source srcset=\"\/fileadmin\/Fichiers\/CallToAction\/jura-giga-x7.png\" media=\"(min-width: 992px)\" \/><source srcset=\"\/fileadmin\/Fichiers\/CallToAction\/jura-giga-x7.png\" media=\"(min-width: 769px) and (max-width: 991px)\" \/><\/picture><\/a><\/article>\n<p>\t\t\t<a href=\"https:\/\/yithcompare.321dev.ch\/fr\/categorie-produit\/cafe\/\"><br \/>\n\t\t\t\t\t\tCommander les caf\u00e9s Esperanza<br \/>\n\t\t\t\t\t<\/a><br \/>\n\t\t\t\t\t\t\t\t\t\t\t\t<img decoding=\"async\" src=\"https:\/\/yithcompare.321dev.ch\/wp-content\/uploads\/elementor\/thumbs\/jura-giga-x7-plv5bo80hw1j0mthgrhxh834eki32hdvut0rgvj300.png\" title=\"jura-giga-x7\" alt=\"jura-giga-x7\" loading=\"lazy\" \/>\t\t\t\t\t\t\t\t\t\t\t\t\t\t<\/p>\n<h2>Une machine fiable et rapide<\/h2>\n<h2>Pour un caf\u00e9 parfait<\/h2>\n<article>\nUne pr\u00e9cision helv\u00e9tique pour un design \u00e9pur\u00e9, laissez-vous s\u00e9duire par les machines \u00e0 caf\u00e9 automatiques JURA.<br \/>\n<\/article>\n<article><a id=\"link-66\" href=\"https:\/\/yithcompare.321dev.ch\/fr\/maintenance\/service-clients\/\" target=\"_blank\" rel=\"noopener\"><picture><source srcset=\"\/fileadmin\/Fichiers\/CallToAction\/jura-giga-x7.png\" media=\"(min-width: 992px)\" \/><source srcset=\"\/fileadmin\/Fichiers\/CallToAction\/jura-giga-x7.png\" media=\"(min-width: 769px) and (max-width: 991px)\" \/><\/picture><\/a><\/article>\n<p>\t\t\t<a href=\"https:\/\/yithcompare.321dev.ch\/fr\/categorie-produit\/machines-a-cafe\/jura-monde-du-cafe-particuliers\/\"><br \/>\n\t\t\t\t\t\tAcheter une machine JURA<br \/>\n\t\t\t\t\t<\/a><\/p>\n","protected":false},"excerpt":{"rendered":"<p>O\u00d9 ACHETER LES CAF\u00c9S ESPERANZA Des grains de saveur torr\u00e9fi\u00e9s artisanalement Notre boutique Esperanza \u00e0 Vuadens Depuis 2018, nous vous accueillons dans notre boutique situ\u00e9e \u00e0 c\u00f4t\u00e9 de notre atelier de torr\u00e9faction \u00e0 Vuadens. En plus d\u2019ainsi qu\u2019un \u00e9ventail g\u00e9n\u00e9reux des derni\u00e8res machines \u00e0 caf\u00e9 Jura, toute notre gamme de caf\u00e9s vous attend! En sachet [&hellip;]<\/p>\n","protected":false},"author":6990,"featured_media":0,"parent":21109,"menu_order":0,"comment_status":"closed","ping_status":"closed","template":"","meta":{"footnotes":""},"class_list":["post-21130","page","type-page","status-publish","hentry"],"_links":{"self":[{"href":"https:\/\/yithcompare.321dev.ch\/fr\/wp-json\/wp\/v2\/pages\/21130","targetHints":{"allow":["GET"]}}],"collection":[{"href":"https:\/\/yithcompare.321dev.ch\/fr\/wp-json\/wp\/v2\/pages"}],"about":[{"href":"https:\/\/yithcompare.321dev.ch\/fr\/wp-json\/wp\/v2\/types\/page"}],"author":[{"embeddable":true,"href":"https:\/\/yithcompare.321dev.ch\/fr\/wp-json\/wp\/v2\/users\/6990"}],"replies":[{"embeddable":true,"href":"https:\/\/yithcompare.321dev.ch\/fr\/wp-json\/wp\/v2\/comments?post=21130"}],"version-history":[{"count":0,"href":"https:\/\/yithcompare.321dev.ch\/fr\/wp-json\/wp\/v2\/pages\/21130\/revisions"}],"up":[{"embeddable":true,"href":"https:\/\/yithcompare.321dev.ch\/fr\/wp-json\/wp\/v2\/pages\/21109"}],"wp:attachment":[{"href":"https:\/\/yithcompare.321dev.ch\/fr\/wp-json\/wp\/v2\/media?parent=21130"}],"curies":[{"name":"wp","href":"https:\/\/api.w.org\/{rel}","templated":true}]}}