{"id":19,"date":"2018-02-12T17:31:38","date_gmt":"2018-02-12T17:31:38","guid":{"rendered":"https:\/\/shoes.oceanwp.org\/?page_id=19"},"modified":"2023-10-29T20:57:18","modified_gmt":"2023-10-29T18:57:18","slug":"home","status":"publish","type":"page","link":"https:\/\/yithcompare.321dev.ch\/fr\/home\/","title":{"rendered":"Home"},"content":{"rendered":"<img decoding=\"async\" src=\"https:\/\/yithcompare.321dev.ch\/wp-content\/uploads\/2021\/03\/1.jpg\" alt=\"1\" loading=\"lazy\">\n\t\t\t<h5>Set de d\u00e9gustations : LES ELIXIRS<\/h5><h5>Supremo 500g &#8211; Bio Excelso 500g &#8211; Bio Sumatra 250g<\/h5>\n\t\t\t\t\t\t<a href=\"https:\/\/yithcompare.321dev.ch\/fr\/set-de-degustation-les-elixirs-esperanza\/\">Envie de les d\u00e9guster?<\/a>\t\t\t\t\t\t\n\t\t\t\t\t\t\t\t\t\t\t\t\t<a href=\"https:\/\/kariyon.ch\/products\/cafe-esperanza?_pos=1&#038;_psq=esperanza&#038;_ss=e&#038;_v=1.0\" target=\"_blank\" rel=\"noopener\">\n\t\t\t\t\t\t\t<img decoding=\"async\" width=\"1020\" height=\"204\" src=\"https:\/\/yithcompare.321dev.ch\/wp-content\/uploads\/2020\/09\/kariyon-logo_blanc-1400x280.png\" alt=\"\" loading=\"lazy\" srcset=\"https:\/\/yithcompare.321dev.ch\/wp-content\/uploads\/2020\/09\/kariyon-logo_blanc-1400x280.png 1400w, https:\/\/yithcompare.321dev.ch\/wp-content\/uploads\/2020\/09\/kariyon-logo_blanc-800x160.png 800w, https:\/\/yithcompare.321dev.ch\/wp-content\/uploads\/2020\/09\/kariyon-logo_blanc-768x154.png 768w, https:\/\/yithcompare.321dev.ch\/wp-content\/uploads\/2020\/09\/kariyon-logo_blanc-1536x308.png 1536w, https:\/\/yithcompare.321dev.ch\/wp-content\/uploads\/2020\/09\/kariyon-logo_blanc-510x102.png 510w, https:\/\/yithcompare.321dev.ch\/wp-content\/uploads\/2020\/09\/kariyon-logo_blanc.png 1878w\" sizes=\"auto, (max-width: 1020px) 100vw, 1020px\" \/>\t\t\t\t\t\t\t\t<\/a>\n\t\t\tPensez aux bons cadeaux! Consommez chez votre artisan.\t\t\n\t\t\t<h1><p>Les Caf\u00e9s Esperanza<\/p><\/h1>\t\t\n\t\t\t\t\t<a href=\"https:\/\/yithcompare.321dev.ch\/fr\/cafe\/cafe-en-grains\/\">\n\t\t\t\t\t\tCaf\u00e9 en grains\t\t\t\t\t\n\t\t\t\t\t\t<\/a>\n\t\t\t\t\t<a href=\"https:\/\/yithcompare.321dev.ch\/fr\/cafe\/cafe-moulu\/\">\n\t\t\t\t\t\tCaf\u00e9 moulu\t\t\t\t\t\n\t\t\t\t\t\t<\/a>\n\t\t\t\t\t<a>\n\t\t\t\t\t\tCaf\u00e9 en capsules\t\t\t\t\t<\/a>\n\t\t\t\tCompostables\n\t\t\t\tNos Bestsellers\t\t\t\t\n\t\t\t\t\t\t\t\t\t\t\t\t<img decoding=\"async\" width=\"1436\" height=\"687\" src=\"https:\/\/yithcompare.321dev.ch\/wp-content\/uploads\/2020\/08\/IMG_1429_2-e1597138133433.jpg\" alt=\"capsule recyclable\" loading=\"lazy\" srcset=\"https:\/\/yithcompare.321dev.ch\/wp-content\/uploads\/2020\/08\/IMG_1429_2-e1597138133433.jpg 1436w, https:\/\/yithcompare.321dev.ch\/wp-content\/uploads\/2020\/08\/IMG_1429_2-e1597138133433-800x383.jpg 800w, https:\/\/yithcompare.321dev.ch\/wp-content\/uploads\/2020\/08\/IMG_1429_2-e1597138133433-1400x670.jpg 1400w, https:\/\/yithcompare.321dev.ch\/wp-content\/uploads\/2020\/08\/IMG_1429_2-e1597138133433-768x367.jpg 768w, https:\/\/yithcompare.321dev.ch\/wp-content\/uploads\/2020\/08\/IMG_1429_2-e1597138133433-510x244.jpg 510w\" sizes=\"auto, (max-width: 1436px) 100vw, 1436px\" \/>\t\t\t\t\t\t\t\t\t\t\t\t\t\t\n\t\t\t<h2>D\u00e9couvrez les coulisses de nos nouvelles capsules<\/h2>\t\t\n\t\t<p>Le d\u00e9veloppement de capsules a \u00e9t\u00e9 un travail de r\u00e9flexion et de production de longue haleine pour Esperanza. Nous avons souhait\u00e9 proposer des capsules &#8211; demand\u00e9es par nos clients &#8211; tout en respectant nos valeurs en garantissant la fra\u00eecheur de nos produits, m\u00eame dans ce conditionnement.<\/p><p>&nbsp;Compostables &#8211; Recyclables &#8211; Fairtrade &#8211; Compatibles Nespresso\u00ae<\/p>\t\t\n\t\t\t<a href=\"https:\/\/yithcompare.321dev.ch\/fr\/capsules-compatibles-compostables-esperanza\/\" role=\"button\">\n\t\t\t\t\t\tD\u00e9couvrez les coulisses maintenant\n\t\t\t\t\t<\/a>\n\t\t\t\tNos packs d\u00e9couverte caf\u00e9\t\t\t\t\n\t\t\t\t\t\t\t\t\t\t\t\t<img decoding=\"async\" width=\"64\" height=\"64\" src=\"https:\/\/yithcompare.321dev.ch\/wp-content\/uploads\/2020\/03\/love-it.png\" alt=\"Fra\u00eecheur\" loading=\"lazy\" \/>\t\t\t\t\t\t\t\t\t\t\t\t\t\t\n\t\t\t<p>fra\u00eecheur<\/p>\t\t\n\t\t<p style=\"text-align: center;\">Nous g\u00e9rons un stock de caf\u00e9 raisonnable pour une fra\u00eecheur optimale.<\/p>\t\t\n\t\t\t\t\t\t\t\t\t\t\t\t<img decoding=\"async\" width=\"64\" height=\"64\" src=\"https:\/\/yithcompare.321dev.ch\/wp-content\/uploads\/2020\/03\/delivery-truck-clock.png\" alt=\"Livraison rapide 24-48h\" loading=\"lazy\" \/>\t\t\t\t\t\t\t\t\t\t\t\t\t\t\n\t\t\t<p>Livraison rapide<\/p>\t\t\n\t\t<p style=\"text-align: center;\">Nous exp\u00e9dions vos colis dans un d\u00e9lai de 24h avec notre partenaire logistique.<\/p>\t\t\n\t\t\t\t\t\t\t\t\t\t\t\t<img decoding=\"async\" width=\"64\" height=\"64\" src=\"https:\/\/yithcompare.321dev.ch\/wp-content\/uploads\/2020\/03\/lock-1.png\" alt=\"Paiement s\u00e9curis\u00e9\" loading=\"lazy\" \/>\t\t\t\t\t\t\t\t\t\t\t\t\t\t\n\t\t\t<p>Paiement s\u00e9curis\u00e9<\/p>\t\t\n\t\t<p style=\"text-align: center;\">Choisissez votre mode de paiement et payez en toute s\u00e9curit\u00e9.<\/p>\t\t\n\t\t\t\t\t\t\t\t\t\t\t\t<img decoding=\"async\" width=\"64\" height=\"64\" src=\"https:\/\/yithcompare.321dev.ch\/wp-content\/uploads\/2020\/03\/coffee-cup.png\" alt=\"Fairtrade et commerce \u00e9quitable\" loading=\"lazy\" \/>\t\t\t\t\t\t\t\t\t\t\t\t\t\t\n\t\t\t<p>fairtrade<\/p>\t\t\n\t\t<p style=\"text-align: center;\">Nous r\u00f4tissons exclusivement des grains issus du commerce \u00e9quitable.<\/p>\t\t\n\t\t\t\tVus r\u00e9cemment\t\t\t\t\n-20%\n\t\t\t\t<a href=\"https:\/\/yithcompare.321dev.ch\/fr\/produit\/jura-e8-dark-inox-sb-demo\/\" aria-label=\"JURA E8 Dark Inox (SB)\">\n\t\t\t\t\t<img width=\"290\" height=\"290\" src=\"https:\/\/yithcompare.321dev.ch\/wp-content\/uploads\/2023\/02\/JURA_E8_DarkInox_15366-290x290.jpg\" alt=\"\" decoding=\"async\" loading=\"lazy\" srcset=\"https:\/\/yithcompare.321dev.ch\/wp-content\/uploads\/2023\/02\/JURA_E8_DarkInox_15366-290x290.jpg 290w, https:\/\/yithcompare.321dev.ch\/wp-content\/uploads\/2023\/02\/JURA_E8_DarkInox_15366-400x400.jpg 400w, https:\/\/yithcompare.321dev.ch\/wp-content\/uploads\/2023\/02\/JURA_E8_DarkInox_15366-800x800.jpg 800w, https:\/\/yithcompare.321dev.ch\/wp-content\/uploads\/2023\/02\/JURA_E8_DarkInox_15366-280x280.jpg 280w, https:\/\/yithcompare.321dev.ch\/wp-content\/uploads\/2023\/02\/JURA_E8_DarkInox_15366-768x768.jpg 768w, https:\/\/yithcompare.321dev.ch\/wp-content\/uploads\/2023\/02\/JURA_E8_DarkInox_15366-1536x1536.jpg 1536w, https:\/\/yithcompare.321dev.ch\/wp-content\/uploads\/2023\/02\/JURA_E8_DarkInox_15366-510x510.jpg 510w, https:\/\/yithcompare.321dev.ch\/wp-content\/uploads\/2023\/02\/JURA_E8_DarkInox_15366-100x100.jpg 100w, https:\/\/yithcompare.321dev.ch\/wp-content\/uploads\/2023\/02\/JURA_E8_DarkInox_15366.jpg 1775w\" sizes=\"auto, (max-width: 290px) 100vw, 290px\" \/>\t\t\t\t<\/a>\n\t\t\t\tDEMO\n\t\t<p><a href=\"https:\/\/yithcompare.321dev.ch\/fr\/produit\/jura-e8-dark-inox-sb-demo\/\">JURA E8 Dark Inox (SB)<\/a><\/p>\n\t<del aria-hidden=\"true\"><bdi>1,330.00&nbsp;&#67;&#72;&#70;<\/bdi><\/del> <ins><bdi>1,064.00&nbsp;&#67;&#72;&#70;<\/bdi><\/ins>\n<img src=https:\/\/yithcompare.321dev.ch\/wp-content\/uploads\/2019\/05\/JauneA.png WIDTH=110 HEIGHT=14><br><br\/>\t\t\n-20%\n\t\t\t\t<a href=\"https:\/\/yithcompare.321dev.ch\/fr\/produit\/jura-j8-midnight-silver-sa-demo\/\" aria-label=\"JURA J8 Midnight Silver (SA)\">\n\t\t\t\t\t<img width=\"290\" height=\"290\" src=\"https:\/\/yithcompare.321dev.ch\/wp-content\/uploads\/2023\/02\/JURA_J8_MidnightSilver_15470-290x290.jpg\" alt=\"\" decoding=\"async\" loading=\"lazy\" srcset=\"https:\/\/yithcompare.321dev.ch\/wp-content\/uploads\/2023\/02\/JURA_J8_MidnightSilver_15470-290x290.jpg 290w, https:\/\/yithcompare.321dev.ch\/wp-content\/uploads\/2023\/02\/JURA_J8_MidnightSilver_15470-400x400.jpg 400w, https:\/\/yithcompare.321dev.ch\/wp-content\/uploads\/2023\/02\/JURA_J8_MidnightSilver_15470-800x800.jpg 800w, https:\/\/yithcompare.321dev.ch\/wp-content\/uploads\/2023\/02\/JURA_J8_MidnightSilver_15470-280x280.jpg 280w, https:\/\/yithcompare.321dev.ch\/wp-content\/uploads\/2023\/02\/JURA_J8_MidnightSilver_15470-768x768.jpg 768w, https:\/\/yithcompare.321dev.ch\/wp-content\/uploads\/2023\/02\/JURA_J8_MidnightSilver_15470-1536x1536.jpg 1536w, https:\/\/yithcompare.321dev.ch\/wp-content\/uploads\/2023\/02\/JURA_J8_MidnightSilver_15470-510x510.jpg 510w, https:\/\/yithcompare.321dev.ch\/wp-content\/uploads\/2023\/02\/JURA_J8_MidnightSilver_15470-100x100.jpg 100w, https:\/\/yithcompare.321dev.ch\/wp-content\/uploads\/2023\/02\/JURA_J8_MidnightSilver_15470.jpg 1791w\" sizes=\"auto, (max-width: 290px) 100vw, 290px\" \/>\t\t\t\t<\/a>\n\t\t\t\tDEMO\n\t\t<p><a href=\"https:\/\/yithcompare.321dev.ch\/fr\/produit\/jura-j8-midnight-silver-sa-demo\/\">JURA J8 Midnight Silver (SA)<\/a><\/p>\n\t<del aria-hidden=\"true\"><bdi>1,790.00&nbsp;&#67;&#72;&#70;<\/bdi><\/del> <ins><bdi>1,432.00&nbsp;&#67;&#72;&#70;<\/bdi><\/ins>\n<img src=https:\/\/yithcompare.321dev.ch\/wp-content\/uploads\/2019\/05\/JauneA.png WIDTH=110 HEIGHT=14><br><br\/>\t\t\n-20%\n\t\t\t\t<a href=\"https:\/\/yithcompare.321dev.ch\/fr\/produit\/jura-z10-aluminium-black-sa\/\" aria-label=\"JURA Z10 Aluminium Black (SA)\">\n\t\t\t\t\t<img width=\"290\" height=\"290\" src=\"https:\/\/yithcompare.321dev.ch\/wp-content\/uploads\/2023\/02\/JURA_Z10_AluBlack_SA_15489-290x290.jpg\" alt=\"\" decoding=\"async\" loading=\"lazy\" srcset=\"https:\/\/yithcompare.321dev.ch\/wp-content\/uploads\/2023\/02\/JURA_Z10_AluBlack_SA_15489-290x290.jpg 290w, https:\/\/yithcompare.321dev.ch\/wp-content\/uploads\/2023\/02\/JURA_Z10_AluBlack_SA_15489-400x400.jpg 400w, https:\/\/yithcompare.321dev.ch\/wp-content\/uploads\/2023\/02\/JURA_Z10_AluBlack_SA_15489-800x800.jpg 800w, https:\/\/yithcompare.321dev.ch\/wp-content\/uploads\/2023\/02\/JURA_Z10_AluBlack_SA_15489-280x280.jpg 280w, https:\/\/yithcompare.321dev.ch\/wp-content\/uploads\/2023\/02\/JURA_Z10_AluBlack_SA_15489-768x768.jpg 768w, https:\/\/yithcompare.321dev.ch\/wp-content\/uploads\/2023\/02\/JURA_Z10_AluBlack_SA_15489-1536x1536.jpg 1536w, https:\/\/yithcompare.321dev.ch\/wp-content\/uploads\/2023\/02\/JURA_Z10_AluBlack_SA_15489-510x510.jpg 510w, https:\/\/yithcompare.321dev.ch\/wp-content\/uploads\/2023\/02\/JURA_Z10_AluBlack_SA_15489-100x100.jpg 100w, https:\/\/yithcompare.321dev.ch\/wp-content\/uploads\/2023\/02\/JURA_Z10_AluBlack_SA_15489.jpg 1883w\" sizes=\"auto, (max-width: 290px) 100vw, 290px\" \/>\t\t\t\t<\/a>\n\t\t\tRupture de stock\t\t\n\t\t\t\tDEMO\n\t\t<p><a href=\"https:\/\/yithcompare.321dev.ch\/fr\/produit\/jura-z10-aluminium-black-sa\/\">JURA Z10 Aluminium Black (SA)<\/a><\/p>\n\t<del aria-hidden=\"true\"><bdi>2,550.00&nbsp;&#67;&#72;&#70;<\/bdi><\/del> <ins><bdi>2,040.00&nbsp;&#67;&#72;&#70;<\/bdi><\/ins>\n<img src=https:\/\/yithcompare.321dev.ch\/wp-content\/uploads\/2019\/05\/JauneA.png WIDTH=110 HEIGHT=14><br><br\/>\t\t\n-20%\n\t\t\t\t<a href=\"https:\/\/yithcompare.321dev.ch\/fr\/produit\/jura-ena-8-full-metropolitan-black-sc-demo\/\" aria-label=\"JURA ENA 8 Full Metropolitan Black (SC)\">\n\t\t\t\t\t<img width=\"290\" height=\"290\" src=\"https:\/\/yithcompare.321dev.ch\/wp-content\/uploads\/2023\/02\/JURA-ENA_FullMetropolitanBlack_SC_15494-290x290.jpg\" alt=\"\" decoding=\"async\" loading=\"lazy\" srcset=\"https:\/\/yithcompare.321dev.ch\/wp-content\/uploads\/2023\/02\/JURA-ENA_FullMetropolitanBlack_SC_15494-290x290.jpg 290w, https:\/\/yithcompare.321dev.ch\/wp-content\/uploads\/2023\/02\/JURA-ENA_FullMetropolitanBlack_SC_15494-400x400.jpg 400w, https:\/\/yithcompare.321dev.ch\/wp-content\/uploads\/2023\/02\/JURA-ENA_FullMetropolitanBlack_SC_15494-800x800.jpg 800w, https:\/\/yithcompare.321dev.ch\/wp-content\/uploads\/2023\/02\/JURA-ENA_FullMetropolitanBlack_SC_15494-280x280.jpg 280w, https:\/\/yithcompare.321dev.ch\/wp-content\/uploads\/2023\/02\/JURA-ENA_FullMetropolitanBlack_SC_15494-768x768.jpg 768w, https:\/\/yithcompare.321dev.ch\/wp-content\/uploads\/2023\/02\/JURA-ENA_FullMetropolitanBlack_SC_15494-1536x1536.jpg 1536w, https:\/\/yithcompare.321dev.ch\/wp-content\/uploads\/2023\/02\/JURA-ENA_FullMetropolitanBlack_SC_15494-510x510.jpg 510w, https:\/\/yithcompare.321dev.ch\/wp-content\/uploads\/2023\/02\/JURA-ENA_FullMetropolitanBlack_SC_15494-100x100.jpg 100w, https:\/\/yithcompare.321dev.ch\/wp-content\/uploads\/2023\/02\/JURA-ENA_FullMetropolitanBlack_SC_15494.jpg 1941w\" sizes=\"auto, (max-width: 290px) 100vw, 290px\" \/>\t\t\t\t<\/a>\n\t\t\tRupture de stock\t\t\n\t\t\t\tDEMO\n\t\t<p><a href=\"https:\/\/yithcompare.321dev.ch\/fr\/produit\/jura-ena-8-full-metropolitan-black-sc-demo\/\">JURA ENA 8 Full Metropolitan Black (SC)<\/a><\/p>\n\t<del aria-hidden=\"true\"><bdi>1,130.00&nbsp;&#67;&#72;&#70;<\/bdi><\/del> <ins><bdi>904.00&nbsp;&#67;&#72;&#70;<\/bdi><\/ins>\n<img src=https:\/\/yithcompare.321dev.ch\/wp-content\/uploads\/2019\/05\/JauneA.png WIDTH=110 HEIGHT=14><br><br\/>\t\t\n<!-- row -->\n\t\t\t\tLe coin des pros\t\t\t\t\n\t\t\t\t\t\t\t\t\t\t\t\t<img decoding=\"async\" width=\"1024\" height=\"683\" src=\"https:\/\/yithcompare.321dev.ch\/wp-content\/uploads\/2020\/03\/machine_cafe_bureau.jpg\" alt=\"machines \u00e0 caf\u00e9 professionelles\" loading=\"lazy\" srcset=\"https:\/\/yithcompare.321dev.ch\/wp-content\/uploads\/2020\/03\/machine_cafe_bureau.jpg 1024w, https:\/\/yithcompare.321dev.ch\/wp-content\/uploads\/2020\/03\/machine_cafe_bureau-600x400.jpg 600w, https:\/\/yithcompare.321dev.ch\/wp-content\/uploads\/2020\/03\/machine_cafe_bureau-768x512.jpg 768w, https:\/\/yithcompare.321dev.ch\/wp-content\/uploads\/2020\/03\/machine_cafe_bureau-510x340.jpg 510w\" sizes=\"auto, (max-width: 1024px) 100vw, 1024px\" \/>\t\t\t\t\t\t\t\t\t\t\t\t\t\t\n\t\t\t<h2>Machines professionnelles<\/h2>\t\t\n\t\t<p>Proposez \u00e0 vos employ\u00e9s, collaborateurs et clients un caf\u00e9 de qualit\u00e9, respectueux de l\u2019humain. D\u2019une simple pression, votre caf\u00e9 est parfaitement extrait des grains d\u2019un assemblage torr\u00e9fi\u00e9 artisanalement, go\u00fbteux \u00e0 souhait. Mettez du tonus et de la gaiet\u00e9 dans votre \u00e9quipe! La pause-caf\u00e9 est un moment important de la vie de l&rsquo;entreprise. Dynamisez vos troupes en leur proposant un caf\u00e9 de qualit\u00e9, fra\u00eechement torr\u00e9fi\u00e9 et moulu tasse apr\u00e8s tasse !\u00a0<\/p>\t\t\n\t\t\t<a href=\"https:\/\/yithcompare.321dev.ch\/fr\/machines-a-cafe\/jura-machines-a-cafe-produits-professionnels\/machines-a-cafe-jura-machines-a-cafe-produits-professionnels\/\" role=\"button\">\n\t\t\t\t\t\tD\u00e9couvrez nos machines professionnelles\n\t\t\t\t\t<\/a>\n\t\t\t<h2>Machine \u00e0 caf\u00e9 pour entreprises et bureaux<\/h2>\t\t\n\t\t<p>La\u00a0<strong>maison Esperanza<\/strong>\u00a0est votre partenaire caf\u00e9 quelle que soit la taille de votre entreprise:\u00a0firme internationale ou petit bureau. Nous avons \u00e0 coeur de vous offrir des prestations caf\u00e9 professionnelles adapt\u00e9es \u00e0 votre structure.<\/p><p>Les\u00a0<strong>solutions personnalis\u00e9es<\/strong>\u00a0de location de machines \u00e0 caf\u00e9 pour entreprises et bureaux ne demandent pas d&rsquo;investissement de base. De plus, vous d\u00e9terminez le prix de vente des caf\u00e9s. A votre demande, nous installons un monnayeur.<\/p>\t\t\n\t\t\t<a href=\"https:\/\/yithcompare.321dev.ch\/fr\/solutions-pro-machines-a-cafe\/bureau-et-entreprise\/\" role=\"button\">\n\t\t\t\t\t\tNos solutions de location de machines \u00e0 caf\u00e9 pour bureaux\n\t\t\t\t\t<\/a>\n\t\t\t\t\t\t\t\t\t\t\t\t<img decoding=\"async\" width=\"506\" height=\"372\" src=\"https:\/\/yithcompare.321dev.ch\/wp-content\/uploads\/2020\/03\/Capture-d\u2019e\u0301cran-2020-02-16-a\u0300-18.29.27-1.png\" alt=\"Machine \u00e0 caf\u00e9 pour entreprises et bureaux\u200b\" loading=\"lazy\" \/>","protected":false},"excerpt":{"rendered":"<p>Set de d\u00e9gustations : LES ELIXIRS Supremo 500g &#8211; Bio Excelso 500g &#8211; Bio Sumatra 250g Envie de les d\u00e9guster? Pensez aux bons cadeaux! Consommez chez votre artisan. Les Caf\u00e9s Esperanza Caf\u00e9 en grains Caf\u00e9 moulu Caf\u00e9 en capsules Compostables Nos Bestsellers D\u00e9couvrez les coulisses de nos nouvelles capsules Le d\u00e9veloppement de capsules a \u00e9t\u00e9 [&hellip;]<\/p>\n","protected":false},"author":6990,"featured_media":0,"parent":0,"menu_order":0,"comment_status":"closed","ping_status":"closed","template":"","meta":{"footnotes":""},"class_list":["post-19","page","type-page","status-publish","hentry"],"_links":{"self":[{"href":"https:\/\/yithcompare.321dev.ch\/fr\/wp-json\/wp\/v2\/pages\/19","targetHints":{"allow":["GET"]}}],"collection":[{"href":"https:\/\/yithcompare.321dev.ch\/fr\/wp-json\/wp\/v2\/pages"}],"about":[{"href":"https:\/\/yithcompare.321dev.ch\/fr\/wp-json\/wp\/v2\/types\/page"}],"author":[{"embeddable":true,"href":"https:\/\/yithcompare.321dev.ch\/fr\/wp-json\/wp\/v2\/users\/6990"}],"replies":[{"embeddable":true,"href":"https:\/\/yithcompare.321dev.ch\/fr\/wp-json\/wp\/v2\/comments?post=19"}],"version-history":[{"count":0,"href":"https:\/\/yithcompare.321dev.ch\/fr\/wp-json\/wp\/v2\/pages\/19\/revisions"}],"wp:attachment":[{"href":"https:\/\/yithcompare.321dev.ch\/fr\/wp-json\/wp\/v2\/media?parent=19"}],"curies":[{"name":"wp","href":"https:\/\/api.w.org\/{rel}","templated":true}]}}