{"id":18538,"date":"2020-08-04T10:58:10","date_gmt":"2020-08-04T08:58:10","guid":{"rendered":"https:\/\/esperanza.ch\/?page_id=18538"},"modified":"2022-09-19T17:23:13","modified_gmt":"2022-09-19T15:23:13","slug":"capsules-compatibles-compostables-esperanza","status":"publish","type":"page","link":"https:\/\/yithcompare.321dev.ch\/fr\/capsules-compatibles-compostables-esperanza\/","title":{"rendered":"Capsules compatibles compostables Esperanza"},"content":{"rendered":"<p><img decoding=\"async\" src=\"https:\/\/yithcompare.321dev.ch\/wp-content\/uploads\/2020\/08\/jakub-dziubak-XtUd5SiX464-unsplash-1198x800.jpg\" alt=\"capsule compostable\" loading=\"lazy\"><\/p>\n<h3>NOUVEAUTE\u0301<\/h3>\n<h5>Les capsules <br \/>caf\u00e9 Esperanza<\/h5>\n<p>Disponible sur le shop<\/p>\n<h1>Les capsules caf\u00e9 compatibles compostables Esperanza <\/h1>\n<p>Les capsules d\u00e9barquent chez Esperanza! Et pas n\u2019importe quelles capsules: cap sur la durabilit\u00e9 avec des mat\u00e9riaux compostables. Mais surtout, ce nouveau conditionnement respecte les <a href=\"https:\/\/yithcompare.321dev.ch\/fr\/nous-connaitre\/nos-valeurs\/\">valeurs<\/a> ch\u00e8res \u00e0 Esperanza, local, fra\u00eecheur, fairtrade et humain.<\/p>\n<p>Le COVID am\u00e8ne le monde du travail \u00e0 conjuguer son quotidien autrement. Exit les habitudes, place \u00e0 des fonctionnements que l\u2019on n\u2019imaginait pas s\u2019appliquer. Toujours en \u00e9veil face \u00e0 l\u2019\u00e9volution de la soci\u00e9t\u00e9, Esperanza a d\u00e9cid\u00e9 d\u2019\u00e9largir sa gamme en proposant d\u00e9sormais des capsules de caf\u00e9 en compl\u00e9ment \u00e0 l\u2019assortiment de caf\u00e9s en grains et caf\u00e9s moulus pr\u00e9vus pour des machines automatiques. Des \u00e9co-capsules \u00e9quitables sont disponibles depuis ao\u00fbt 2020, d\u2019abord en version espresso, dans un second temps en version caf\u00e9 long.<\/p>\n<p>Du point de vue du march\u00e9, la demande est claire: une majorit\u00e9 de m\u00e9nages poss\u00e8dent une machine compacte fonctionnant avec des\u00a0capsules, comme machine principale ou machine d\u2019appoint. Il tenait \u00e0 c\u0153ur \u00e0 Esperanza de satisfaire ses aficionados en proposant une solution compatible avec cette technologie (type Nespresso\u00ae entre autres). Retrouver l\u2019\u00e9l\u00e9gance et la profondeur d\u2019un caf\u00e9 Esperanza est d\u00e9sormais \u00e0 la port\u00e9e de tous, \u00e0 la maison comme au travail.<\/p>\n<p>Torr\u00e9fi\u00e9s par petits lots \u00e0 Vuadens en Gruy\u00e8re, les caf\u00e9s Esperanza se veulent vecteurs de sens. Outre l\u2019achat de caf\u00e9 \u00e9quitable vert labellis\u00e9 Max Havelaar \u2013 le caf\u00e9 est cultiv\u00e9 uniquement dans la zone \u00e9quatoriale \u2013, Esperanza participe le plus qu\u2019elle peut \u00e0 l\u2019\u00e9conomie locale en favorisant les circuits courts. Le choix de ses prestataires \u2013 emballage, consommables, etc. \u2013 est dict\u00e9 par la proximit\u00e9 g\u00e9ographique et la qualit\u00e9 Swiss Made.<\/p>\n<p>\t\t\t\t\t\t\t\t\t\t\t\t<img decoding=\"async\" src=\"https:\/\/yithcompare.321dev.ch\/wp-content\/uploads\/elementor\/thumbs\/IMG_1427-plv5du90wpp7vv40a971tmi9xgtw2l5jwd3o0gweiw.jpg\" title=\"caf\u00e9 en capsule esperanza\" alt=\"caf\u00e9 en capsule esperanza\" \/>\t\t\t\t\t\t\t\t\t\t\t\t\t\t<\/p>\n<p>En ouvrant sa production au march\u00e9 de la capsule biod\u00e9gradable (capsule sans aluminium), Esperanza veut p\u00e9renniser ses objectifs pour offrir un caf\u00e9 de qualit\u00e9 et durable. C\u2019est pourquoi les contenants choisis sont industriellement compostables; les capsules recyclables usag\u00e9es de d\u00e9composent d\u00e8s 55\u00b0C, par exemple lors de la valorisation des d\u00e9chets de compost pour la production de biogaz.\u00a0<\/p>\n<p>La technologie propos\u00e9e par Densus AG offre le meilleur rapport qualit\u00e9-durabilit\u00e9, les solutions compatibles avec le home composting ne satisfaisant pas encore en termes de qualit\u00e9 et de fonctionnalit\u00e9s de la capsule. Densus prend en charge le conditionnement du caf\u00e9 (pur arabica) apr\u00e8s la torr\u00e9faction artisanale. Apr\u00e8s extraction, le moka garde \u00e0 la d\u00e9gustation tous ses parfums, sa saveur et sa texture onctueuse.\u00a0<\/p>\n<p>\t\t\t\t\t\t\t\t\t\t\t\t<img decoding=\"async\" src=\"https:\/\/yithcompare.321dev.ch\/wp-content\/uploads\/elementor\/thumbs\/ecology-leaf-plv5bq3n33a95q3s26plyju59sfzbe5qk1s1crbjhw.jpg\" title=\"ecology-leaf\" alt=\"ecology-leaf\" \/>\t\t\t\t\t\t\t\t\t\t\t\t\t\t<\/p>\n<h2>Mat\u00e9riaux compostables <\/h2>\n<p>Les nouvelles capsules de caf\u00e9 Esperanza se d\u00e9marquent \u00e9tant 100%&nbsp; compostables industriellement.<\/p>\n<p>\t\t\t\t\t\t\t\t\t\t\t\t<img decoding=\"async\" src=\"https:\/\/yithcompare.321dev.ch\/wp-content\/uploads\/elementor\/thumbs\/paginate-filter-heart-plv599qt8nxaudo4e4iog64tfkjh7ueyvwge7x6v40.jpg\" title=\"paginate-filter-heart\" alt=\"paginate-filter-heart\" \/>\t\t\t\t\t\t\t\t\t\t\t\t\t\t<\/p>\n<h2>Respect de nos valeurs<\/h2>\n<p>Ce nouveau conditionnement respecte les valeurs ch\u00e8res \u00e0 Esperanza, local, fra\u00eecheur, fairtrade et humain.<\/p>\n<p>\t\t\t\t\t\t\t\t\t\t\t\t<img decoding=\"async\" src=\"https:\/\/yithcompare.321dev.ch\/wp-content\/uploads\/elementor\/thumbs\/coffee-mug-plv5c477xltjzvjarut0hya26kihiupplzkbj2yy9s.jpg\" title=\"coffee-mug\" alt=\"coffee-mug\" \/>\t\t\t\t\t\t\t\t\t\t\t\t\t\t<\/p>\n<h2>Compatible Nespresso\u00ae<\/h2>\n<p>Nos capsules biod\u00e9gradables sont 100% compatibles avec le syst\u00e8me Nespresso\u00ae* et toutes les machines.<\/p>\n<h2>INSCRIVEZ-VOUS A\u0300 NOTRE NEWSLETTER<\/h2>\n<h2>et soyez inform\u00e9 de la disponibilit\u00e9<br \/>\nde nos capsules<\/h2>\n<p style=\"text-align: center;\">[mc4wp_form id=\u00a0\u00bb18620&Prime;]<\/p>\n<p>\t\t\t\t\t\t\t\t\t\t\t\t<img decoding=\"async\" width=\"650\" height=\"400\" src=\"https:\/\/yithcompare.321dev.ch\/wp-content\/uploads\/2020\/08\/Capsules.jpg\" alt=\"\" loading=\"lazy\" srcset=\"https:\/\/yithcompare.321dev.ch\/wp-content\/uploads\/2020\/08\/Capsules.jpg 650w, https:\/\/yithcompare.321dev.ch\/wp-content\/uploads\/2020\/08\/Capsules-510x314.jpg 510w\" sizes=\"auto, (max-width: 650px) 100vw, 650px\" \/><br \/>\n\t\tTrouver le partenaire id\u00e9al avec qui Esperanza puisse mettre au point un nouveau conditionnement en ad\u00e9quation avec ses valeurs a pris du temps. Le choix s\u2019est port\u00e9 sur Densus AG, une entreprise suisse bas\u00e9e \u00e0 Baden (Argovie) qui propose des solutions \u00e0 la pointe de la technologie tout en r\u00e9pondant aux exigences de qualit\u00e9 \u00e9lev\u00e9es des amateurs de caf\u00e9.\t\t<\/p>\n<h4>Interview de notre partenaire Christian Klose<\/h4>\n<h4>Qu\u2019apporte Densus AG aux artisans torr\u00e9facteurs du pays?<\/h4>\n<p>Les torr\u00e9facteurs d\u00e9couvrent le parfait compagnon pour de petits et moyens volumes, de la flexibilit\u00e9, de la personnalisation et du savoir-faire.<\/p>\n<h4>Pourquoi le compostage industriel et non le compostage domestique?<br \/>\n<\/h4>\n<p>Nous n\u2019avons pas encore trouv\u00e9 la solution parfaite pour les composts domestiques : un contenant neutre, sans odeur, qui puisse conserver toutes les saveurs d\u2019un tr\u00e8s bon caf\u00e9. Les mat\u00e9riaux existent, mais la qualit\u00e9 obtenue ne co\u00efncide pas encore avec les attentes des consommateurs suisses. Le industrial composting est pour l\u2019instant l\u2019alternative judicieuse \u00e0 la capsule aluminium. La capsule compostable industriellement est aujourd\u2019hui la bonne alternative \u00e0 l\u2019aluminium et ses d\u00e9sagr\u00e9ments.\u00a0<\/p>\n<h4>A quoi attribues-tu la confiance des torr\u00e9facteurs dans tes capsules compostables?<br \/>\n<\/h4>\n<p>Certainement par l\u2019usage d\u2019une capsule compostable de qualit\u00e9, une valorisation de leur caf\u00e9 fra\u00eechement livr\u00e9 qui donne un r\u00e9sultat incroyablement cr\u00e9meux. Sans l\u2019aluminium et son conditionnement de tr\u00e8s longue dur\u00e9e, un caf\u00e9 doit \u00eatre consomm\u00e9 rapidement\u00a0 s\u2019il veut garder sa qualit\u00e9.\u00a0<\/p>\n<h4>Quelles sont les tendances actuelles?<br \/>\n<\/h4>\n<p>On observe un retour certain vers un <a class=\"wpil_keyword_link\" href=\"https:\/\/yithcompare.321dev.ch\/fr\/categorie-produit\/cafe\/cafe-en-grains\/\"   title=\"caf\u00e9 en grains\" data-wpil-keyword-link=\"linked\"  data-wpil-monitor-id=\"1\">caf\u00e9 en grains<\/a>, fra\u00eechement moulu. Mais la capsule compatible r\u00e9pond \u00e0 l\u2019\u00e9norme demande des consommateurs individuels ou en couple. Une machine compacte, une exp\u00e9rience caf\u00e9 rapide et savoureuse.<\/p>\n<h4>Comment DENSUS fait-il face \u00e0 la crise du Covid-19?<br \/>\n<\/h4>\n<p>Avec beaucoup de travail. Le t\u00e9l\u00e9travail et le confinement ont boost\u00e9 la consommation \u00e0 domicile.<\/p>\n<p>\u00a0\t\t<\/p>\n<h4>Quels sont vos objectifs pour les mois \u00e0 venir ?<br \/>\n<\/h4>\n<p>\t\tDe la qualit\u00e9, du volume de production et du plaisir \u00e0 la t\u00e2che.<\/p>\n<p>*La marque Nepresso\u00ae est la propri\u00e9t\u00e9 de tiers qui n&rsquo;ont aucune relation avec Les Caf\u00e9s Esperanza S\u00e0rl.<\/p>\n","protected":false},"excerpt":{"rendered":"<p>NOUVEAUTE\u0301 Les capsules caf\u00e9 Esperanza Disponible sur le shop Les capsules caf\u00e9 compatibles compostables Esperanza Les capsules d\u00e9barquent chez Esperanza! Et pas n\u2019importe quelles capsules: cap sur la durabilit\u00e9 avec des mat\u00e9riaux compostables. Mais surtout, ce nouveau conditionnement respecte les valeurs ch\u00e8res \u00e0 Esperanza, local, fra\u00eecheur, fairtrade et humain. Le COVID am\u00e8ne le monde du [&hellip;]<\/p>\n","protected":false},"author":6990,"featured_media":0,"parent":0,"menu_order":0,"comment_status":"closed","ping_status":"closed","template":"","meta":{"footnotes":""},"class_list":["post-18538","page","type-page","status-publish","hentry"],"_links":{"self":[{"href":"https:\/\/yithcompare.321dev.ch\/fr\/wp-json\/wp\/v2\/pages\/18538","targetHints":{"allow":["GET"]}}],"collection":[{"href":"https:\/\/yithcompare.321dev.ch\/fr\/wp-json\/wp\/v2\/pages"}],"about":[{"href":"https:\/\/yithcompare.321dev.ch\/fr\/wp-json\/wp\/v2\/types\/page"}],"author":[{"embeddable":true,"href":"https:\/\/yithcompare.321dev.ch\/fr\/wp-json\/wp\/v2\/users\/6990"}],"replies":[{"embeddable":true,"href":"https:\/\/yithcompare.321dev.ch\/fr\/wp-json\/wp\/v2\/comments?post=18538"}],"version-history":[{"count":0,"href":"https:\/\/yithcompare.321dev.ch\/fr\/wp-json\/wp\/v2\/pages\/18538\/revisions"}],"wp:attachment":[{"href":"https:\/\/yithcompare.321dev.ch\/fr\/wp-json\/wp\/v2\/media?parent=18538"}],"curies":[{"name":"wp","href":"https:\/\/api.w.org\/{rel}","templated":true}]}}