{"id":5547,"date":"2019-05-20T00:00:00","date_gmt":"2019-05-19T22:00:00","guid":{"rendered":"https:\/\/esperanza.ch\/produit\/jura-we6-piano-black-2\/"},"modified":"2024-07-22T15:21:17","modified_gmt":"2024-07-22T13:21:17","slug":"kaffeemaschine-jura-we6-piano-black-sa-15418","status":"publish","type":"product","link":"https:\/\/yithcompare.321dev.ch\/de\/produit\/kaffeemaschine-jura-we6-piano-black-sa-15418\/","title":{"rendered":"JURA WE6 Piano Black"},"content":{"rendered":"<p>Ein Wassertank mit drei Litern Fassungsverm\u00f6gen, ein Bohnenbeh\u00e4lter f\u00fcr 500 Gramm Kaffeebohnen und ein Kaffeesatzbeh\u00e4lter mit 25 Portionen Kapazit\u00e4t machen den eleganten Professional-Vollautomaten \u00fcberall dort zur Ideall\u00f6sung, wo t\u00e4glich um 30 Kaffeespezialit\u00e4ten genossen werden.<\/p>\n<p>Innovative Technologien revolutionieren den Kaffeegenuss. Frontal angeordnete Tasten und ein modernes 2,8&#8220;Farbdisplay machen die Bedienung auch f\u00fcr unge\u00fcbte Benutzer spielend leicht. Der Drehknopf f\u00fcr Hei\u00dfwasser- und Dampfzubereitung wurde nach aktuellen ergonomischen Gesichtspunkten so lange \u00fcberarbeitet, bis er allen Testpersonen optimal in der Hand lag. F\u00fcr manche mag es eine Kleinigkeit sein, f\u00fcr uns ein weiterer Schritt auf dem Weg zur Vollkommenheit.<\/p>\n","protected":false},"excerpt":{"rendered":"<h3>Kaffeeklassiker f\u00fcr den Arbeitsplatz<\/h3>\n<p>Wo Kunden, Mitarbeitende und G\u00e4ste Kaffee genie\u00dfen, herrscht ein angenehmes Klima, denn Kaffee sorgt f\u00fcr ein entspanntes, kommunikatives, produktives Umfeld. Er befl\u00fcgelt die Gedanken und mobilisiert kreative Kr\u00e4fte. Kaffee ist deshalb von keinem Arbeitsplatz wegzudenken. Die neue WE6 beherrscht virtuos die Klaviatur der Kaffeeklassiker von Ristretto \u00fcber Espresso bis hin zum Caf\u00e9 cr\u00e8me.<\/p>\n","protected":false},"featured_media":46288,"comment_status":"closed","ping_status":"closed","template":"","meta":[],"product_brand":[],"product_cat":[198],"product_tag":[],"class_list":{"0":"post-5547","1":"product","2":"type-product","3":"status-publish","4":"has-post-thumbnail","6":"product_cat-jura-kaffeemaschinen-produkte-professional","8":"first","9":"instock","10":"taxable","11":"shipping-taxable","12":"purchasable","13":"product-type-simple"},"_links":{"self":[{"href":"https:\/\/yithcompare.321dev.ch\/de\/wp-json\/wp\/v2\/product\/5547","targetHints":{"allow":["GET"]}}],"collection":[{"href":"https:\/\/yithcompare.321dev.ch\/de\/wp-json\/wp\/v2\/product"}],"about":[{"href":"https:\/\/yithcompare.321dev.ch\/de\/wp-json\/wp\/v2\/types\/product"}],"replies":[{"embeddable":true,"href":"https:\/\/yithcompare.321dev.ch\/de\/wp-json\/wp\/v2\/comments?post=5547"}],"wp:featuredmedia":[{"embeddable":true,"href":"https:\/\/yithcompare.321dev.ch\/de\/wp-json\/wp\/v2\/media\/46288"}],"wp:attachment":[{"href":"https:\/\/yithcompare.321dev.ch\/de\/wp-json\/wp\/v2\/media?parent=5547"}],"wp:term":[{"taxonomy":"product_brand","embeddable":true,"href":"https:\/\/yithcompare.321dev.ch\/de\/wp-json\/wp\/v2\/product_brand?post=5547"},{"taxonomy":"product_cat","embeddable":true,"href":"https:\/\/yithcompare.321dev.ch\/de\/wp-json\/wp\/v2\/product_cat?post=5547"},{"taxonomy":"product_tag","embeddable":true,"href":"https:\/\/yithcompare.321dev.ch\/de\/wp-json\/wp\/v2\/product_tag?post=5547"}],"curies":[{"name":"wp","href":"https:\/\/api.w.org\/{rel}","templated":true}]}}