{"id":5263,"date":"2018-04-18T00:00:00","date_gmt":"2018-04-17T22:00:00","guid":{"rendered":"https:\/\/esperanza.ch\/produit\/cafe-esperanza-fairtrade-supremo-en-grains-250g-1-2\/"},"modified":"2025-03-17T00:00:08","modified_gmt":"2025-03-16T22:00:08","slug":"cafe-esperanza-fairtrade-supremo-en-grains-250g-1-2","status":"publish","type":"product","link":"https:\/\/yithcompare.321dev.ch\/de\/produit\/cafe-esperanza-fairtrade-supremo-en-grains-250g-1-2\/","title":{"rendered":"SUPREMO Esperanza Fairtrade-Mahlkaffee, 250g"},"content":{"rendered":"<h3><strong>Dunkle Schokolade, ger\u00e4uchert<\/strong> (dominante Aromen)<\/h3>\n<p>Intensit\u00e4t: 5\/5<br \/>\nR\u00f6stprofil: sehr dunkel<br \/>\nGetr\u00e4nkeart: Ristretto, Espresso, Milchkaffee<br \/>\nArten: 50% Arabica \/ 50% Robusta<br \/>\nHerkunft: Guatemala SHB (Arabica), Mexiko (Robusta), Brasilien Santos (Arabica)<br \/>\nErnten: November bis M\u00e4rz (Guatemala) \/ Mai bis August (Brasilien) \/ August bis Januar (Uganda)<br \/>\nTrocknung: gewaschene Kaffees (Guatemala) \/ nat\u00fcrliche Kaffees, trocken (Uganda, Brasilien)<\/p>\n<p>Frisch verpackt in einem Beutel mit einem Ventil zum Schutz der Aromen. Idealerweise vor drei Monaten, vorzugsweise vor zw\u00f6lf Monaten nach dem Braten zu genie\u00dfen.<\/p>\n<p><strong>Urspr\u00fcnge, Regionen, Genossenschaften<\/strong><\/p>\n<p><strong>Guatemala<\/strong> &#8211;\u00a01969 beschlossen die Mitglieder von 19 Genossenschaften, sich in der Federaci\u00f3n de Cooperativas de Productores de Caf\u00e9 de Guatemala zusammenzuschlie\u00dfen. Fedecocagua bietet eine breite Palette von Dienstleistungen an. Zu diesem Zweck bietet Fedecocagua eine breite Palette von Dienstleistungen an, haupts\u00e4chlich technische und administrative Ausbildung, Zugang zu Krediten, Entwicklung neuer M\u00e4rkte und Verteidigung der Rechte von Kleinbauern.<\/p>\n<p><strong>Uganda &#8211; <\/strong>Text kommt sp\u00e4ter<\/p>\n<p><strong>Brasilien<\/strong> &#8211;\u00a0Die Cooperativa Mista Paragua\u00e7u (COOMAP) hat ihren Sitz in der Gemeinde Paragua\u00e7u im Bundesstaat Minas Gerais im S\u00fcdosten Brasiliens. Die Kooperative wurde 1957 von Produzenten gegr\u00fcndet, die sich zum Ziel setzten, ihren Kaffee gemeinsam zu vermarkten. Sie ist stetig gewachsen, z\u00e4hlt heute 672 Mitglieder und ist ein florierendes professionelles Unternehmen mit technischen und kaufm\u00e4nnischen Abteilungen. Sie wurden 2014 Fairtrade-zertifiziert.<\/p>\n","protected":false},"excerpt":{"rendered":"<p>Supremo ist unser Star der intensiven, vollmundigen, cremigen Kaffees, ohne anhaltende Bitterkeit. Wunderbare Wahl f\u00fcr den Vormittag!<\/p>\n","protected":false},"featured_media":17436,"comment_status":"open","ping_status":"closed","template":"","meta":[],"product_brand":[],"product_cat":[165,189],"product_tag":[],"class_list":{"0":"post-5263","1":"product","2":"type-product","3":"status-publish","4":"has-post-thumbnail","6":"product_cat-kaffeewelt","7":"product_cat-gemahlen","9":"first","10":"instock","11":"sale","12":"taxable","13":"shipping-taxable","14":"purchasable","15":"product-type-variable","16":"has-default-attributes"},"_links":{"self":[{"href":"https:\/\/yithcompare.321dev.ch\/de\/wp-json\/wp\/v2\/product\/5263","targetHints":{"allow":["GET"]}}],"collection":[{"href":"https:\/\/yithcompare.321dev.ch\/de\/wp-json\/wp\/v2\/product"}],"about":[{"href":"https:\/\/yithcompare.321dev.ch\/de\/wp-json\/wp\/v2\/types\/product"}],"replies":[{"embeddable":true,"href":"https:\/\/yithcompare.321dev.ch\/de\/wp-json\/wp\/v2\/comments?post=5263"}],"wp:featuredmedia":[{"embeddable":true,"href":"https:\/\/yithcompare.321dev.ch\/de\/wp-json\/wp\/v2\/media\/17436"}],"wp:attachment":[{"href":"https:\/\/yithcompare.321dev.ch\/de\/wp-json\/wp\/v2\/media?parent=5263"}],"wp:term":[{"taxonomy":"product_brand","embeddable":true,"href":"https:\/\/yithcompare.321dev.ch\/de\/wp-json\/wp\/v2\/product_brand?post=5263"},{"taxonomy":"product_cat","embeddable":true,"href":"https:\/\/yithcompare.321dev.ch\/de\/wp-json\/wp\/v2\/product_cat?post=5263"},{"taxonomy":"product_tag","embeddable":true,"href":"https:\/\/yithcompare.321dev.ch\/de\/wp-json\/wp\/v2\/product_tag?post=5263"}],"curies":[{"name":"wp","href":"https:\/\/api.w.org\/{rel}","templated":true}]}}