{"id":5249,"date":"2018-04-17T00:00:00","date_gmt":"2018-04-16T22:00:00","guid":{"rendered":"https:\/\/esperanza.ch\/produit\/kaffee-esperanza-bresil-fairtrade-bohnen\/"},"modified":"2025-05-12T01:03:35","modified_gmt":"2025-05-11T23:03:35","slug":"kaffee-esperanza-bresil-fairtrade-bohnen","status":"publish","type":"product","link":"https:\/\/yithcompare.321dev.ch\/de\/produit\/kaffee-esperanza-bresil-fairtrade-bohnen\/","title":{"rendered":"BRESIL Esperanza Fairtrade-Kaffeebohnen"},"content":{"rendered":"<h3><strong>Toast, Toffee<\/strong> (Sahne-Karamel)<\/h3>\n<p>Intensit\u00e4t: 2\/5<br \/>\nR\u00f6stgrad: Mittel<br \/>\nGetr\u00e4nkeart: Lungo<br \/>\nArten: 100% Arabica<br \/>\nHerkunft: Brasilien Santos<br \/>\nErnten: Mai bis August<br \/>\nTrocknung: nat\u00fcrliche Kaffees, Trockenverfahren<\/p>\n<p>Frisch verpackt in einem Beutel mit einem Ventil zum Schutz der Aromen. Idealerweise vor drei Monaten, vorzugsweise vor zw\u00f6lf Monaten nach dem Braten zu genie\u00dfen.<\/p>\n<p><strong>Herkunft, Region, Genossenschaft<\/strong><\/p>\n<p><strong>Brasilien<\/strong> &#8211; Die Cooperativa Mista Paragua\u00e7u (<a href=\"https:\/\/goo.gl\/maps\/QGMZ3vVEWaXkPEEg6\">COOMAP<\/a>) hat ihren Sitz in der Gemeinde Paragua\u00e7u im Bundesstaat Minas Gerais im S\u00fcdosten Brasiliens. Die Kooperative wurde 1957 von Produzenten gegr\u00fcndet, die sich zum Ziel gesetzt hatten, ihren Kaffee gemeinsam zu vermarkten. Sie ist stetig gewachsen und z\u00e4hlt heute 672 Mitglieder. Es ist ein florierendes professionelles Unternehmen mit technischen und kommerziellen Abteilungen. Sie wurden 2014 als &#8222;fairer Handel&#8220; zertifiziert.<\/p>\n","protected":false},"excerpt":{"rendered":"<p>Diese brasilianische Selektion aus Minas Gerais, 100% Arabica, besticht durch ihre Weichheit und Finesse. Ein echter &#8222;Genuss&#8220;-Kaffee f\u00fcr Lungo-Liebhaber, die, Tasse f\u00fcr Tasse, Ihren Tag im B\u00fcro begleiten, ohne K\u00f6rper und Geist zu belasten.<\/p>\n","protected":false},"featured_media":20215,"comment_status":"open","ping_status":"closed","template":"","meta":[],"product_brand":[],"product_cat":[165,164,410],"product_tag":[],"class_list":{"0":"post-5249","1":"product","2":"type-product","3":"status-publish","4":"has-post-thumbnail","6":"product_cat-kaffeewelt","7":"product_cat-kaffeebohnen","8":"product_cat-brasilien","9":"pa_emballage-250g-de","10":"pa_emballage-500-g-de","11":"pa_emballage-1-kg-de","12":"pa_emballage-5-kg-de","13":"pa_emballage-10-kg-de","15":"first","16":"instock","17":"sale","18":"taxable","19":"shipping-taxable","20":"purchasable","21":"product-type-variable","22":"has-default-attributes"},"_links":{"self":[{"href":"https:\/\/yithcompare.321dev.ch\/de\/wp-json\/wp\/v2\/product\/5249","targetHints":{"allow":["GET"]}}],"collection":[{"href":"https:\/\/yithcompare.321dev.ch\/de\/wp-json\/wp\/v2\/product"}],"about":[{"href":"https:\/\/yithcompare.321dev.ch\/de\/wp-json\/wp\/v2\/types\/product"}],"replies":[{"embeddable":true,"href":"https:\/\/yithcompare.321dev.ch\/de\/wp-json\/wp\/v2\/comments?post=5249"}],"wp:featuredmedia":[{"embeddable":true,"href":"https:\/\/yithcompare.321dev.ch\/de\/wp-json\/wp\/v2\/media\/20215"}],"wp:attachment":[{"href":"https:\/\/yithcompare.321dev.ch\/de\/wp-json\/wp\/v2\/media?parent=5249"}],"wp:term":[{"taxonomy":"product_brand","embeddable":true,"href":"https:\/\/yithcompare.321dev.ch\/de\/wp-json\/wp\/v2\/product_brand?post=5249"},{"taxonomy":"product_cat","embeddable":true,"href":"https:\/\/yithcompare.321dev.ch\/de\/wp-json\/wp\/v2\/product_cat?post=5249"},{"taxonomy":"product_tag","embeddable":true,"href":"https:\/\/yithcompare.321dev.ch\/de\/wp-json\/wp\/v2\/product_tag?post=5249"}],"curies":[{"name":"wp","href":"https:\/\/api.w.org\/{rel}","templated":true}]}}