{"id":44317,"date":"2023-12-04T08:42:23","date_gmt":"2023-12-04T06:42:23","guid":{"rendered":"https:\/\/esperanza.ch\/?post_type=product&#038;p=44317"},"modified":"2025-04-21T15:35:57","modified_gmt":"2025-04-21T13:35:57","slug":"otto-tuerkische-kaffeekanne","status":"publish","type":"product","link":"https:\/\/yithcompare.321dev.ch\/de\/produit\/otto-tuerkische-kaffeekanne\/","title":{"rendered":"OTTO &#8211; t\u00fcrkische Kaffeekanne"},"content":{"rendered":"<ul>\n<li>Material: Rostfreier Stahl<\/li>\n<li>Volumen: 550 ml (bis zu 5 Tassen Kaffee).<\/li>\n<li>Funktioniert auf allen Herdarten.<\/li>\n<\/ul>\n<p>OTTO mag den Geschirrsp\u00fcler nicht.<br \/>\nProfi-Tipp<\/p>\n<p>OTTO funktioniert mit den meisten Induktionskochfeldern. Es gibt jedoch einige wenige Modelle von Induktionskochfeldern, die Schwierigkeiten haben, T\u00f6pfe und Pfannen mit kleinerem Durchmesser zu erkennen. Um sicherzustellen, dass Ihr Kochfeld perfekt mit OTTO funktioniert, testen Sie es vor der Bestellung mit einem Induktionstopf mit \u00e4hnlichem Durchmesser. Der Durchmesser der Basis von Otto betr\u00e4gt 96 mm (3\u00be&#8220;).<\/p>\n","protected":false},"excerpt":{"rendered":"<h2>Ein zeitgem\u00e4\u00dfer Look f\u00fcr die t\u00fcrkische Kaffeekanne.<\/h2>\n<p>OTTO ist das moderne Werkzeug einer jahrhundertealten Braumethode.<\/p>\n<p>Sie k\u00f6nnen es Ibrik, \u00e7ezve oder wie auch immer nennen &#8211; die Grundform dieser Kannen wurde im Laufe der Jahrhunderte immer weiter perfektioniert.<\/p>\n<p>Unser Ziel war es, dem t\u00fcrkischen Kaffee einen neuen, zeitgem\u00e4\u00dfen Look zu verleihen: eine Kanne, die eine der kultigsten Kaffeezubereitungsmethoden der Welt w\u00fcrdigt und cool genug aussieht, um in einer modernen K\u00fcche ausgestellt zu werden.<\/p>\n","protected":false},"featured_media":46538,"comment_status":"open","ping_status":"closed","template":"","meta":[],"product_brand":[],"product_cat":[446],"product_tag":[],"class_list":{"0":"post-44317","1":"product","2":"type-product","3":"status-publish","4":"has-post-thumbnail","6":"product_cat-slow-coffee-de","7":"pa_color-schwarz","8":"pa_color-grun","9":"pa_color-ziegel","10":"pa_color-mattgrau","12":"first","13":"instock","14":"taxable","15":"shipping-taxable","16":"purchasable","17":"product-type-variable"},"_links":{"self":[{"href":"https:\/\/yithcompare.321dev.ch\/de\/wp-json\/wp\/v2\/product\/44317","targetHints":{"allow":["GET"]}}],"collection":[{"href":"https:\/\/yithcompare.321dev.ch\/de\/wp-json\/wp\/v2\/product"}],"about":[{"href":"https:\/\/yithcompare.321dev.ch\/de\/wp-json\/wp\/v2\/types\/product"}],"replies":[{"embeddable":true,"href":"https:\/\/yithcompare.321dev.ch\/de\/wp-json\/wp\/v2\/comments?post=44317"}],"wp:featuredmedia":[{"embeddable":true,"href":"https:\/\/yithcompare.321dev.ch\/de\/wp-json\/wp\/v2\/media\/46538"}],"wp:attachment":[{"href":"https:\/\/yithcompare.321dev.ch\/de\/wp-json\/wp\/v2\/media?parent=44317"}],"wp:term":[{"taxonomy":"product_brand","embeddable":true,"href":"https:\/\/yithcompare.321dev.ch\/de\/wp-json\/wp\/v2\/product_brand?post=44317"},{"taxonomy":"product_cat","embeddable":true,"href":"https:\/\/yithcompare.321dev.ch\/de\/wp-json\/wp\/v2\/product_cat?post=44317"},{"taxonomy":"product_tag","embeddable":true,"href":"https:\/\/yithcompare.321dev.ch\/de\/wp-json\/wp\/v2\/product_tag?post=44317"}],"curies":[{"name":"wp","href":"https:\/\/api.w.org\/{rel}","templated":true}]}}