{"id":33571,"date":"2022-07-07T13:24:04","date_gmt":"2022-07-07T11:24:04","guid":{"rendered":"https:\/\/esperanza.ch\/?post_type=product&#038;p=33571"},"modified":"2024-07-19T08:46:56","modified_gmt":"2024-07-19T06:46:56","slug":"jura-ena-4-platin-sb-15592","status":"publish","type":"product","link":"https:\/\/yithcompare.321dev.ch\/de\/produit\/jura-ena-4-platin-sb-15592\/","title":{"rendered":"JURA ENA 4 Platin (SB)"},"content":{"rendered":"<div class=\"mod_pagetitle page-inner load-hidden\" data-init=\"pagetitle\" data-animate=\"basic\" data-sr-id=\"2\">\n<div class=\"block-title\">\n<div class=\"mod_pagetitle page-inner load-hidden\" data-init=\"pagetitle\" data-animate=\"basic\" data-sr-id=\"2\">\n<div class=\"block-title\">Taste dr\u00fccken und genie\u00dfen \u2013 so schlicht l\u00e4sst sich die Bedienung der ENA 4 auf den Punkt bringen. Drei Aromastufen sowie gemahlener Kaffee k\u00f6nnen vorgew\u00e4hlt werden. Getreu JURAs Motto \u00abfrisch gemahlen, nicht gekapselt\u00bb sorgt der Professional Aroma Grinder f\u00fcr eine ideale Geschmacksentfaltung.<\/div>\n<div><\/div>\n<\/div>\n<div class=\"description\">\n<div id=\"pagelayout_0_pagetype_0_pagecontent_0_panExpandable\" class=\"block-expandable state-expanded\" data-init=\"expandable\" data-expandable-options=\"{&quot;modal&quot;:true}\">\n<div class=\"content\" data-expandable=\"content\">Der intelligente Puls-Extraktionsprozess (P.E.P.<sup>\u00ae<\/sup>) optimiert die Extraktionszeit f\u00fcr kurze Spezialit\u00e4ten und er\u00f6ffnet neue Aroma-Dimensionen. Ferner erlaubt er gr\u00f6\u00dftm\u00f6gliche Flexibilit\u00e4t bei der Programmierung des Tassenvolumens.<\/div>\n<\/div>\n<\/div>\n<\/div>\n<\/div>\n","protected":false},"excerpt":{"rendered":"<h2 class=\"page-subtitle\">Einfach guter Kaffee<\/h2>\n<p>Wie hei\u00dft das einfachste Rezept f\u00fcr die Zubereitung einer au\u00dfergew\u00f6hnlichen Tasse Kaffee? ENA 4, der neue, kleine Eintassen-Vollautomat von JURA, in dem viel Erfahrung und Leidenschaft f\u00fcr intelligente Produkte stecken. Und die schmeckt man.<\/p>\n","protected":false},"featured_media":46333,"comment_status":"closed","ping_status":"closed","template":"","meta":[],"product_brand":[],"product_cat":[260],"product_tag":[],"class_list":{"0":"post-33571","1":"product","2":"type-product","3":"status-publish","4":"has-post-thumbnail","6":"product_cat-jura-kaffeewelt-privat","8":"first","9":"instock","10":"taxable","11":"shipping-taxable","12":"purchasable","13":"product-type-simple"},"_links":{"self":[{"href":"https:\/\/yithcompare.321dev.ch\/de\/wp-json\/wp\/v2\/product\/33571","targetHints":{"allow":["GET"]}}],"collection":[{"href":"https:\/\/yithcompare.321dev.ch\/de\/wp-json\/wp\/v2\/product"}],"about":[{"href":"https:\/\/yithcompare.321dev.ch\/de\/wp-json\/wp\/v2\/types\/product"}],"replies":[{"embeddable":true,"href":"https:\/\/yithcompare.321dev.ch\/de\/wp-json\/wp\/v2\/comments?post=33571"}],"wp:featuredmedia":[{"embeddable":true,"href":"https:\/\/yithcompare.321dev.ch\/de\/wp-json\/wp\/v2\/media\/46333"}],"wp:attachment":[{"href":"https:\/\/yithcompare.321dev.ch\/de\/wp-json\/wp\/v2\/media?parent=33571"}],"wp:term":[{"taxonomy":"product_brand","embeddable":true,"href":"https:\/\/yithcompare.321dev.ch\/de\/wp-json\/wp\/v2\/product_brand?post=33571"},{"taxonomy":"product_cat","embeddable":true,"href":"https:\/\/yithcompare.321dev.ch\/de\/wp-json\/wp\/v2\/product_cat?post=33571"},{"taxonomy":"product_tag","embeddable":true,"href":"https:\/\/yithcompare.321dev.ch\/de\/wp-json\/wp\/v2\/product_tag?post=33571"}],"curies":[{"name":"wp","href":"https:\/\/api.w.org\/{rel}","templated":true}]}}