{"id":17194,"date":"2020-04-08T01:27:51","date_gmt":"2020-04-07T23:27:51","guid":{"rendered":"https:\/\/esperanza.ch\/?post_type=product&#038;p=17194"},"modified":"2025-01-17T15:47:35","modified_gmt":"2025-01-17T13:47:35","slug":"verlangerung-zur-filterpatrone-claris-smart-e-linie-24103","status":"publish","type":"product","link":"https:\/\/yithcompare.321dev.ch\/de\/produit\/verlangerung-zur-filterpatrone-claris-smart-e-linie-24103\/","title":{"rendered":"Verl\u00e4ngerung zur Filterpatrone CLARIS Smart, 1 St\u00fcck"},"content":{"rendered":"<p>Speziell f\u00fcr JURA-Vollautomaten wurden die Filterpatronen CLARIS White, CLARIS Blue, CLARIS Smart und CLARIS Smart mini entwickelt. Damit diese passend in den Wassertank eingesetzt werden k\u00f6nnen, konzipierte JURA diverse Verl\u00e4ngerungen.<\/p>\n<div id=\"pagelayout_0_pagetype_0_pagecontent_0_panExpandable\" class=\"block-expandable state-expanded\" data-init=\"expandable\" data-expandable-options=\"{&quot;modal&quot;:true}\">\n<div class=\"content\" data-expandable=\"content\">\n<p>Die Verl\u00e4ngerung CLARIS Smart, CLARIS Smart mini wird bei folgenden Vollautomaten ben\u00f6tigt:<\/p>\n<div id=\"pagelayout_0_pagetype_0_pagecontent_0_pnlGlobalContentText\">\n<ul>\n<li>ENA 8<\/li>\n<li>ENA 4 (SA) \/ ENA 4 (SB)<\/li>\n<\/ul>\n<\/div>\n<\/div>\n<\/div>\n","protected":false},"excerpt":{"rendered":"<p>Speziell f\u00fcr JURA-Vollautomaten wurden die Filterpatronen CLARIS White, CLARIS Blue, CLARIS Smart und CLARIS Smart mini entwickelt. Damit diese passend in den Wassertank eingesetzt werden k\u00f6nnen, konzipierte JURA diverse Verl\u00e4ngerungen. Die Verl\u00e4ngerung CLARIS Smart, CLARIS Smart mini wird bei folgenden Vollautomaten ben\u00f6tigt: ENA 8 ENA 4 (SA) \/ ENA 4 (SB)<\/p>\n","protected":false},"featured_media":17196,"comment_status":"closed","ping_status":"closed","template":"","meta":[],"product_brand":[],"product_cat":[268],"product_tag":[],"class_list":{"0":"post-17194","1":"product","2":"type-product","3":"status-publish","4":"has-post-thumbnail","6":"product_cat-pflegeprodukte-2","8":"first","9":"instock","10":"taxable","11":"shipping-taxable","12":"purchasable","13":"product-type-simple"},"_links":{"self":[{"href":"https:\/\/yithcompare.321dev.ch\/de\/wp-json\/wp\/v2\/product\/17194","targetHints":{"allow":["GET"]}}],"collection":[{"href":"https:\/\/yithcompare.321dev.ch\/de\/wp-json\/wp\/v2\/product"}],"about":[{"href":"https:\/\/yithcompare.321dev.ch\/de\/wp-json\/wp\/v2\/types\/product"}],"replies":[{"embeddable":true,"href":"https:\/\/yithcompare.321dev.ch\/de\/wp-json\/wp\/v2\/comments?post=17194"}],"wp:featuredmedia":[{"embeddable":true,"href":"https:\/\/yithcompare.321dev.ch\/de\/wp-json\/wp\/v2\/media\/17196"}],"wp:attachment":[{"href":"https:\/\/yithcompare.321dev.ch\/de\/wp-json\/wp\/v2\/media?parent=17194"}],"wp:term":[{"taxonomy":"product_brand","embeddable":true,"href":"https:\/\/yithcompare.321dev.ch\/de\/wp-json\/wp\/v2\/product_brand?post=17194"},{"taxonomy":"product_cat","embeddable":true,"href":"https:\/\/yithcompare.321dev.ch\/de\/wp-json\/wp\/v2\/product_cat?post=17194"},{"taxonomy":"product_tag","embeddable":true,"href":"https:\/\/yithcompare.321dev.ch\/de\/wp-json\/wp\/v2\/product_tag?post=17194"}],"curies":[{"name":"wp","href":"https:\/\/api.w.org\/{rel}","templated":true}]}}