{"id":49139,"date":"2024-04-25T13:31:03","date_gmt":"2024-04-25T11:31:03","guid":{"rendered":"https:\/\/esperanza.ch\/jura-reversorgung\/"},"modified":"2024-12-20T12:09:35","modified_gmt":"2024-12-20T10:09:35","slug":"jura-reversorgung","status":"publish","type":"page","link":"https:\/\/yithcompare.321dev.ch\/de\/jura-reversorgung\/","title":{"rendered":"JURA &#8211; Wiederauff\u00fcllung"},"content":{"rendered":"<p><img loading=\"lazy\" decoding=\"async\" width=\"800\" height=\"349\" src=\"https:\/\/yithcompare.321dev.ch\/wp-content\/uploads\/2023\/11\/JURA-Esperanza-800x349.jpg\" alt=\"JURA Esperanza\" srcset=\"https:\/\/yithcompare.321dev.ch\/wp-content\/uploads\/2023\/11\/JURA-Esperanza-800x349.jpg 800w, https:\/\/yithcompare.321dev.ch\/wp-content\/uploads\/2023\/11\/JURA-Esperanza-768x335.jpg 768w, https:\/\/yithcompare.321dev.ch\/wp-content\/uploads\/2023\/11\/JURA-Esperanza-510x223.jpg 510w, https:\/\/yithcompare.321dev.ch\/wp-content\/uploads\/2023\/11\/JURA-Esperanza.jpg 973w\" sizes=\"auto, (max-width: 800px) 100vw, 800px\" \/>\t\t\t\t\t\t\t\t\t\t\t\t\t<\/p>\n<h1>Jura<\/h1>\n<p>\t\t\t\t\t\t\u26a0\ufe0f Maschine im Nachschub<\/p>\n<p>Leider wird das Modell, an dem Sie interessiert sind, gerade wieder aufgef\u00fcllt. Bitte kontaktieren Sie uns, um weitere Informationen zu erhalten.<\/p>\n<p>\t\t\t\t\t\t<button type=\"button\"><br \/>\n\t\t\t\t\t\t\t\t\t&times;<br \/>\n\t\t\t\t\t\t\t\tIgnorer cette alerte.<br \/>\n\t\t\t<\/button><\/p>\n<h2>die Welt von Jura<\/h2>\n<p>\t\t\t\t\t<a href=\"https:\/\/yithcompare.321dev.ch\/de\/rueckrufwunsch\/\"><br \/>\n\t\t\t\t\t\t\t\t\tKontaktieren Sie uns<br \/>\n\t\t\t\t\t<\/a><br \/>\n\t\t\t\t\t\t\t<svg aria-hidden=\"true\" viewBox=\"0 0 1000 1000\" xmlns=\"http:\/\/www.w3.org\/2000\/svg\"><path d=\"M646 125C629 125 613 133 604 142L308 442C296 454 292 471 292 487 292 504 296 521 308 533L604 854C617 867 629 875 646 875 663 875 679 871 692 858 704 846 713 829 713 812 713 796 708 779 692 767L438 487 692 225C700 217 708 204 708 187 708 171 704 154 692 142 675 129 663 125 646 125Z\"><\/path><\/svg>\t\t\t\t\t\t\tPrevious slide<br \/>\n\t\t\t\t\t\t\t<svg aria-hidden=\"true\" viewBox=\"0 0 1000 1000\" xmlns=\"http:\/\/www.w3.org\/2000\/svg\"><path d=\"M696 533C708 521 713 504 713 487 713 471 708 454 696 446L400 146C388 133 375 125 354 125 338 125 325 129 313 142 300 154 292 171 292 187 292 204 296 221 308 233L563 492 304 771C292 783 288 800 288 817 288 833 296 850 308 863 321 871 338 875 354 875 371 875 388 867 400 854L696 533Z\"><\/path><\/svg>\t\t\t\t\t\t\tNext slide<\/p>\n<p>Von der Entwicklung bis zum Ergebnis des Kaffees in der Tasse gelten bei JURA die strengsten Schweizer Qualit\u00e4tsanforderungen. Das Ergebnis l\u00e4sst sich schmecken: Jede Kaffeespezialit\u00e4t ist ein Genuss. Frisch und individuell, ganz nach dem pers\u00f6nlichen Geschmack.<\/p>\n<h3>Haushaltssortiment<\/h3>\n<figure><a href=\"https:\/\/yithcompare.321dev.ch\/fr\/categorie-produit\/machines-a-cafe\/jura-monde-du-cafe-particuliers\/\" tabindex=\"-1\"><img loading=\"lazy\" decoding=\"async\" width=\"747\" height=\"421\" src=\"https:\/\/yithcompare.321dev.ch\/wp-content\/uploads\/2023\/11\/Machines-automatiques-a-cafe\u200b-gamme-domestique.jpeg\" alt=\"Machines automatiques a\u0300 cafe\u0301\u200b gamme domestique\" \/><\/a><\/figure>\n<h3><a href=\"https:\/\/yithcompare.321dev.ch\/fr\/categorie-produit\/machines-a-cafe\/jura-monde-du-cafe-particuliers\/\">Automatische Kaffeemaschinen<\/a><\/h3>\n<p>\nGenie\u00dfen Sie zu Hause die beste Kaffeequalit\u00e4t, wie Sie sie bisher nur aus italienischen Kaffeebars kannten.<\/p>\n<figure><a href=\"https:\/\/yithcompare.321dev.ch\/fr\/categorie-produit\/produits-dentretien-jura-machines-a-cafe-produits-a-usage-prive\/\" tabindex=\"-1\"><img loading=\"lazy\" decoding=\"async\" width=\"747\" height=\"421\" src=\"https:\/\/yithcompare.321dev.ch\/wp-content\/uploads\/2023\/11\/Produits-dentretien-gamme-domestique.jpg\" alt=\"Produits d&#039;entretien gamme domestique\" \/><\/a><\/figure>\n<h3><a href=\"https:\/\/yithcompare.321dev.ch\/fr\/categorie-produit\/produits-dentretien-jura-machines-a-cafe-produits-a-usage-prive\/\">Pflegeprodukte<\/a><\/h3>\n<p>Wir machen die Wartung von Kaffeevollautomaten so einfach wie die Zubereitung von Kaffeespezialit\u00e4ten.<\/p>\n<figure><a href=\"https:\/\/yithcompare.321dev.ch\/fr\/categorie-produit\/accessoires-prive\/accessoires-du-froid\/\" tabindex=\"-1\"><img loading=\"lazy\" decoding=\"async\" width=\"747\" height=\"421\" src=\"https:\/\/yithcompare.321dev.ch\/wp-content\/uploads\/2023\/11\/Accessoires-gamme-domestique-1.jpg\" alt=\"Accessoires gamme domestique\" \/><\/a><\/figure>\n<h3><a href=\"https:\/\/yithcompare.321dev.ch\/fr\/categorie-produit\/accessoires-prive\/accessoires-du-froid\/\">Zubeh\u00f6r<\/a><\/h3>\n<p>Um den Genuss zu perfektionieren, k\u00f6nnen Kaffeevollautomaten mit modernem Zubeh\u00f6r ganz auf Ihre Genussgewohnheiten abgestimmt werden.<\/p>\n<h3>Professional-Reihe<\/h3>\n<figure><a href=\"https:\/\/yithcompare.321dev.ch\/fr\/categorie-produit\/machines-a-cafe-jura-machines-a-cafe-produits-professionnels\/jura-machines-a-cafe-produits-professionnels\/\" tabindex=\"-1\"><img loading=\"lazy\" decoding=\"async\" width=\"747\" height=\"421\" src=\"https:\/\/yithcompare.321dev.ch\/wp-content\/uploads\/2023\/11\/Machines-automatiques-a-cafe\u200b-gamme-professionnelle.jpg\" alt=\"Machines automatiques a\u0300 cafe\u0301\u200b gamme professionnelle\" \/><\/a><\/figure>\n<h3><a href=\"https:\/\/yithcompare.321dev.ch\/fr\/categorie-produit\/machines-a-cafe-jura-machines-a-cafe-produits-professionnels\/jura-machines-a-cafe-produits-professionnels\/\">Automatische Kaffeemaschinen<\/a><\/h3>\n<p>Ob im B\u00fcro oder in der Gastronomie &#8211; das Sortiment von JURA bietet f\u00fcr jeden Kaffeebedarf die ideale Gesamtl\u00f6sung.<\/p>\n<figure><a href=\"https:\/\/yithcompare.321dev.ch\/fr\/categorie-produit\/accessoires-pro\/produits-dentretien\/\" tabindex=\"-1\"><img loading=\"lazy\" decoding=\"async\" width=\"747\" height=\"421\" src=\"https:\/\/yithcompare.321dev.ch\/wp-content\/uploads\/2023\/11\/Produits-dentretien-gamme-professionnelle.jpg\" alt=\"Produits d&#039;entretien gamme professionnelle\" \/><\/a><\/figure>\n<h3><a href=\"https:\/\/yithcompare.321dev.ch\/fr\/categorie-produit\/accessoires-pro\/produits-dentretien\/\">Pflegeprodukte<\/a><\/h3>\n<p>Wir machen die Wartung von Kaffeevollautomaten so einfach wie die Zubereitung von Kaffeespezialit\u00e4ten.<\/p>\n<figure><a href=\"https:\/\/yithcompare.321dev.ch\/fr\/categorie-produit\/accessoires-pro\/accessoires-du-froid-pro\/\" tabindex=\"-1\"><img loading=\"lazy\" decoding=\"async\" width=\"747\" height=\"421\" src=\"https:\/\/yithcompare.321dev.ch\/wp-content\/uploads\/2023\/11\/Accessoires-gamme-professionnelle.jpg\" alt=\"Accessoires gamme professionnelle\" \/><\/a><\/figure>\n<h3><a href=\"https:\/\/yithcompare.321dev.ch\/fr\/categorie-produit\/accessoires-pro\/accessoires-du-froid-pro\/\">Zubeh\u00f6r<\/a><\/h3>\n<p>Um den Genuss zu perfektionieren, k\u00f6nnen die Vollautomaten mit modernem Zubeh\u00f6r ganz auf Ihre Genussgewohnheiten abgestimmt werden.<\/p>\n<h3>\u00dcber JURA<\/h3>\n<p>\t\t\t\t\t\t\t\t\t\t\t\t\t<img loading=\"lazy\" decoding=\"async\" width=\"1020\" height=\"438\" src=\"https:\/\/yithcompare.321dev.ch\/wp-content\/uploads\/2023\/10\/A-propos-de-JURA.jpg\" alt=\"A propos de JURA\" srcset=\"https:\/\/yithcompare.321dev.ch\/wp-content\/uploads\/2023\/10\/A-propos-de-JURA.jpg 1188w, https:\/\/yithcompare.321dev.ch\/wp-content\/uploads\/2023\/10\/A-propos-de-JURA-800x343.jpg 800w, https:\/\/yithcompare.321dev.ch\/wp-content\/uploads\/2023\/10\/A-propos-de-JURA-768x330.jpg 768w, https:\/\/yithcompare.321dev.ch\/wp-content\/uploads\/2023\/10\/A-propos-de-JURA-510x219.jpg 510w\" sizes=\"auto, (max-width: 1020px) 100vw, 1020px\" \/>\t\t\t\t\t\t\t\t\t\t\t\t\t<\/p>\n<p>Innovation, Pr\u00e4zision, Qualit\u00e4t, Zuverl\u00e4ssigkeit, Nachhaltigkeit und Service kennzeichnen die DNA von JURA. Das Schweizer Unternehmen ist die einzige Marke weltweit, die sich auf Vollautomaten f\u00fcr hochwertige Kaffeespezialit\u00e4ten konzentriert und sich klar als Spezialist auf dem Markt positioniert. Die Kaffeevollautomaten von JURA stehen f\u00fcr das beste Kaffeeergebnis, einfachste Bedienung und au\u00dfergew\u00f6hnliches Design.<\/p>\n<figure><img loading=\"lazy\" decoding=\"async\" width=\"1000\" height=\"816\" src=\"https:\/\/yithcompare.321dev.ch\/wp-content\/uploads\/2023\/10\/Valeurs-fondamentales-suisses.jpg\" alt=\"Valeurs fondamentales suisses\" \/><\/figure>\n<h3>Schweizer Grundwerte<\/h3>\n<p>Seit der Gr\u00fcndung im Jahr 1931 ist die DNA von JURA gepr\u00e4gt von Innovation, Pr\u00e4zision, Qualit\u00e4t, Zuverl\u00e4ssigkeit, Nachhaltigkeit und Service. Das Schweizer Unternehmen ist die einzige Marke weltweit, die sich auf Vollautomaten f\u00fcr hochwertige Kaffeespezialit\u00e4ten konzentriert und sich klar als Spezialist auf dem Markt positioniert.\n<\/p>\n<figure><img loading=\"lazy\" decoding=\"async\" width=\"1000\" height=\"816\" src=\"https:\/\/yithcompare.321dev.ch\/wp-content\/uploads\/2023\/11\/JURA-Une-qualite-de-cafe-parfaite.jpg\" alt=\"JURA Une qualite de cafe parfaite\" \/><\/figure>\n<h3>Perfekte Kaffeequalit\u00e4t<\/h3>\n<p>Von der Entwicklung bis zum Ergebnis des Kaffees in der Tasse gelten f\u00fcr JURA die strengsten Schweizer Qualit\u00e4tsanforderungen. Deshalb forschen wir unerm\u00fcdlich an intelligenten Wasserfiltersystemen, langlebigen Pr\u00e4zisionsm\u00fchlen oder der einzigartigen variablen Kocheinheit. Erst wenn sich alle Komponenten in den h\u00e4rtesten Dauertests bew\u00e4hrt haben, gehen sie in die Produktion. Das Ergebnis kann man schmecken: Jede Kaffeespezialit\u00e4t ist eine Delikatesse. Frisch und individuell, ganz nach dem pers\u00f6nlichen Geschmack.\n<\/p>\n<figure><img loading=\"lazy\" decoding=\"async\" width=\"1000\" height=\"816\" src=\"https:\/\/yithcompare.321dev.ch\/wp-content\/uploads\/2023\/10\/JURA-Utilisation-intuitive.jpg\" alt=\"JURA Utilisation intuitive\" \/><\/figure>\n<h3>Intuitive Nutzung<\/h3>\n<p>Mit den Kaffeevollautomaten von JURA ziehen Sie virtuos alle Register der Kaffeekunst &#8211; vom feurigen Ristretto bis zum trendigen Cortado &#8211; ganz einfach per Knopfdruck. Daf\u00fcr sorgen durchdachte und logische Nutzungskonzepte. Und da f\u00fcr uns nur Ihr guter Geschmack z\u00e4hlt, erm\u00f6glichen zahlreiche Programmierm\u00f6glichkeiten eine maximale Individualisierung. Selbstverst\u00e4ndlich ist die Pflege ebenso einfach. Ein einfacher Knopfdruck sorgt f\u00fcr perfekte Hygiene.\n<\/p>\n<h3>Schl\u00fcsseltechnologien<\/h3>\n<p>\t\t\t<iframe loading=\"lazy\" width=\"560\" height=\"315\" src=\"https:\/\/www.youtube-nocookie.com\/embed\/RR0fnsysmv4?start=9?rel=0&amp;autoplay=0&amp;loop=1&amp;playlist=RR0fnsysmv4\" title=\"YouTube-Videoplayer\" frameborder=\"0\" allow=\"accelerometer; autoplay; clipboard-write; encrypted-media; gyroscope; picture-in-picture\" allowfullscreen=\"\"><\/iframe>\t\t<\/p>\n<h3>Wie ein JURA-Kaffeevollautomat funktioniert<\/h3>\n<p>Ein Knopfdruck f\u00fcr die perfekte Kaffeespezialit\u00e4t &#8211; frisch gemahlen, nicht aus der Kapsel. Doch was passiert, nachdem die Kaffeespezialit\u00e4t ausgel\u00f6st wurde? Verfolgen Sie die Kaffeezubereitung mit einem Blick ins Innere eines JURA-Vollautomaten: vom frischen Mahlen \u00fcber das Aufbr\u00fchen bis hin zum Ergebnis in der Tasse. Und entdecken Sie so das komplexe Zusammenspiel der Technologien, die das ultimative Kaffeeerlebnis garantieren.\n<\/p>\n<p>\t\t\t<iframe loading=\"lazy\" width=\"560\" height=\"315\" src=\"https:\/\/www.youtube-nocookie.com\/embed\/k0uUMwwf434?start=5?rel=0&amp;autoplay=0&amp;loop=1&amp;playlist=k0uUMwwf434\" title=\"YouTube-Videoplayer\" frameborder=\"0\" allow=\"accelerometer; autoplay; clipboard-write; encrypted-media; gyroscope; picture-in-picture\" allowfullscreen=\"\"><\/iframe>\t\t<\/p>\n<h3>Der Product Recognising Grinder (P.R.G.)<\/h3>\n<p>Um eine optimale Vermahlung f\u00fcr jede Spezialit\u00e4t zu gew\u00e4hrleisten, haben die Ingenieure von JURA den Product Recognising Grinder (P.R.G.) entwickelt. Elektronisch gesteuert, stellt sich das Pr\u00e4zisionsmahlwerk in Sekundenbruchteilen individuell auf den vorgegebenen Mahlgrad ein &#8211; viel schneller und h\u00e4ufiger, als dies manuell m\u00f6glich w\u00e4re. Sein Spektrum reicht von sehr fein f\u00fcr kurze Klassiker bis sehr grob f\u00fcr l\u00e4ngere Spezialit\u00e4ten. Feinschmecker m\u00fcssen sich dar\u00fcber aber keine Sorgen machen, denn die Einstellung erfolgt bei jeder Zubereitung vollautomatisch und kann auf Wunsch vor jeder Zubereitung mit der Aroma Selection individuell gew\u00e4hlt werden.\n<\/p>\n<p>\t\t\t<iframe loading=\"lazy\" width=\"560\" height=\"315\" src=\"https:\/\/www.youtube-nocookie.com\/embed\/QnhV_-zHtoI?start=4?rel=0&amp;autoplay=0&amp;loop=1&amp;playlist=QnhV_-zHtoI\" title=\"YouTube-Videoplayer\" frameborder=\"0\" allow=\"accelerometer; autoplay; clipboard-write; encrypted-media; gyroscope; picture-in-picture\" allowfullscreen=\"\"><\/iframe>\t\t<\/p>\n<h3>Die verschiedenen Verfahren der Versickerung<\/h3>\n<p>Das intelligente Vorinfusionssystem passt die Menge des Vorinfusionswassers an die gew\u00e4hlte Pulvermenge an. Das Kaffeepulver wird vollst\u00e4ndig angefeuchtet, es quillt auf und die Aromen sind bereit f\u00fcr die Extraktion. Der volle Geschmack des Kaffees kann sich entwickeln. I.P.B.A.S. greift in alle Aufgussverfahren ein.<\/p>\n<h3>Zugang \/ Routenplaner<\/h3>\n<p><b>Les Caf\u00e9s Esperanza S\u00e0rl.<br \/><\/b>Rue des Artisans 136<br \/>1628 Vuadens (Schweiz)<\/p>\n<ul>\n<li>\n\t\t\t\t\t\t\t\t\t\t\t<a href=\"tel:0041269198080\"><br \/>\n\t\t\t\t\t\t\t<svg aria-hidden=\"true\" viewBox=\"0 0 512 512\" xmlns=\"http:\/\/www.w3.org\/2000\/svg\"><path d=\"M493.4 24.6l-104-24c-11.3-2.6-22.9 3.3-27.5 13.9l-48 112c-4.2 9.8-1.4 21.3 6.9 28l60.6 49.6c-36 76.7-98.9 140.5-177.2 177.2l-49.6-60.6c-6.8-8.3-18.2-11.1-28-6.9l-112 48C3.9 366.5-2 378.1.6 389.4l24 104C27.1 504.2 36.7 512 48 512c256.1 0 464-207.5 464-464 0-11.2-7.7-20.9-18.6-23.4z\"><\/path><\/svg><br \/>\n\t\t\t\t\t\t\t\t\t\tTel: +41 26 919 80 80<br \/>\n\t\t\t\t\t\t\t\t\t\t\t<\/a>\n\t\t\t\t\t\t\t\t\t<\/li>\n<li>\n\t\t\t\t\t\t\t\t\t\t\t<a href=\"mailto:info@esperanza.ch\"><br \/>\n\t\t\t\t\t\t\t<svg aria-hidden=\"true\" viewBox=\"0 0 512 512\" xmlns=\"http:\/\/www.w3.org\/2000\/svg\"><path d=\"M464 64H48C21.49 64 0 85.49 0 112v288c0 26.51 21.49 48 48 48h416c26.51 0 48-21.49 48-48V112c0-26.51-21.49-48-48-48zm0 48v40.805c-22.422 18.259-58.168 46.651-134.587 106.49-16.841 13.247-50.201 45.072-73.413 44.701-23.208.375-56.579-31.459-73.413-44.701C106.18 199.465 70.425 171.067 48 152.805V112h416zM48 400V214.398c22.914 18.251 55.409 43.862 104.938 82.646 21.857 17.205 60.134 55.186 103.062 54.955 42.717.231 80.509-37.199 103.053-54.947 49.528-38.783 82.032-64.401 104.947-82.653V400H48z\"><\/path><\/svg><br \/>\n\t\t\t\t\t\t\t\t\t\tE-Mail: info@esperanza.ch<br \/>\n\t\t\t\t\t\t\t\t\t\t\t<\/a>\n\t\t\t\t\t\t\t\t\t<\/li>\n<li>\n\t\t\t\t\t\t\t<svg aria-hidden=\"true\" viewBox=\"0 0 512 512\" xmlns=\"http:\/\/www.w3.org\/2000\/svg\"><path d=\"M256 8C119 8 8 119 8 256s111 248 248 248 248-111 248-248S393 8 256 8zm0 448c-110.5 0-200-89.5-200-200S145.5 56 256 56s200 89.5 200 200-89.5 200-200 200zm61.8-104.4l-84.9-61.7c-3.1-2.3-4.9-5.9-4.9-9.7V116c0-6.6 5.4-12 12-12h32c6.6 0 12 5.4 12 12v141.7l66.8 48.6c5.4 3.9 6.5 11.4 2.6 16.8L334.6 349c-3.9 5.3-11.4 6.5-16.8 2.6z\"><\/path><\/svg><br \/>\n\t\t\t\t\t\t\t\t\t\t\u00d6ffnungszeiten: Mo-Fr 8h-12h, 13h-17h\n\t\t\t\t\t\t\t\t\t<\/li>\n<li>\n\t\t\t\t\t\t\t\t\t\t\t<a href=\"https:\/\/www.google.com\/maps\/place\/Les+Caf%C3%A9s+Esperanza+S%C3%A0rl\/@46.618166,7.020688,10z\/data=!4m6!3m5!1s0x478e63a8fd3d73f1:0x483924ad2ff0f3ec!8m2!3d46.618166!4d7.020688!16s%2Fg%2F11fn9dylpm?hl=fr-CH&#038;entry=ttu\" target=\"_blank\" rel=\"nofollow\"><br \/>\n\t\t\t\t\t\t\t<svg aria-hidden=\"true\" viewBox=\"0 0 512 512\" xmlns=\"http:\/\/www.w3.org\/2000\/svg\"><path d=\"M499.99 176h-59.87l-16.64-41.6C406.38 91.63 365.57 64 319.5 64h-127c-46.06 0-86.88 27.63-103.99 70.4L71.87 176H12.01C4.2 176-1.53 183.34.37 190.91l6 24C7.7 220.25 12.5 224 18.01 224h20.07C24.65 235.73 16 252.78 16 272v48c0 16.12 6.16 30.67 16 41.93V416c0 17.67 14.33 32 32 32h32c17.67 0 32-14.33 32-32v-32h256v32c0 17.67 14.33 32 32 32h32c17.67 0 32-14.33 32-32v-54.07c9.84-11.25 16-25.8 16-41.93v-48c0-19.22-8.65-36.27-22.07-48H494c5.51 0 10.31-3.75 11.64-9.09l6-24c1.89-7.57-3.84-14.91-11.65-14.91zm-352.06-17.83c7.29-18.22 24.94-30.17 44.57-30.17h127c19.63 0 37.28 11.95 44.57 30.17L384 208H128l19.93-49.83zM96 319.8c-19.2 0-32-12.76-32-31.9S76.8 256 96 256s48 28.71 48 47.85-28.8 15.95-48 15.95zm320 0c-19.2 0-48 3.19-48-15.95S396.8 256 416 256s32 12.76 32 31.9-12.8 31.9-32 31.9z\"><\/path><\/svg><br \/>\n\t\t\t\t\t\t\t\t\t\tRoute zu den Esperanza Caf\u00e9s<br \/>\n\t\t\t\t\t\t\t\t\t\t\t<\/a>\n\t\t\t\t\t\t\t\t\t<\/li>\n<\/ul>\n<p>\t\t\t<iframe loading=\"lazy\"\n\t\t\t\t\tsrc=\"https:\/\/maps.google.com\/maps?q=Les%20Caf%C3%A9s%20Esperanza%2C%20Rue%20des%20Artisans%20136%20CH%201628%20Vuadens&#038;t=m&#038;z=10&#038;output=embed&#038;iwloc=near\"\n\t\t\t\t\ttitle=\"Les Caf\u00e9s Esperanza, Rue des Artisans 136 CH 1628 Vuadens\"\n\t\t\t\t\taria-label=\"Les Caf\u00e9s Esperanza, Rue des Artisans 136 CH 1628 Vuadens\"\n\t\t\t><\/iframe><br \/>\n\t\t\t\t\t\t\t\t\t\t\t\t\t<img loading=\"lazy\" decoding=\"async\" width=\"201\" height=\"201\" src=\"https:\/\/yithcompare.321dev.ch\/wp-content\/uploads\/2023\/11\/Jura-FR.jpg\" alt=\"Jura Revendeur ecommerce agr\u00e9\u00e9\" srcset=\"https:\/\/yithcompare.321dev.ch\/wp-content\/uploads\/2023\/11\/Jura-FR.jpg 201w, https:\/\/yithcompare.321dev.ch\/wp-content\/uploads\/2023\/11\/Jura-FR-100x100.jpg 100w\" sizes=\"auto, (max-width: 201px) 100vw, 201px\" \/>\t\t\t\t\t\t\t\t\t\t\t\t\t<\/p>\n<h2>Gib hier deine \u00dcberschrift ein<\/h2>\n<h2>Gib hier deine \u00dcberschrift ein<\/h2>\n","protected":false},"excerpt":{"rendered":"<p>Jura \u26a0\ufe0f Maschine im Nachschub Leider wird das Modell, an dem Sie interessiert sind, gerade wieder aufgef\u00fcllt. Bitte kontaktieren Sie uns, um weitere Informationen zu erhalten. &times; Ignorer cette alerte. die Welt von Jura Kontaktieren Sie uns Previous slide Next slide Von der Entwicklung bis zum Ergebnis des Kaffees in der Tasse gelten bei JURA [&hellip;]<\/p>\n","protected":false},"author":6990,"featured_media":43107,"parent":0,"menu_order":0,"comment_status":"closed","ping_status":"closed","template":"","meta":{"footnotes":""},"class_list":["post-49139","page","type-page","status-publish","has-post-thumbnail","hentry"],"_links":{"self":[{"href":"https:\/\/yithcompare.321dev.ch\/de\/wp-json\/wp\/v2\/pages\/49139","targetHints":{"allow":["GET"]}}],"collection":[{"href":"https:\/\/yithcompare.321dev.ch\/de\/wp-json\/wp\/v2\/pages"}],"about":[{"href":"https:\/\/yithcompare.321dev.ch\/de\/wp-json\/wp\/v2\/types\/page"}],"author":[{"embeddable":true,"href":"https:\/\/yithcompare.321dev.ch\/de\/wp-json\/wp\/v2\/users\/6990"}],"replies":[{"embeddable":true,"href":"https:\/\/yithcompare.321dev.ch\/de\/wp-json\/wp\/v2\/comments?post=49139"}],"version-history":[{"count":0,"href":"https:\/\/yithcompare.321dev.ch\/de\/wp-json\/wp\/v2\/pages\/49139\/revisions"}],"wp:featuredmedia":[{"embeddable":true,"href":"https:\/\/yithcompare.321dev.ch\/de\/wp-json\/wp\/v2\/media\/43107"}],"wp:attachment":[{"href":"https:\/\/yithcompare.321dev.ch\/de\/wp-json\/wp\/v2\/media?parent=49139"}],"curies":[{"name":"wp","href":"https:\/\/api.w.org\/{rel}","templated":true}]}}