{"id":24018,"date":"2021-04-08T16:03:15","date_gmt":"2021-04-08T14:03:15","guid":{"rendered":"https:\/\/esperanza.ch\/home-damien-flatsome\/"},"modified":"2025-05-05T07:52:47","modified_gmt":"2025-05-05T05:52:47","slug":"homepage","status":"publish","type":"page","link":"https:\/\/yithcompare.321dev.ch\/de\/","title":{"rendered":"Homepage"},"content":{"rendered":"[title text=&#8220;Esperanza&#8220; tag_name=&#8220;h1&#8243; visibility=&#8220;hidden&#8220;]\n\n[ux_slider label=&#8220;Slider desktop&#8220; nav_size=&#8220;normal&#8220; nav_style=&#8220;simple&#8220; bullets=&#8220;false&#8220; bullet_style=&#8220;dashes-spaced&#8220; timer=&#8220;7500&#8243; visibility=&#8220;hide-for-small&#8220;]\n\n[ux_banner label=&#8220;S19&#8243; height=&#8220;600px&#8220; bg=&#8220;60383&#8243; bg_overlay=&#8220;rgba(0, 0, 0, 0.401)&#8220; bg_pos=&#8220;25% 100%&#8220; video_visibility=&#8220;visible&#8220;]\n\n[text_box width=&#8220;83&#8243; width__sm=&#8220;87&#8243; width__md=&#8220;61&#8243; padding=&#8220;20px 20px 20px 20px&#8220; padding__md=&#8220;20px 20px 20px 20px&#8220; position_x=&#8220;5&#8243; position_x__sm=&#8220;NaN&#8220; position_x__md=&#8220;10&#8243; position_y=&#8220;80&#8243; position_y__sm=&#8220;NaN&#8220; position_y__md=&#8220;85&#8243; text_align=&#8220;left&#8220; text_depth=&#8220;2&#8243;]\n\n[ux_text font_size=&#8220;1&#8243; line_height=&#8220;1.2&#8243; text_align=&#8220;left&#8220; text_color=&#8220;rgb(255,255,255)&#8220;]\n\n<h2 data-renderer-start-pos=\"1187\"><strong>20% Rabatt auf alle unsere Kaffeesorten.<\/strong><\/h2>\n<h3 data-prosemirror-content-type=\"node\" data-prosemirror-node-name=\"paragraph\" data-prosemirror-node-block=\"true\" data-pm-slice=\"1 1 []\">Nur diese Woche, von Montag bis Sonntag.<\/h3>\n<h3 data-prosemirror-content-type=\"node\" data-prosemirror-node-name=\"paragraph\" data-prosemirror-node-block=\"true\" data-pm-slice=\"1 1 []\">\u00a0<\/h3>\n[\/ux_text]\n[gap height=&#8220;10px&#8220;]\n\n[button text=&#8220;KAFFEEBOHNEN&#8220; color=&#8220;secondary&#8220; size=&#8220;larger&#8220; animate=&#8220;fadeInLeft&#8220; icon=&#8220;icon-angle-right&#8220; link=&#8220;https:\/\/yithcompare.321dev.ch\/de\/kategorien\/kaffeewelt\/kaffeebohnen\/&#8220;]\n\n\n[\/text_box]\n\n[\/ux_banner]\n\n[\/ux_slider]\n[ux_slider label=&#8220;Slider mobile&#8220; nav_size=&#8220;normal&#8220; nav_style=&#8220;simple&#8220; bullets=&#8220;false&#8220; bullet_style=&#8220;dashes-spaced&#8220; timer=&#8220;7500&#8243; visibility=&#8220;show-for-small&#8220;]\n\n[ux_banner label=&#8220;S19&#8243; height=&#8220;600px&#8220; bg=&#8220;60383&#8243; bg_overlay=&#8220;rgba(0, 0, 0, 0.401)&#8220; bg_pos=&#8220;22% 70%&#8220; link=&#8220;https:\/\/yithcompare.321dev.ch\/de\/produit\/cafe-esperanza-excelso-bio-fairtrade-2\/&#8220; video_visibility=&#8220;visible&#8220;]\n\n[text_box width=&#8220;59&#8243; width__sm=&#8220;94&#8243; width__md=&#8220;75&#8243; padding=&#8220;20px 20px 20px 20px&#8220; padding__md=&#8220;20px 20px 20px 20px&#8220; position_x=&#8220;15&#8243; position_x__sm=&#8220;50&#8243; position_x__md=&#8220;50&#8243; position_y=&#8220;80&#8243; position_y__sm=&#8220;20&#8243; position_y__md=&#8220;15&#8243; text_align=&#8220;left&#8220;]\n\n[ux_text font_size=&#8220;0.85&#8243; line_height=&#8220;1.2&#8243; text_align=&#8220;left&#8220; text_color=&#8220;rgb(255,255,255)&#8220;]\n\n<h2 data-renderer-start-pos=\"1187\"><strong>20% Rabatt auf alle unsere Kaffeesorten.<\/strong><\/h2>\n<h3 data-prosemirror-content-type=\"node\" data-prosemirror-node-name=\"paragraph\" data-prosemirror-node-block=\"true\" data-pm-slice=\"1 1 []\">Nur diese Woche, von Montag bis Sonntag.<\/h3>\n<p>\u00a0<\/p>\n[\/ux_text]\n[gap height=&#8220;10px&#8220;]\n\n[button text=&#8220;KAFFEEBOHNEN&#8220; color=&#8220;secondary&#8220; size=&#8220;xlarge&#8220; animate=&#8220;fadeInLeft&#8220; icon=&#8220;icon-angle-right&#8220; link=&#8220;https:\/\/yithcompare.321dev.ch\/de\/kategorien\/kaffeewelt\/kaffeebohnen\/&#8220;]\n\n\n[\/text_box]\n\n[\/ux_banner]\n\n[\/ux_slider]\n[section label=&#8220;Section caf\u00e9s&#8220;]\n\n[row]\n\n[col span__sm=&#8220;12&#8243;]\n\n[ux_text font_size=&#8220;1.2&#8243; line_height=&#8220;0.75&#8243; text_color=&#8220;#d9622b&#8220;]\n\n<h2><strong>Unsere Auswahl der besten Kaffeesorten, frisch ger\u00f6stet in Gruy\u00e8re &#8211; seit 1996.<\/strong><\/h2>\n[\/ux_text]\n[gap]\n\n[title style=&#8220;bold&#8220; text=&#8220;Unsere Bestseller-Kaffees&#8220; tag_name=&#8220;h2&#8243; color=&#8220;rgb(0, 0, 0)&#8220; margin_top=&#8220;0px&#8220; size=&#8220;80&#8243;]\n\n\n[\/col]\n\n[\/row]\n[ux_products type=&#8220;row&#8220; col_spacing=&#8220;normal&#8220; show_cat=&#8220;0&#8243; equalize_box=&#8220;true&#8220; ids=&#8220;0&#8243; cat=&#8220;26&#8243; orderby=&#8220;sales&#8220; order=&#8220;DESC&#8220; out_of_stock=&#8220;exclude&#8220;]\n\n[row h_align=&#8220;center&#8220;]\n\n[col span=&#8220;6&#8243; span__sm=&#8220;12&#8243; align=&#8220;center&#8220;]\n\n[button text=&#8220;unsere Auswahl an Kaffeesorten entdecken&#8220; icon=&#8220;icon-angle-right&#8220; link=&#8220;https:\/\/yithcompare.321dev.ch\/de\/kategorien\/kaffeewelt\/&#8220;]\n\n\n[\/col]\n\n[\/row]\n\n[\/section]\n[section label=&#8220;Section machines particuliers&#8220; padding=&#8220;0px&#8220;]\n\n[title style=&#8220;bold&#8220; text=&#8220;JURA KAFFEEMASCHINEN F\u00dcR EINZELPERSONEN&#8220; tag_name=&#8220;h2&#8243; color=&#8220;rgb(59, 55, 53)&#8220; margin_top=&#8220;50px&#8220; size=&#8220;80&#8243;]\n\n[ux_products slider_nav_style=&#8220;simple&#8220; auto_slide=&#8220;5000&#8243; show_cat=&#8220;0&#8243; equalize_box=&#8220;true&#8220; ids=&#8220;0&#8243; cat=&#8220;44&#8243; products=&#8220;20&#8243; orderby=&#8220;sales&#8220; order=&#8220;DESC&#8220; out_of_stock=&#8220;exclude&#8220;]\n\n\n[\/section]\n[section label=&#8220;Sektion Maschinen pro&#8220;]\n\n[title style=&#8220;bold&#8220; text=&#8220;JURA KAFFEEMASCHINEN F\u00dcR UNTERNEHMEN&#8220; tag_name=&#8220;h2&#8243; color=&#8220;rgb(59, 55, 53)&#8220; size=&#8220;80&#8243;]\n\n[ux_products slider_nav_style=&#8220;simple&#8220; auto_slide=&#8220;5000&#8243; show_cat=&#8220;0&#8243; equalize_box=&#8220;true&#8220; ids=&#8220;0&#8243; cat=&#8220;106&#8243; products=&#8220;20&#8243; orderby=&#8220;sales&#8220; order=&#8220;DESC&#8220; out_of_stock=&#8220;exclude&#8220;]\n\n[title style=&#8220;bold&#8220; text=&#8220;SLOW COFFEE&#8220; tag_name=&#8220;h2&#8243; color=&#8220;rgb(59, 55, 53)&#8220; size=&#8220;80&#8243;]\n\n[ux_products slider_nav_style=&#8220;simple&#8220; auto_slide=&#8220;5000&#8243; show_cat=&#8220;0&#8243; equalize_box=&#8220;true&#8220; ids=&#8220;0&#8243; cat=&#8220;438&#8243; products=&#8220;20&#8243; orderby=&#8220;sales&#8220; order=&#8220;DESC&#8220; out_of_stock=&#8220;exclude&#8220;]\n\n\n[\/section]\n[section label=&#8220;JURA logos dektop&#8220; video_visibility=&#8220;visible&#8220; visibility=&#8220;hide-for-small&#8220;]\n\n[row]\n\n[col span=&#8220;2&#8243; span__sm=&#8220;12&#8243;]\n\n[ux_image id=&#8220;56942&#8243; image_size=&#8220;original&#8220; width=&#8220;60&#8243;]\n\n\n[\/col]\n[col span=&#8220;2&#8243; span__sm=&#8220;12&#8243;]\n\n[ux_image id=&#8220;56946&#8243; image_size=&#8220;original&#8220; width=&#8220;71&#8243;]\n\n\n[\/col]\n[col span=&#8220;2&#8243; span__sm=&#8220;12&#8243;]\n\n[ux_image id=&#8220;56944&#8243; image_size=&#8220;original&#8220; width=&#8220;96&#8243;]\n\n\n[\/col]\n[col span=&#8220;6&#8243; span__sm=&#8220;12&#8243; padding=&#8220;20px 0px 0px 0px&#8220;]\n\n[ux_text line_height=&#8220;1.5&#8243;]\n\n<h2><strong>Eine positive Unternehmenskultur f\u00f6rdern: die Wirkung von Kaffee im B\u00fcro.<\/strong><\/h2><p><br><\/p><p><span style=\"font-size: 140%;\" data-mce-style=\"font-size: 140%;\">Durch das Angebot von Qualit\u00e4tskaffee und die Schaffung geselliger R\u00e4ume f\u00fcr den Kaffeegenuss zeigt das Unternehmen sein Engagement f\u00fcr das Wohlbefinden seiner Mitarbeiter.<\/span><\/p>\n[\/ux_text]\n\n[\/col]\n\n[\/row]\n\n[\/section]\n[section label=&#8220;JURA logos mobile&#8220; video_visibility=&#8220;visible&#8220; visibility=&#8220;show-for-small&#8220;]\n\n[row]\n\n[col span=&#8220;4&#8243; span__sm=&#8220;4&#8243;]\n\n[ux_image id=&#8220;56942&#8243; image_size=&#8220;medium&#8220; width=&#8220;60&#8243; width__sm=&#8220;64&#8243;]\n\n\n[\/col]\n[col span=&#8220;4&#8243; span__sm=&#8220;4&#8243;]\n\n[ux_image id=&#8220;56946&#8243; image_size=&#8220;medium&#8220; width=&#8220;71&#8243; width__sm=&#8220;72&#8243;]\n\n\n[\/col]\n[col span=&#8220;4&#8243; span__sm=&#8220;4&#8243;]\n\n[ux_image id=&#8220;56944&#8243; image_size=&#8220;medium&#8220; width=&#8220;96&#8243; width__sm=&#8220;100&#8243;]\n\n\n[\/col]\n[col span=&#8220;4&#8243; span__sm=&#8220;12&#8243;]\n\n[ux_text line_height__sm=&#8220;1.5&#8243; text_align__sm=&#8220;left&#8220;]\n\n<h2><strong>Eine positive Unternehmenskultur f\u00f6rdern: die Wirkung von Kaffee im B\u00fcro.<\/strong><\/h2><p><br><\/p><p><span style=\"font-size: 140%;\" data-mce-style=\"font-size: 140%;\">Durch das Angebot von Qualit\u00e4tskaffee und die Schaffung geselliger R\u00e4ume f\u00fcr den Kaffeegenuss zeigt das Unternehmen sein Engagement f\u00fcr das Wohlbefinden seiner Mitarbeiter.<\/span><\/p>\n[\/ux_text]\n\n[\/col]\n\n[\/row]\n\n[\/section]\n[section label=&#8220;Unternehmen \/ Vermietung&#8220; bg_color=&#8220;rgb(255, 255, 255)&#8220; padding=&#8220;0px&#8220;]\n\n[row style=&#8220;small&#8220; width=&#8220;full-width&#8220;]\n\n[col span=&#8220;6&#8243; span__sm=&#8220;12&#8243;]\n\n[ux_banner height=&#8220;50%&#8220; height__md=&#8220;75%&#8220; bg=&#8220;23340&#8243; bg_overlay=&#8220;rgba(0,0,0,.5)&#8220; bg_pos=&#8220;34% 54%&#8220; link=&#8220;https:\/\/yithcompare.321dev.ch\/de\/profiloesungen\/unternehmen-und-bueros\/&#8220;]\n\n[text_box width=&#8220;80&#8243; position_x=&#8220;50&#8243; position_y=&#8220;50&#8243;]\n\n[title text=&#8220;KAFFEE IN DER FIRMEN&#8220; tag_name=&#8220;h2&#8243; size=&#8220;136&#8243;]\n\n[title text=&#8220;KAFFEEMASCHINEN IM B\u00dcRO&#8220; tag_name=&#8220;h2&#8243; size=&#8220;85&#8243; visibility=&#8220;hide-for-small&#8220;]\n\n[button text=&#8220;mehr infos&#8220; size=&#8220;xlarge&#8220; link=&#8220;https:\/\/yithcompare.321dev.ch\/de\/profiloesungen\/unternehmen-und-bueros\/&#8220;]\n\n\n[\/text_box]\n\n[\/ux_banner]\n\n[\/col]\n[col span=&#8220;6&#8243; span__sm=&#8220;12&#8243;]\n\n[ux_banner height=&#8220;50%&#8220; height__md=&#8220;75%&#8220; bg=&#8220;23464&#8243; bg_overlay=&#8220;rgba(0,0,0,.5)&#8220; link=&#8220;https:\/\/yithcompare.321dev.ch\/de\/profiloesungen\/events-und-veranstaltungen\/&#8220;]\n\n[text_box width=&#8220;80&#8243; position_x=&#8220;50&#8243; position_y=&#8220;50&#8243;]\n\n[title text=&#8220;KAFFEE AUF VERANSTALTUNGEN&#8220; tag_name=&#8220;h2&#8243; size=&#8220;136&#8243;]\n\n<h2><strong>Eine positive Unternehmenskultur f\u00f6rdern: die Wirkung von Kaffee im B\u00fcro.<\/strong><\/h2>\n<\/p>\n<p><span style=\"font-size: 140%;\" data-mce-style=\"font-size: 140%;\">Durch das Angebot von Qualit\u00e4tskaffee und die Schaffung geselliger R\u00e4ume f\u00fcr den Kaffeegenuss zeigt das Unternehmen sein Engagement f\u00fcr das Wohlbefinden seiner Mitarbeiter.<\/span><\/p>\n[button text=&#8220;mehr infos&#8220; size=&#8220;xlarge&#8220; padding=&#8220;0px 0px px 0px&#8220; link=&#8220;https:\/\/yithcompare.321dev.ch\/de\/profiloesungen\/events-und-veranstaltungen\/&#8220;]\n\n\n[\/text_box]\n\n[\/ux_banner]\n\n[\/col]\n\n[\/row]\n\n[\/section]\n[gap height=&#8220;58px&#8220;]\n\n<div class=\"container section-title-container\">\n<div class=\"section-title section-title-bold h2_div_normal\"><b><\/b><span class=\"section-title-main\" style=\"font-size:80%;color:rgb(59, 55, 53);\">Nos articles<\/span><b><\/b><\/div>\n<\/div>\n[blog_posts style=&#8220;default&#8220; type=&#8220;row&#8220; columns=&#8220;3&#8243; depth=&#8220;1&#8243; depth_hover=&#8220;4&#8243; cat=&#8220;1&#8243; posts=&#8220;6&#8243; readmore=&#8220;Lesen Sie&#8220; show_date=&#8220;false&#8220; image_height=&#8220;200px&#8220;]\n\n[row h_align=&#8220;center&#8220;]\n\n[col span=&#8220;4&#8243; span__sm=&#8220;12&#8243; align=&#8220;center&#8220;]\n\n[button text=&#8220;Alle unsere Artikel&#8220; icon=&#8220;icon-angle-right&#8220; link=&#8220;https:\/\/yithcompare.321dev.ch\/de\/blog\/&#8220;]\n\n\n[\/col]\n\n[\/row]\n[section label=&#8220;Testimonials&#8220; padding=&#8220;60px&#8220;]\n\n[ux_slider style=&#8220;focus&#8220; nav_pos=&#8220;outside&#8220; arrows=&#8220;false&#8220; nav_style=&#8220;simple&#8220; nav_color=&#8220;dark&#8220; timer=&#8220;4000&#8243;]\n\n[row label=&#8220;Zeugnis&#8220; h_align=&#8220;center&#8220;]\n\n[col span=&#8220;9&#8243; span__sm=&#8220;12&#8243; span__md=&#8220;10&#8243; align=&#8220;center&#8220;]\n\n[ux_text font_size=&#8220;1.5&#8243; line_height=&#8220;1.5&#8243;]\n\n<h2><strong>Eine positive Unternehmenskultur f\u00f6rdern: die Wirkung von Kaffee im B\u00fcro.<\/strong><\/h2><p><br><\/p><p><span style=\"font-size: 140%;\" data-mce-style=\"font-size: 140%;\">Durch das Angebot von Qualit\u00e4tskaffee und die Schaffung geselliger R\u00e4ume f\u00fcr den Kaffeegenuss zeigt das Unternehmen sein Engagement f\u00fcr das Wohlbefinden seiner Mitarbeiter.<\/span><\/p>\n[\/ux_text]\n[featured_box img_width=&#8220;50&#8243; pos=&#8220;center&#8220; font_size=&#8220;small&#8220; margin=&#8220;10px 0px 0px 0px&#8220; class=&#8220;circle&#8220;]\n\n<h2><strong>Eine positive Unternehmenskultur f\u00f6rdern: die Wirkung von Kaffee im B\u00fcro.<\/strong><\/h2>\n<\/p>\n<p><span style=\"font-size: 140%;\" data-mce-style=\"font-size: 140%;\">Durch das Angebot von Qualit\u00e4tskaffee und die Schaffung geselliger R\u00e4ume f\u00fcr den Kaffeegenuss zeigt das Unternehmen sein Engagement f\u00fcr das Wohlbefinden seiner Mitarbeiter.<\/span><\/p>\n\n[\/featured_box]\n\n[\/col]\n\n[\/row]\n[row label=&#8220;Testimonial 2&#8243; h_align=&#8220;center&#8220;]\n\n[col span=&#8220;9&#8243; span__sm=&#8220;12&#8243; span__md=&#8220;10&#8243; align=&#8220;center&#8220;]\n\n[ux_text font_size=&#8220;1.5&#8243; line_height=&#8220;1.5&#8243;]\n\n<h2><strong>Eine positive Unternehmenskultur f\u00f6rdern: die Wirkung von Kaffee im B\u00fcro.<\/strong><\/h2><p><br><\/p><p><span style=\"font-size: 140%;\" data-mce-style=\"font-size: 140%;\">Durch das Angebot von Qualit\u00e4tskaffee und die Schaffung geselliger R\u00e4ume f\u00fcr den Kaffeegenuss zeigt das Unternehmen sein Engagement f\u00fcr das Wohlbefinden seiner Mitarbeiter.<\/span><\/p>\n[\/ux_text]\n[featured_box img_width=&#8220;50&#8243; pos=&#8220;center&#8220; font_size=&#8220;small&#8220; margin=&#8220;10px 0px 0px 0px&#8220; class=&#8220;circle&#8220;]\n\n<h2><strong>Eine positive Unternehmenskultur f\u00f6rdern: die Wirkung von Kaffee im B\u00fcro.<\/strong><\/h2>\n<\/p>\n<p><span style=\"font-size: 140%;\" data-mce-style=\"font-size: 140%;\">Durch das Angebot von Qualit\u00e4tskaffee und die Schaffung geselliger R\u00e4ume f\u00fcr den Kaffeegenuss zeigt das Unternehmen sein Engagement f\u00fcr das Wohlbefinden seiner Mitarbeiter.<\/span><\/p>\n\n[\/featured_box]\n\n[\/col]\n\n[\/row]\n[row label=&#8220;Testimonial 3&#8243; h_align=&#8220;center&#8220;]\n\n[col span=&#8220;9&#8243; span__sm=&#8220;12&#8243; span__md=&#8220;10&#8243; align=&#8220;center&#8220;]\n\n[ux_text font_size=&#8220;1.5&#8243; line_height=&#8220;1.5&#8243;]\n\n<h2><strong>Eine positive Unternehmenskultur f\u00f6rdern: die Wirkung von Kaffee im B\u00fcro.<\/strong><\/h2><p><br><\/p><p><span style=\"font-size: 140%;\" data-mce-style=\"font-size: 140%;\">Durch das Angebot von Qualit\u00e4tskaffee und die Schaffung geselliger R\u00e4ume f\u00fcr den Kaffeegenuss zeigt das Unternehmen sein Engagement f\u00fcr das Wohlbefinden seiner Mitarbeiter.<\/span><\/p>\n[\/ux_text]\n[featured_box img_width=&#8220;50&#8243; pos=&#8220;center&#8220; font_size=&#8220;small&#8220; margin=&#8220;10px 0px 0px 0px&#8220; class=&#8220;circle&#8220;]\n\n<h2><strong>Eine positive Unternehmenskultur f\u00f6rdern: die Wirkung von Kaffee im B\u00fcro.<\/strong><\/h2>\n<\/p>\n<p><span style=\"font-size: 140%;\" data-mce-style=\"font-size: 140%;\">Durch das Angebot von Qualit\u00e4tskaffee und die Schaffung geselliger R\u00e4ume f\u00fcr den Kaffeegenuss zeigt das Unternehmen sein Engagement f\u00fcr das Wohlbefinden seiner Mitarbeiter.<\/span><\/p>\n\n[\/featured_box]\n\n[\/col]\n\n[\/row]\n\n[\/ux_slider]\n\n[\/section]\n[section label=&#8220;Unsere Klienten&#8220; bg_color=&#8220;rgb(169, 188, 190)&#8220; padding=&#8220;40px&#8220;]\n\n[row]\n\n[col span__sm=&#8220;12&#8243; align=&#8220;center&#8220;]\n\n[row_inner]\n\n[col_inner span__sm=&#8220;12&#8243; margin=&#8220;0px 0px 0px 0px&#8220; align=&#8220;left&#8220; color=&#8220;light&#8220;]\n\n[gap height=&#8220;45px&#8220;]\n\n[ux_text text_align=&#8220;center&#8220;]\n\n<h2><strong>Eine positive Unternehmenskultur f\u00f6rdern: die Wirkung von Kaffee im B\u00fcro.<\/strong><\/h2><p><br><\/p><p><span style=\"font-size: 140%;\" data-mce-style=\"font-size: 140%;\">Durch das Angebot von Qualit\u00e4tskaffee und die Schaffung geselliger R\u00e4ume f\u00fcr den Kaffeegenuss zeigt das Unternehmen sein Engagement f\u00fcr das Wohlbefinden seiner Mitarbeiter.<\/span><\/p>\n[\/ux_text]\n\n[\/col_inner]\n\n[\/row_inner]\n[ux_slider infinitive=&#8220;false&#8220; freescroll=&#8220;true&#8220; hide_nav=&#8220;true&#8220; nav_pos=&#8220;outside&#8220; nav_style=&#8220;simple&#8220; bullets=&#8220;false&#8220; timer=&#8220;3000&#8243;]\n\n[logo img=&#8220;25741&#8243; hover=&#8220;color&#8220; height=&#8220;70px&#8220;]\n\n[logo img=&#8220;25743&#8243; hover=&#8220;color&#8220; height=&#8220;70px&#8220;]\n\n[logo img=&#8220;25731&#8243; hover=&#8220;color&#8220; height=&#8220;70px&#8220;]\n\n[logo img=&#8220;25747&#8243; hover=&#8220;color&#8220; height=&#8220;70px&#8220;]\n\n[logo img=&#8220;25729&#8243; hover=&#8220;color&#8220; height=&#8220;70px&#8220;]\n\n[logo img=&#8220;25733&#8243; hover=&#8220;color&#8220; height=&#8220;70px&#8220;]\n\n[logo img=&#8220;25737&#8243; hover=&#8220;color&#8220; height=&#8220;70px&#8220;]\n\n\n[\/ux_slider]\n\n[\/col]\n\n[\/row]\n\n[\/section]","protected":false},"excerpt":{"rendered":"","protected":false},"author":6990,"featured_media":0,"parent":0,"menu_order":0,"comment_status":"closed","ping_status":"closed","template":"page-blank.php","meta":{"footnotes":""},"class_list":["post-24018","page","type-page","status-publish","hentry"],"_links":{"self":[{"href":"https:\/\/yithcompare.321dev.ch\/de\/wp-json\/wp\/v2\/pages\/24018","targetHints":{"allow":["GET"]}}],"collection":[{"href":"https:\/\/yithcompare.321dev.ch\/de\/wp-json\/wp\/v2\/pages"}],"about":[{"href":"https:\/\/yithcompare.321dev.ch\/de\/wp-json\/wp\/v2\/types\/page"}],"author":[{"embeddable":true,"href":"https:\/\/yithcompare.321dev.ch\/de\/wp-json\/wp\/v2\/users\/6990"}],"replies":[{"embeddable":true,"href":"https:\/\/yithcompare.321dev.ch\/de\/wp-json\/wp\/v2\/comments?post=24018"}],"version-history":[{"count":0,"href":"https:\/\/yithcompare.321dev.ch\/de\/wp-json\/wp\/v2\/pages\/24018\/revisions"}],"wp:attachment":[{"href":"https:\/\/yithcompare.321dev.ch\/de\/wp-json\/wp\/v2\/media?parent=24018"}],"curies":[{"name":"wp","href":"https:\/\/api.w.org\/{rel}","templated":true}]}}