{"id":23142,"date":"2021-03-19T16:25:22","date_gmt":"2021-03-19T14:25:22","guid":{"rendered":"https:\/\/esperanza.ch\/?page_id=23142"},"modified":"2022-09-22T17:13:46","modified_gmt":"2022-09-22T15:13:46","slug":"unternehmen-und-bueros","status":"publish","type":"page","link":"https:\/\/yithcompare.321dev.ch\/de\/profiloesungen\/unternehmen-und-bueros\/","title":{"rendered":"Unternehmen und B\u00fcros"},"content":{"rendered":"<h1>QUALIT\u00c4TSKAFFEE F\u00dcR BETRIEBE, B\u00dcROS UND GEMEINSCHAFTSGASTRONOMIE<\/h1>\t\t\n\t\t\t<h2>Eine professionelle Kaffeemaschine f\u00fcr Ihren Pausenraum<\/h2>\t\t\n\t\t<p>Ob internationale Grossfirma oder kleines B\u00fcro, wir von Esperanza sind Ihr Partner f\u00fcr massgeschneiderte Kaffeel\u00f6sungen. Dank unseren Mietl\u00f6sungen mit fixem Preis pro Tasse fallen bei Ihnen keine Investitionen an. Den Verkaufspreis bestimmen Sie.<\/p>\n<p>Auf Wunsch installieren wir auch ein M\u00fcnzsystem f\u00fcr die Selbstbedienung.<\/p>\n\t\t\t\t\t\t\t\t\t\t\t\t<img decoding=\"async\" src=\"https:\/\/yithcompare.321dev.ch\/wp-content\/uploads\/elementor\/thumbs\/machine_cafe_bureau-plv5f1hak0h1urx7yc2o1s0k91rbea56lkns9cgx1i.jpg\" title=\"machine_cafe_bureau\" alt=\"machine_cafe_bureau\">\t\t\t\t\t\t\t\t\t\t\t\t\t\t\n\t\t\t<h2>Zufriedene Mitarbeiterinnen und Mitarbeiter<\/h2>\t\t\n\t\t<p>Bieten Sie Ihren Mitarbeitenden und Ihrer Kundschaft einen erstklassigen Kaffee aus fairem Handel. Die Kaffeepause ist ein wichtiger Moment im Alltag Ihres Betriebs. Unser lokal ger\u00f6steter Kaffee in unterschiedlichen St\u00e4rkegraden, auf Knopfdruck frisch gemahlen, sorgt f\u00fcr ein beschwingtes und gut gelauntes Team!<\/p>\n\t\t\t<h2>Der Kaffeepartner f\u00fcr das B\u00fcro, pers\u00f6nlich und kompetent<\/h2>\t\t\n\t\t<p><a id=\"link-53\" href=\"https:\/\/yithcompare.321dev.ch\/de\/rueckrufwunsch\/\">Nehmen Sie Kontakt<\/a>&nbsp;mit uns auf, wir beraten Sie gerne pers\u00f6nlich! Gemeinsam evaluieren wir die Bed\u00fcrfnisse Ihrer Firma&nbsp;und stellen ein attraktives Angebot f\u00fcr Sie zusammen. Lassen Sie sich \u00fcberzeugen von unseren massgeschneiderten L\u00f6sungen.<\/p>\t\t\n\t\t\t<h2>Individuelle Unterst\u00fctzung<\/h2>\t\t\n\t\t<p>Ausgehend von Ihren Bed\u00fcrfnissen beraten Sie bei der Wahl von B\u00fcro-Kaffeemaschinen und Zubeh\u00f6r. Als leidenschaftliche Kaffeer\u00f6ster helfen wir Ihnen gerne, in unserem breiten Sortiment von Kaffeespezialit\u00e4ten und anderen Heissgetr\u00e4nken das Passende zu finden.<\/p>\n<p>Unsere Mietl\u00f6sung umfasst Kaffeemaschinen, Pflegeprodukte und Verbrauchsg\u00fcter. Dazu erhalten Sie Kaffeebohnen mit dem Max-Havelaar-Label, Tee, Rahm in Einzelportionen, Zuckersticks, Tassen und Wegwerfbecher. Im Falle einer Panne stellen wir Ihnen eine Ersatzmaschine zur Verf\u00fcgung.<\/p>\n\t\t\t<h2>Massgeschneiderte Komplettl\u00f6sung<\/h2>\t\t\n\t\t<p>Erleichtern Sie sich das Leben mit unseren massgeschneiderten profi Kaffeel\u00f6sungen: M\u00fcnzsystem f\u00fcr die Selbstbedienung, rasche Lieferung von Verbrauchsg\u00fctern mit DHL, Wartungsservice usw.!<\/p>\n\t\t\t<h2>Beratung und Kundendienst<\/h2>\t\t\n\t\t<p>Wir empfehlen Ihnen die auf Ihre Bed\u00fcrfnisse zugeschnittene Kaffeemaschine und unterst\u00fctzen Sie bei der Wartung sowie bei der Wahl von Kaffee und Verbrauchsg\u00fctern.<\/p>\n<p>Ob Miete oder Kauf von Vollautomaten, technischer Support, Serviceabonnement, Kauf und Lieferung von Verbrauchsg\u00fctern: Wir beraten Sie freundlich und kompetent.<\/p>\n<p>Der pers\u00f6nliche Draht zu Ihnen ist uns wichtig!<\/p>\n\t<a href=\"https:\/\/yithcompare.321dev.ch\/de\/rueckrufwunsch\/\">\n\t\t\tKontakt\t\t\n\t\t\tKontakt\t\t\n\t<\/a>\n\t<a href=\"https:\/\/yithcompare.321dev.ch\/de\/rueckrufwunsch\/\">\n\t\t\tAnruf vereinbaren\t\t\n\t\t\tanruf vereinbaren\t\t\n\t<\/a>\n\t\t\t\t\t\t\t\t\t\t\t\t<img decoding=\"async\" src=\"https:\/\/yithcompare.321dev.ch\/wp-content\/uploads\/elementor\/thumbs\/csm_Jacques_aa1626e260-plv5ad8382f5hy6bmq4ifsb9ooq0hy7e53uw1vwcga.jpg\" title=\"csm_Jacques_aa1626e260\" alt=\"csm_Jacques_aa1626e260\">\t\t\t\t\t\t\t\t\t\t\t\t\t\t\n\t\t\t<h2>Jacques Berset<\/h2>\t\t\n\t\t\t<h2>VERKAUF UND KOMMUNIKATION Mitbegr\u00fcnder<\/h2>\t\t\n\t\t\t\t\t\t\t\t\t\t\t\t<img decoding=\"async\" src=\"https:\/\/yithcompare.321dev.ch\/wp-content\/uploads\/elementor\/thumbs\/csm_Mylene_e06e88428b-plv5apfzowvvovokndenu789ep1sa0jwisc7ahe87e.jpg\" title=\"csm_Mylene_e06e88428b\" alt=\"csm_Mylene_e06e88428b\">\t\t\t\t\t\t\t\t\t\t\t\t\t\t\n\t\t\t<h2>Myl\u00e8ne Deutsch<\/h2>\t\t\n\t\t\t<h2>VERKAUF, KUNDENDIENST<\/h2>","protected":false},"excerpt":{"rendered":"<p>QUALIT\u00c4TSKAFFEE F\u00dcR BETRIEBE, B\u00dcROS UND GEMEINSCHAFTSGASTRONOMIE Eine professionelle Kaffeemaschine f\u00fcr Ihren Pausenraum Ob internationale Grossfirma oder kleines B\u00fcro, wir von Esperanza sind Ihr Partner f\u00fcr massgeschneiderte Kaffeel\u00f6sungen. Dank unseren Mietl\u00f6sungen mit fixem Preis pro Tasse fallen bei Ihnen keine Investitionen an. Den Verkaufspreis bestimmen Sie. Auf Wunsch installieren wir auch ein M\u00fcnzsystem f\u00fcr die Selbstbedienung. [&hellip;]<\/p>\n","protected":false},"author":6990,"featured_media":0,"parent":22942,"menu_order":0,"comment_status":"closed","ping_status":"closed","template":"","meta":{"footnotes":""},"class_list":["post-23142","page","type-page","status-publish","hentry"],"_links":{"self":[{"href":"https:\/\/yithcompare.321dev.ch\/de\/wp-json\/wp\/v2\/pages\/23142","targetHints":{"allow":["GET"]}}],"collection":[{"href":"https:\/\/yithcompare.321dev.ch\/de\/wp-json\/wp\/v2\/pages"}],"about":[{"href":"https:\/\/yithcompare.321dev.ch\/de\/wp-json\/wp\/v2\/types\/page"}],"author":[{"embeddable":true,"href":"https:\/\/yithcompare.321dev.ch\/de\/wp-json\/wp\/v2\/users\/6990"}],"replies":[{"embeddable":true,"href":"https:\/\/yithcompare.321dev.ch\/de\/wp-json\/wp\/v2\/comments?post=23142"}],"version-history":[{"count":0,"href":"https:\/\/yithcompare.321dev.ch\/de\/wp-json\/wp\/v2\/pages\/23142\/revisions"}],"up":[{"embeddable":true,"href":"https:\/\/yithcompare.321dev.ch\/de\/wp-json\/wp\/v2\/pages\/22942"}],"wp:attachment":[{"href":"https:\/\/yithcompare.321dev.ch\/de\/wp-json\/wp\/v2\/media?parent=23142"}],"curies":[{"name":"wp","href":"https:\/\/api.w.org\/{rel}","templated":true}]}}