{"id":23117,"date":"2021-03-02T11:00:06","date_gmt":"2021-03-02T09:00:06","guid":{"rendered":"https:\/\/esperanza.ch\/?page_id=23117"},"modified":"2023-06-09T13:09:04","modified_gmt":"2023-06-09T11:09:04","slug":"kaffee-esperanza","status":"publish","type":"page","link":"https:\/\/yithcompare.321dev.ch\/de\/kaffee-esperanza\/","title":{"rendered":"Kaffee"},"content":{"rendered":"<h1>DIE WELT DER ESPERANZA-KAFFEES<\/h1>\t\t\n\t\t\t<h2>Kaffee edler Herkunft<\/h2>\t\t\n\t\t<p>Auf dem Weg vom Kleinbauern zur Kooperative werden die Kaffeekirschen gewaschen und getrocknet. Per Schiff gelangt das Max-Havelaar-zertifizierte Tropenprodukt dann nach Europa und \u00fcber den Rhein nach Basel. Zum Schluss werden die Bohnen unserem Betrieb in Vuadens ger\u00f6stet. F\u00fcr den perfekten Kaffeegenuss ist das Trio Kaffee, Maschine und frisches Wasser ausschlaggebend. Eine wundersame Verwandlung von der Plantage bis in die Tasse.<\/p>\n\t\t\t<h2>Herkunftsspezifisches Aroma<\/h2>\t\t\n\t\t\t\t\t\t\t\t\t\t\t\t<img decoding=\"async\" src=\"https:\/\/yithcompare.321dev.ch\/wp-content\/uploads\/elementor\/thumbs\/culture_arabica-plv5ankenugvoaalkftcevv4gbdnh4q9zv27muz22u.jpg\" title=\"culture_arabica\" alt=\"culture_arabica\">\t\t\t\t\t\t\t\t\t\t\t\t\t\t\n\t\t<p>Unsere Max-Havelaar-zertifizierten Arabicas entf\u00fchren Ihre Sinne auf eine Weltreise!<\/p>\n<p>Jeder Kaffee hat seinen eigenen Charakter und Geschmack, der von der Bodenbeschaffenheit, der Anbauh\u00f6he und dem Produktionsgebiet abh\u00e4ngt. Schicken Sie Ihre Sinne und Emotionen auf die Reise und entdecken Sie l\u00e4nderspezifische Nuancen, immer unter Achtung von Mensch und Natur.<\/p>\n\t\t\t<a href=\"#\" role=\"button\">\n\t\t\t\t\t\tUnsere Herkunftsl\u00e4nder\n\t\t\t\t\t<\/a>\n\t\t\t\t\t\t\t\t\t\t\t\t<img decoding=\"async\" src=\"https:\/\/yithcompare.321dev.ch\/wp-content\/uploads\/elementor\/thumbs\/culture_cafe_-plv5edzi579cruar4ai4g5qlq85qrzqvvji2xp8ez8.jpg\" title=\"culture_cafe_\" alt=\"culture_cafe_\">\t\t\t\t\t\t\t\t\t\t\t\t\t\t\n\t\t\t<h2>100% Fairtrade: aus Respekt vor Mensch und Natur<\/h2>\t\t\n\t\t<p>lle Kaffees von Esperanza stammen aus fairem Handel und verf\u00fcgen \u00fcber das Max-Havelaar-Label, denn Fairtrade gibt unserer Arbeit Sinn. Esperanza ist der ideale Partner f\u00fcr verantwortungsbewusste Betriebe. Ob Pausenraum, Gesch\u00e4ft, B\u00e4ckerei, Take-away, Gemeinschaftsgastronomie oder Ihre K\u00fcche zu Hause: Wir haben die passende L\u00f6sung f\u00fcr Sie.<\/p>\n<p>&nbsp;<\/p>\n<p>Das Fairtrade-G\u00fctesiegel beinhaltet als einziges Label eine verbindlich festgelegte Fairtrade-Pr\u00e4mie f\u00fcr Investitionen in die soziale und wirtschaftliche Entwicklung. Kleinbauern und Arbeiterinnen entscheiden selbst\u00e4ndig und demokratisch dar\u00fcber, welche Projekte sie mit der Pr\u00e4mie realisieren. Damit f\u00f6rdert Fairtrade die Vernetzung der Bauern und schafft bessere Strukturen.<\/p>\n<p>&nbsp;<\/p>\n<p>F\u00fcr Kaffee sehen die Fairtrade-Standards einen garantierten Mindestpreis vor, der die Kosten einer nachhaltigen Produktion deckt. Er stellt eine Preisabsicherung gegen unten dar und gew\u00e4hrt den Kleinbauern damit Stabilit\u00e4t und Sicherheit.<\/p>\n\t\t\t<a href=\"#\" role=\"button\">\n\t\t\t\t\t\tFairtrade-Kaffee bestellen\n\t\t\t\t\t<\/a>\n\t\t<p>Die Dutzenden von Tonnen, die unsere H\u00e4ndler importieren, stammen ausschliesslich von Kooperativen mit zahlreichen Bauernfamilien. Mit der Pr\u00e4mie erm\u00f6glicht der faire Handel ihnen ein menschenw\u00fcrdiges Leben mit guten sozialen, wirtschaftlichen und \u00f6kologischen Bedingungen.<br>\nAlle Esperanza-Kaffees sind direkt r\u00fcckverfolgbar bis zur landwirtschaftlichen Kooperative. Die von Fairtrade Max Havelaar beauftragte Zertifizierungsstelle FLOCERT kontrolliert die Einhaltung der Vertr\u00e4ge mit den verschiedenen Parteien.<\/p>\n<p>&nbsp;<\/p>\n<p>Zus\u00e4tzlich zur Fairtrade-Pr\u00e4mie erhalten die Produzenten von biologischem Kaffee eine Bio-Pr\u00e4mie. Dank dieser k\u00f6nnen sie sowohl in den Anbau und die Entwicklung biologischer Ressourcen investieren als auch in soziale und wirtschaftliche Verbesserungen in ihrer Gemeinde. Die Bio-Bohnen von Esperanza sind mit dem Label Bio Suisse zertifiziert.<\/p>\n\t\t\t<h2>Kleine Kaffeekunde<\/h2>\t\t\n\t\t\t\t\t\t\t\t\t\t\t\t<img decoding=\"async\" src=\"https:\/\/yithcompare.321dev.ch\/wp-content\/uploads\/elementor\/thumbs\/esperanza_nouvel_import_oct._02_2018__O9A9636-plv5ajt1wibqdug26e6u4wta2rw6mcbcncg9pr4mrq.jpg\" title=\"esperanza_nouvel_import_oct._02_2018__O9A9636\" alt=\"esperanza_nouvel_import_oct._02_2018__O9A9636\">\t\t\t\t\t\t\t\t\t\t\t\t\t\t\n\t\t<p>Kaffee ist ein magisches Elixier und ein fantastisches Genussmittel, \u00fcber das wir seitenweise schreiben k\u00f6nnten! Erfahren Sie mehr zum Thema Kaffee in unserer kleinen \u00dcbersicht, die wir anhand der h\u00e4ufigsten Kundenfragen zusammengestellt haben.<\/p>\n\t\t\t<a href=\"#\" role=\"button\">\n\t\t\t\t\t\tMehr erfahren\n\t\t\t\t\t<\/a>\n\t\t\t\t\t\t\t\t\t\t\t\t<img decoding=\"async\" src=\"https:\/\/yithcompare.321dev.ch\/wp-content\/uploads\/elementor\/thumbs\/torrefaction_artisanale-plv5eb5zkp5ht0eukra8qog7y2jn4wfov5jmhvclhw.jpg\" title=\"torrefaction_artisanale\" alt=\"torrefaction_artisanale\">\t\t\t\t\t\t\t\t\t\t\t\t\t\t\n\t\t\t<h2>Traditionelle Trommelr\u00f6stung im Greyerzerland<\/h2>\t\t\n\t\t<p>Kaffee ist kein regionales Produkt, aber trotzdem ein wichtiger Bestandteil unserer Ern\u00e4hrung. Der Fairtrade-zertifizierte Kaffee von Esperanza passt perfekt zu den \u00f6kologisch hergestellten Produkten aus unserer Region. Nachhaltigkeit ist f\u00fcr uns kein leeres Wort. Deshalb arbeiten wir mit Organisationen wie Max Havelaar und Bio Suisse zusammen, die sich f\u00fcr eine nachhaltige Versorgung einsetzen.<\/p>\n<p>&nbsp;<\/p>\n<p>Die handwerkliche R\u00f6stung bildet die dritte Etappe nach dem Anbau und der Fermentation. R\u00f6sten ist eine Kunst, bei der zahlreiche Parameter stimmen m\u00fcssen. Das erfordert langj\u00e4hrige Erfahrung. Der R\u00f6ster setzt vor allem auf seine Sinne, aber er muss nat\u00fcrlich auch den Trommelr\u00f6ster und die Messinstrumente im Griff haben, um ein gutes Resultat erzielen zu k\u00f6nnen. Er beobachtet die Farbe der Bohnen, beisst darauf und h\u00f6rt auf ihr Knacken in der Hitze. Die wichtigsten Parameter sind die Luft-\/Gaszufuhr, die Gr\u00f6sse und St\u00e4rke der Flamme sowie die Raumfeuchte und die Qualit\u00e4t des Rohkaffees.<\/p>\n\t\t\t<a href=\"#\" role=\"button\">\n\t\t\t\t\t\tZum Esperanza-shop\n\t\t\t\t\t<\/a>\n\t\t<p>Der R\u00f6stgrad ist kulturell begr\u00fcndet. Er variiert nach Region und Konsumgewohnheiten. Bei Esperanza r\u00f6sten wir Single Origins und Blends bis zur Stufe Dunkel oder Full City. R\u00f6sten ist ein Zusammenspiel von Mensch, Feuer und Rohkaffee. Dabei gibt es keine allein seligmachende Wahrheit. Wir streben immer nach Perfektion, ob wir nun kleine oder grosse Lieferungen verarbeiten.<\/p>\n<p>&nbsp;<\/p>\n<p>Unsere R\u00f6sterei in Vuadens im Greyerzerland befindet sich in den historischen Mauern der 1914 gegr\u00fcndeten Molkerei von Maurice Guigoz, in der Milchpulver f\u00fcr S\u00e4uglinge hergestellt wurde. Heute ist das Haus erf\u00fcllt von R\u00f6staromen. Fr\u00fchmorgens l\u00e4uft unser bew\u00e4hrter Trommelr\u00f6ster PROBAT auf Hochtouren. Wir r\u00f6sten unsere Bohnen frisch und mit gr\u00f6sster Sorgfalt. In rund 13 Minuten k\u00f6nnen wir 30 kg gr\u00fcnen Kaffee verarbeiten. Danach wird der Kaffee in F\u00e4ssern stabilisiert und f\u00fcr eine perfekte Qualit\u00e4t in Ventilbeutel verpackt.<\/p>\n\t\t\t<h2>Blends f\u00fcr jeden Geschmack<\/h2>\t\t\n\t\t<p>Bei uns finden Sie&nbsp;eine breite Palette von Mischungen. Den Kaffee daf\u00fcr beziehen wir von Kleinbauernkooperativen. Unsere sechs Blends decken die ganze Intensit\u00e4tspalette ab, vom starken Supremo bis zum milden Fantasia. Wir pr\u00fcfen unsere Kaffees regelm\u00e4ssig. Massgebend sind dabei Duft, S\u00e4ure, Aromen, K\u00f6rper, Abgang und Ausgewogenheit. Ob f\u00fcr die erste Tasse am Morgen oder die Kaffeepause im Betrieb, in&nbsp;unserer breiten Palette finden Sie etwas f\u00fcr jeden Geschmack. Wir m\u00f6chten Sie aber auch \u00fcberraschen. Entdecken Sie unsere Mischungen in der Cafeteria Ihrer Firma, auf dem Arbeitsweg oder bequem zu Hause.<\/p><p><picture><source srcset=\"\/fileadmin\/Fichiers\/Images\/Actualites\/gamme_Esperanza.jpg\" media=\"(min-width: 992px)\"><source srcset=\"\/fileadmin\/Fichiers\/Images\/Actualites\/gamme_Esperanza.jpg\" media=\"(min-width: 769px) and (max-width: 991px)\"><source srcset=\"\/fileadmin\/Fichiers\/Images\/Actualites\/gamme_Esperanza.jpg\" media=\"(max-width: 768px)\"><\/picture><\/p>\t\t\n\t\t\t<a href=\"#\" role=\"button\">\n\t\t\t\t\t\tKaffee bestellen\n\t\t\t\t\t<\/a>\n\t\t\t\t\t\t\t\t\t\t\t\t<img decoding=\"async\" src=\"https:\/\/yithcompare.321dev.ch\/wp-content\/uploads\/elementor\/thumbs\/gamme_Esperanza-plv59j5chyy8rp2xt9j6qqkwz8me8j329yiho67956.jpg\" title=\"gamme_Esperanza\" alt=\"gamme_Esperanza\">\t\t\t\t\t\t\t\t\t\t\t\t\t\t\n\t\t\t<h2>Das Esperanza-Gesch\u00e4ft in Vuadens<\/h2>\t\t\n\t\t\t\t\t\t\t\t\t\t\t\t<img decoding=\"async\" src=\"https:\/\/yithcompare.321dev.ch\/wp-content\/uploads\/elementor\/thumbs\/boutique_cafe-plv5eli1btv6dekfjn60de1q5hy2rfdqvdkj3n4lza.jpg\" title=\"boutique_cafe\" alt=\"boutique_cafe\">\t\t\t\t\t\t\t\t\t\t\t\t\t\t\n\t\t<p>Seit 2018 sind wir auch in unserem Gesch\u00e4ft neben der R\u00f6sterei in Vuadens f\u00fcr Sie da. Hier finden Sie eine grosse Auswahl topmoderner Jura-Maschinen und unsere gesamte Kaffeepalette. Ob offen oder im Beutel, spezieller Mahlgrad oder andere Anliegen, wir beraten Sie gern. Entdecken Sie die Welt von Esperanza!<\/p>\n<p>&nbsp;<\/p>\n<p><strong>\u00d6ffnungszeiten:<\/strong><br>\n<strong>Montag-Freitag: 8h-12h, 13h-17h<br>\nT. +41 26 919 80 80<\/strong><\/p>\n\t\t\t<a href=\"#\" role=\"button\">\n\t\t\t\t\t\tKontaktieren Sie uns \n\t\t\t\t\t<\/a>\n\t\t\t<iframe frameborder=\"0\" scrolling=\"no\" marginheight=\"0\" marginwidth=\"0\" src=\"https:\/\/maps.google.com\/maps?q=Rue%20des%20Artisans%20136%2C%20Case%20postale%2034%2C1628%20Vuadens%2C%20Suisse&amp;t=m&amp;z=15&amp;output=embed&amp;iwloc=near\" title=\"Rue des Artisans 136, Case postale 34,1628 Vuadens, Suisse\" aria-label=\"Rue des Artisans 136, Case postale 34,1628 Vuadens, Suisse\"><\/iframe>\n\t\t\t\t\t\t\t\t\t\t\t\t<img decoding=\"async\" src=\"https:\/\/yithcompare.321dev.ch\/wp-content\/uploads\/elementor\/thumbs\/esp_500_bresil-1-plv5chczkt60odmkyute97jpdgd6fnj4z7a4qj9c00.png\" title=\"esp_500_bresil\" alt=\"esp_500_bresil\">\t\t\t\t\t\t\t\t\t\t\t\t\t\t\n\t\t\t<h2>Unsere kaffees<\/h2>\t\t\n\t\t\t<h2> Eine Reise nach Brasilien<\/h2>\t\t\n\t\t<article>\nEin leichter Kaffee mit Vanillegeschmack, der Ihre Sinne nach Sul de Minas in Brasilien entf\u00fchrt.\n<\/article><article><a id=\"link-62\" href=\"https:\/\/yithcompare.321dev.ch\/de\/kaffeemaschinen-kaffeevollautomaten\/jura-kaffeemaschinen-produkte-professional\/kaffeevolautomaten-2\/\" target=\"_blank\" rel=\"noopener\"><picture><source srcset=\"\/fileadmin\/Fichiers\/CallToAction\/jura-giga-x7.png\" media=\"(min-width: 992px)\"><source srcset=\"\/fileadmin\/Fichiers\/CallToAction\/jura-giga-x7.png\" media=\"(min-width: 769px) and (max-width: 991px)\"><\/picture><\/a><\/article>\t\t\n\t\t\t<a href=\"#\" role=\"button\">\n\t\t\t\t\t\tEsperanza-Kaffee bestellen\n\t\t\t\t\t<\/a>\n\t\t\t\t\t\t\t\t\t\t\t\t<img decoding=\"async\" src=\"https:\/\/yithcompare.321dev.ch\/wp-content\/uploads\/elementor\/thumbs\/jura-giga-x7-plv5bo80hw1j0mthgrhxh834eki32hdvut0rgvj300.png\" title=\"jura-giga-x7\" alt=\"jura-giga-x7\">\t\t\t\t\t\t\t\t\t\t\t\t\t\t\n\t\t\t<h2> EINE ZUVERL\u00c4SSIGE UND SCHNELLE MASCHINE<\/h2>\t\t\n\t\t\t<h2> f\u00fcr perfekten Kaffee<\/h2>\t\t\n<p>Die Vollautomaten von Jura \u00fcberzeugen durch Schweizer Pr\u00e4zision und edles Design.<\/p>\n\t\t\t<a href=\"#\" role=\"button\">\n\t\t\t\t\t\tJURA-Maschine kaufen\n\t\t\t\t\t<\/a>","protected":false},"excerpt":{"rendered":"<p>DIE WELT DER ESPERANZA-KAFFEES Kaffee edler Herkunft Auf dem Weg vom Kleinbauern zur Kooperative werden die Kaffeekirschen gewaschen und getrocknet. Per Schiff gelangt das Max-Havelaar-zertifizierte Tropenprodukt dann nach Europa und \u00fcber den Rhein nach Basel. Zum Schluss werden die Bohnen unserem Betrieb in Vuadens ger\u00f6stet. F\u00fcr den perfekten Kaffeegenuss ist das Trio Kaffee, Maschine und [&hellip;]<\/p>\n","protected":false},"author":6990,"featured_media":0,"parent":0,"menu_order":0,"comment_status":"closed","ping_status":"closed","template":"","meta":{"footnotes":""},"class_list":["post-23117","page","type-page","status-publish","hentry"],"_links":{"self":[{"href":"https:\/\/yithcompare.321dev.ch\/de\/wp-json\/wp\/v2\/pages\/23117","targetHints":{"allow":["GET"]}}],"collection":[{"href":"https:\/\/yithcompare.321dev.ch\/de\/wp-json\/wp\/v2\/pages"}],"about":[{"href":"https:\/\/yithcompare.321dev.ch\/de\/wp-json\/wp\/v2\/types\/page"}],"author":[{"embeddable":true,"href":"https:\/\/yithcompare.321dev.ch\/de\/wp-json\/wp\/v2\/users\/6990"}],"replies":[{"embeddable":true,"href":"https:\/\/yithcompare.321dev.ch\/de\/wp-json\/wp\/v2\/comments?post=23117"}],"version-history":[{"count":0,"href":"https:\/\/yithcompare.321dev.ch\/de\/wp-json\/wp\/v2\/pages\/23117\/revisions"}],"wp:attachment":[{"href":"https:\/\/yithcompare.321dev.ch\/de\/wp-json\/wp\/v2\/media?parent=23117"}],"curies":[{"name":"wp","href":"https:\/\/api.w.org\/{rel}","templated":true}]}}