{"id":23115,"date":"2021-03-22T17:04:51","date_gmt":"2021-03-22T15:04:51","guid":{"rendered":"https:\/\/esperanza.ch\/?page_id=23115"},"modified":"2024-01-17T11:12:07","modified_gmt":"2024-01-17T09:12:07","slug":"events-und-veranstaltungen","status":"publish","type":"page","link":"https:\/\/yithcompare.321dev.ch\/de\/profiloesungen\/events-und-veranstaltungen\/","title":{"rendered":"Events und Veranstaltungen"},"content":{"rendered":"<h1>MIETEN SIE EINE KAFFEEMASCHINE F\u00dcR EVENTS ALLER ART<\/h1>\n<h2>Guter Kaffee, ein Mehrwert f\u00fcr Ihre Veranstaltung<\/h2>\n<p>Die Kaffeequalit\u00e4t und das Ambiente, in dem Ihre G\u00e4ste Kaffee trinken, wirken sich nicht nur auf deren pers\u00f6nliches Wohlbefinden, sondern auch auf Ihren Umsatz aus. Mit der passenden Anzahl Maschinen servieren Sie erstklassige Kaffeespezialit\u00e4ten mit der gew\u00fcnschten Schnelligkeit.<\/p>\n<p>\t\t\t\t\t\t\t\t\t\t\t\t\t\t\t<img decoding=\"async\" src=\"https:\/\/yithcompare.321dev.ch\/wp-content\/uploads\/elementor\/thumbs\/location_machine_cafe_evenement-plv5evu9f09bx45ev9mwmtfsoqj443isksqvdopa2u.jpg\" title=\"location de machine \u00e0 caf\u00e9 pour manifestations\" alt=\"location_machine_cafe_evenement1\" loading=\"lazy\" \/>\t\t\t\t\t\t\t\t\t\t\t\t\t\t\t<\/p>\n<h2>Dank Fixpreis pro Tasse bezahlen Sie nur den effektiven Verbrauch<\/h2>\n<p>Wir von Esperanza h\u00f6ren Ihnen zu. Wir evaluieren gemeinsam mit Ihnen, welche Stundenleistung und welche Verbrauchsg\u00fcter Sie ben\u00f6tigen. Sie bezahlen die ausgeschenkten Espressos, Kaffees und Tees nach Abschluss Ihrer Veranstaltung, ohne Tagespauschale. Dank unserem praktischen Gesamtpaket haben Sie mehr Zeit f\u00fcr Ihre G\u00e4ste und Ihr Veranstaltungsprogramm. Wir von Esperanza garantieren Ihnen puren Kaffeegenuss an jedem Event, ohne b\u00f6se \u00dcberraschungen!<\/p>\n<p>Wir berechnen Ihnen CHF 1.00 pro Espresso, Kaffee oder Tee ab 200 Konsumationen und unabh\u00e4ngig von der Anzahl der Maschinen, oder CHF 1.10 bei weniger als 200 Konsumationen. Ein Betrag von CHF 20 pro Maschine wird als Schadensversicherung erhoben, sowie eine Mindestpauschale von 50 Verbrauchern, falls zutreffend.<\/p>\n<p>\t\t\t<a href=\"https:\/\/yithcompare.321dev.ch\/fr\/?jet_download=22fc69fa1b9e240f6c287dd190cd3d646812f39e\" >Download der Dokumentation<small>PDF-Format<\/small><\/a><\/p>\n<h2>Die ideale Kaffeel\u00f6sung f\u00fcr Festivalbesucher und Eventveranstalter<\/h2>\n<p>Kaffeevollautomaten sind eine praktische Komplettl\u00f6sung f\u00fcr Familien- und Jugendfeste, Festivals, Hochzeiten, Betriebsap\u00e9ros und andere Veranstaltungen.<\/p>\n<p>Unser Mietpaket umfasst die Bereitstellung von intuitiv zu bedienenden und verschiebbaren Kaffeevollautomaten. Dazu erhalten Sie Kaffeebohnen (auf Wunsch Bio), Schwarz- und Eisenkrauttee, Zuckersticks, Rahm in Einzelportionen, Wegwerf- oder Mehrwegbecher und R\u00fchrst\u00e4bchen aus Holz.<\/p>\n<p>Die Kaffeemaschinen sind bei einem der Regionaldepots von Esperanza zu beziehen. Auf Wunsch liefern wir auch per DHL. Esperanza garantiert Ihnen technische Unterst\u00fctzung an 365\u00a0Tagen im Jahr.<\/p>\n<p>\t\t\t<iframe loading=\"lazy\" src=\"https:\/\/www.google.com\/maps\/d\/embed?mid=1PXjuzQRjhd3a1CP_Uq9XAufrIzc\" width=\"640\" height=\"480\"><\/iframe>\t\t<\/p>\n<h2>Beratung und Kundendienst<\/h2>\n<p>Wir empfehlen Ihnen die auf Ihre Bed\u00fcrfnisse zugeschnittene Maschine und unterst\u00fctzen Sie bei der Wartung sowie bei der Wahl von Kaffee und Verbrauchsg\u00fctern.\u00a0Wir beraten Sie freundlich und kompetent.<\/p>\n<p>Der pers\u00f6nliche Draht zu Ihnen ist uns wichtig!<\/p>\n<p>\t<a href=\"https:\/\/yithcompare.321dev.ch\/de\/rueckrufwunsch\/\"><br \/>\n\t\t\tKontakt<br \/>\n\t\t\tKontakt<br \/>\n\t<\/a><br \/>\n\t<a href=\"https:\/\/yithcompare.321dev.ch\/de\/rueckrufwunsch\/\"><br \/>\n\t\t\tAnruf vereinbaren<br \/>\n\t\t\tanruf vereinbaren<br \/>\n\t<\/a><br \/>\n\t\t\t\t\t\t\t\t\t\t\t\t\t\t\t<img decoding=\"async\" src=\"https:\/\/yithcompare.321dev.ch\/wp-content\/uploads\/elementor\/thumbs\/csm_Jacques_aa1626e260-plv5ad8382f5hy6bmq4ifsb9ooq0hy7e53uw1vwcga.jpg\" title=\"csm_Jacques_aa1626e260\" alt=\"Jacques\" loading=\"lazy\" \/>\t\t\t\t\t\t\t\t\t\t\t\t\t\t\t<\/p>\n<h2>Jacques Berset<\/h2>\n<h2>VERKAUF UND KOMMUNIKATION Mitbegr\u00fcnder<\/h2>\n<p>\t\t\t\t\t\t\t\t\t\t\t\t\t\t\t<img decoding=\"async\" src=\"https:\/\/yithcompare.321dev.ch\/wp-content\/uploads\/elementor\/thumbs\/csm_Mylene_e06e88428b-plv5apfzowvvovokndenu789ep1sa0jwisc7ahe87e.jpg\" title=\"csm_Mylene_e06e88428b\" alt=\"Mylene\" loading=\"lazy\" \/>\t\t\t\t\t\t\t\t\t\t\t\t\t\t\t<\/p>\n<h2>Myl\u00e8ne Deutsch<\/h2>\n<h2>VERKAUF, KUNDENDIENST<\/h2>\n","protected":false},"excerpt":{"rendered":"<p>MIETEN SIE EINE KAFFEEMASCHINE F\u00dcR EVENTS ALLER ART Guter Kaffee, ein Mehrwert f\u00fcr Ihre Veranstaltung Die Kaffeequalit\u00e4t und das Ambiente, in dem Ihre G\u00e4ste Kaffee trinken, wirken sich nicht nur auf deren pers\u00f6nliches Wohlbefinden, sondern auch auf Ihren Umsatz aus. Mit der passenden Anzahl Maschinen servieren Sie erstklassige Kaffeespezialit\u00e4ten mit der gew\u00fcnschten Schnelligkeit. Dank Fixpreis [&hellip;]<\/p>\n","protected":false},"author":6990,"featured_media":0,"parent":22942,"menu_order":0,"comment_status":"closed","ping_status":"closed","template":"","meta":{"footnotes":""},"class_list":["post-23115","page","type-page","status-publish","hentry"],"_links":{"self":[{"href":"https:\/\/yithcompare.321dev.ch\/de\/wp-json\/wp\/v2\/pages\/23115","targetHints":{"allow":["GET"]}}],"collection":[{"href":"https:\/\/yithcompare.321dev.ch\/de\/wp-json\/wp\/v2\/pages"}],"about":[{"href":"https:\/\/yithcompare.321dev.ch\/de\/wp-json\/wp\/v2\/types\/page"}],"author":[{"embeddable":true,"href":"https:\/\/yithcompare.321dev.ch\/de\/wp-json\/wp\/v2\/users\/6990"}],"replies":[{"embeddable":true,"href":"https:\/\/yithcompare.321dev.ch\/de\/wp-json\/wp\/v2\/comments?post=23115"}],"version-history":[{"count":0,"href":"https:\/\/yithcompare.321dev.ch\/de\/wp-json\/wp\/v2\/pages\/23115\/revisions"}],"up":[{"embeddable":true,"href":"https:\/\/yithcompare.321dev.ch\/de\/wp-json\/wp\/v2\/pages\/22942"}],"wp:attachment":[{"href":"https:\/\/yithcompare.321dev.ch\/de\/wp-json\/wp\/v2\/media?parent=23115"}],"curies":[{"name":"wp","href":"https:\/\/api.w.org\/{rel}","templated":true}]}}